{"id":858,"date":"2024-08-19T16:12:49","date_gmt":"2024-08-19T16:12:49","guid":{"rendered":"https:\/\/wp.paulmoorschule-freren.de\/?page_id=858"},"modified":"2024-10-03T09:34:09","modified_gmt":"2024-10-03T09:34:09","slug":"schuljahr-2023-2024","status":"publish","type":"page","link":"https:\/\/wp.paulmoorschule-freren.de\/?page_id=858","title":{"rendered":"Schuljahr 2023\/2024"},"content":{"rendered":"\t\t<div data-elementor-type=\"wp-page\" data-elementor-id=\"858\" class=\"elementor elementor-858\">\n\t\t\t\t\t\t<section class=\"elementor-section elementor-top-section elementor-element elementor-element-98fc551 elementor-section-boxed elementor-section-height-default elementor-section-height-default\" data-id=\"98fc551\" data-element_type=\"section\" data-e-type=\"section\">\n\t\t\t\t\t\t<div class=\"elementor-container elementor-column-gap-default\">\n\t\t\t\t\t<div class=\"elementor-column elementor-col-100 elementor-top-column elementor-element elementor-element-6fde9c3\" data-id=\"6fde9c3\" data-element_type=\"column\" data-e-type=\"column\">\n\t\t\t<div class=\"elementor-widget-wrap elementor-element-populated\">\n\t\t\t\t\t\t<div class=\"elementor-element elementor-element-7c92ff7 elementor-widget elementor-widget-heading\" data-id=\"7c92ff7\" data-element_type=\"widget\" data-e-type=\"widget\" data-widget_type=\"heading.default\">\n\t\t\t\t<div class=\"elementor-widget-container\">\n\t\t\t\t\t<h2 class=\"elementor-heading-title elementor-size-default\">Juni 2024<\/h2>\t\t\t\t<\/div>\n\t\t\t\t<\/div>\n\t\t\t\t\t<\/div>\n\t\t<\/div>\n\t\t\t\t\t<\/div>\n\t\t<\/section>\n\t\t\t\t<section class=\"elementor-section elementor-top-section elementor-element elementor-element-1cfe6d9 elementor-section-boxed elementor-section-height-default elementor-section-height-default\" data-id=\"1cfe6d9\" data-element_type=\"section\" data-e-type=\"section\">\n\t\t\t\t\t\t<div class=\"elementor-container elementor-column-gap-default\">\n\t\t\t\t\t<div class=\"elementor-column elementor-col-100 elementor-top-column elementor-element elementor-element-fcebfae\" data-id=\"fcebfae\" data-element_type=\"column\" data-e-type=\"column\">\n\t\t\t<div class=\"elementor-widget-wrap elementor-element-populated\">\n\t\t\t\t\t\t<div class=\"elementor-element elementor-element-57512fc elementor-widget__width-initial elementor-widget elementor-widget-image\" data-id=\"57512fc\" data-element_type=\"widget\" data-e-type=\"widget\" data-widget_type=\"image.default\">\n\t\t\t\t<div class=\"elementor-widget-container\">\n\t\t\t\t\t\t\t\t\t\t\t\t<figure class=\"wp-caption\">\n\t\t\t\t\t\t\t\t\t\t<img fetchpriority=\"high\" decoding=\"async\" width=\"768\" height=\"607\" src=\"https:\/\/wp.paulmoorschule-freren.de\/wp-content\/uploads\/2024\/06\/butterfly-295030_1280-768x607.png\" class=\"attachment-medium_large size-medium_large wp-image-824\" alt=\"\" srcset=\"https:\/\/wp.paulmoorschule-freren.de\/wp-content\/uploads\/2024\/06\/butterfly-295030_1280-768x607.png 768w, https:\/\/wp.paulmoorschule-freren.de\/wp-content\/uploads\/2024\/06\/butterfly-295030_1280-300x237.png 300w, https:\/\/wp.paulmoorschule-freren.de\/wp-content\/uploads\/2024\/06\/butterfly-295030_1280-1024x810.png 1024w, https:\/\/wp.paulmoorschule-freren.de\/wp-content\/uploads\/2024\/06\/butterfly-295030_1280-1200x949.png 1200w, https:\/\/wp.paulmoorschule-freren.de\/wp-content\/uploads\/2024\/06\/butterfly-295030_1280.png 1280w\" sizes=\"(max-width: 768px) 85vw, 768px\" \/>\t\t\t\t\t\t\t\t\t\t\t<figcaption class=\"widget-image-caption wp-caption-text\">Bild von Clker-Free-Vector-Images auf Pixabay<\/figcaption>\n\t\t\t\t\t\t\t\t\t\t<\/figure>\n\t\t\t\t\t\t\t\t\t<\/div>\n\t\t\t\t<\/div>\n\t\t\t\t<div class=\"elementor-element elementor-element-c6dc644 elementor-widget elementor-widget-text-editor\" data-id=\"c6dc644\" data-element_type=\"widget\" data-e-type=\"widget\" data-widget_type=\"text-editor.default\">\n\t\t\t\t<div class=\"elementor-widget-container\">\n\t\t\t\t\t\t\t\t\t<div class=\"elementor-element elementor-element-a6c008a elementor-widget elementor-widget-text-editor\" data-id=\"a6c008a\" data-element_type=\"widget\" data-widget_type=\"text-editor.default\"><div class=\"elementor-widget-container\"><p><strong>\u00a0<\/strong><\/p><p><strong>Abschied von Klasse 9 am 14. Juni<\/strong><strong><br \/><\/strong><\/p><p>Das Symbol des blauen Schmetterlings, der sich entpuppt und hinaus in die weite Welt fliegt, begleitete die diesj\u00e4hrige Abschlussfeier mit unserer Klasse 9. Acht Sch\u00fclerinnen und Sch\u00fcler erhielten ihr Zeugnis und fliegen nun weiter an die Berufsschule. Wir w\u00fcnschen ihnen auf ihrem weiteren Lebensweg alles Gute und viel Erfolg!<\/p><\/div><\/div>\t\t\t\t\t\t\t\t<\/div>\n\t\t\t\t<\/div>\n\t\t\t\t\t<\/div>\n\t\t<\/div>\n\t\t\t\t\t<\/div>\n\t\t<\/section>\n\t\t\t\t<section class=\"elementor-section elementor-top-section elementor-element elementor-element-b26257a elementor-section-boxed elementor-section-height-default elementor-section-height-default\" data-id=\"b26257a\" data-element_type=\"section\" data-e-type=\"section\">\n\t\t\t\t\t\t<div class=\"elementor-container elementor-column-gap-default\">\n\t\t\t\t\t<div class=\"elementor-column elementor-col-33 elementor-top-column elementor-element elementor-element-a19c4ba\" data-id=\"a19c4ba\" data-element_type=\"column\" data-e-type=\"column\">\n\t\t\t<div class=\"elementor-widget-wrap elementor-element-populated\">\n\t\t\t\t\t\t<div class=\"elementor-element elementor-element-bd489d2 elementor-widget elementor-widget-image\" data-id=\"bd489d2\" data-element_type=\"widget\" data-e-type=\"widget\" data-widget_type=\"image.default\">\n\t\t\t\t<div class=\"elementor-widget-container\">\n\t\t\t\t\t\t\t\t\t\t\t\t\t\t\t<img decoding=\"async\" width=\"838\" height=\"1024\" src=\"https:\/\/wp.paulmoorschule-freren.de\/wp-content\/uploads\/2024\/06\/20240607_100401-838x1024.jpg\" class=\"attachment-large size-large wp-image-818\" alt=\"\" srcset=\"https:\/\/wp.paulmoorschule-freren.de\/wp-content\/uploads\/2024\/06\/20240607_100401-838x1024.jpg 838w, https:\/\/wp.paulmoorschule-freren.de\/wp-content\/uploads\/2024\/06\/20240607_100401-246x300.jpg 246w, https:\/\/wp.paulmoorschule-freren.de\/wp-content\/uploads\/2024\/06\/20240607_100401-768x938.jpg 768w, https:\/\/wp.paulmoorschule-freren.de\/wp-content\/uploads\/2024\/06\/20240607_100401-1258x1536.jpg 1258w, https:\/\/wp.paulmoorschule-freren.de\/wp-content\/uploads\/2024\/06\/20240607_100401-1677x2048.jpg 1677w, https:\/\/wp.paulmoorschule-freren.de\/wp-content\/uploads\/2024\/06\/20240607_100401-1200x1466.jpg 1200w, https:\/\/wp.paulmoorschule-freren.de\/wp-content\/uploads\/2024\/06\/20240607_100401.jpg 2024w\" sizes=\"(max-width: 838px) 85vw, 838px\" \/>\t\t\t\t\t\t\t\t\t\t\t\t\t\t\t<\/div>\n\t\t\t\t<\/div>\n\t\t\t\t\t<\/div>\n\t\t<\/div>\n\t\t\t\t<div class=\"elementor-column elementor-col-33 elementor-top-column elementor-element elementor-element-28efbe9\" data-id=\"28efbe9\" data-element_type=\"column\" data-e-type=\"column\">\n\t\t\t<div class=\"elementor-widget-wrap elementor-element-populated\">\n\t\t\t\t\t\t<div class=\"elementor-element elementor-element-b18449a elementor-widget__width-initial elementor-widget elementor-widget-image\" data-id=\"b18449a\" data-element_type=\"widget\" data-e-type=\"widget\" data-widget_type=\"image.default\">\n\t\t\t\t<div class=\"elementor-widget-container\">\n\t\t\t\t\t\t\t\t\t\t\t\t\t\t\t<img decoding=\"async\" width=\"768\" height=\"1024\" src=\"https:\/\/wp.paulmoorschule-freren.de\/wp-content\/uploads\/2024\/06\/20240607_093350-768x1024.jpg\" class=\"attachment-large size-large wp-image-820\" alt=\"\" srcset=\"https:\/\/wp.paulmoorschule-freren.de\/wp-content\/uploads\/2024\/06\/20240607_093350-768x1024.jpg 768w, https:\/\/wp.paulmoorschule-freren.de\/wp-content\/uploads\/2024\/06\/20240607_093350-225x300.jpg 225w, https:\/\/wp.paulmoorschule-freren.de\/wp-content\/uploads\/2024\/06\/20240607_093350-1152x1536.jpg 1152w, https:\/\/wp.paulmoorschule-freren.de\/wp-content\/uploads\/2024\/06\/20240607_093350-1536x2048.jpg 1536w, https:\/\/wp.paulmoorschule-freren.de\/wp-content\/uploads\/2024\/06\/20240607_093350-1200x1600.jpg 1200w, https:\/\/wp.paulmoorschule-freren.de\/wp-content\/uploads\/2024\/06\/20240607_093350-scaled.jpg 1920w\" sizes=\"(max-width: 768px) 85vw, 768px\" \/>\t\t\t\t\t\t\t\t\t\t\t\t\t\t\t<\/div>\n\t\t\t\t<\/div>\n\t\t\t\t\t<\/div>\n\t\t<\/div>\n\t\t\t\t<div class=\"elementor-column elementor-col-33 elementor-top-column elementor-element elementor-element-23f4381\" data-id=\"23f4381\" data-element_type=\"column\" data-e-type=\"column\">\n\t\t\t<div class=\"elementor-widget-wrap elementor-element-populated\">\n\t\t\t\t\t\t<div class=\"elementor-element elementor-element-d10be93 elementor-widget elementor-widget-image\" data-id=\"d10be93\" data-element_type=\"widget\" data-e-type=\"widget\" data-widget_type=\"image.default\">\n\t\t\t\t<div class=\"elementor-widget-container\">\n\t\t\t\t\t\t\t\t\t\t\t\t\t\t\t<img loading=\"lazy\" decoding=\"async\" width=\"840\" height=\"461\" src=\"https:\/\/wp.paulmoorschule-freren.de\/wp-content\/uploads\/2024\/06\/20240607_103757-1024x562.jpg\" class=\"attachment-large size-large wp-image-819\" alt=\"\" srcset=\"https:\/\/wp.paulmoorschule-freren.de\/wp-content\/uploads\/2024\/06\/20240607_103757-1024x562.jpg 1024w, https:\/\/wp.paulmoorschule-freren.de\/wp-content\/uploads\/2024\/06\/20240607_103757-300x165.jpg 300w, https:\/\/wp.paulmoorschule-freren.de\/wp-content\/uploads\/2024\/06\/20240607_103757-768x422.jpg 768w, https:\/\/wp.paulmoorschule-freren.de\/wp-content\/uploads\/2024\/06\/20240607_103757-1536x843.jpg 1536w, https:\/\/wp.paulmoorschule-freren.de\/wp-content\/uploads\/2024\/06\/20240607_103757-2048x1124.jpg 2048w, https:\/\/wp.paulmoorschule-freren.de\/wp-content\/uploads\/2024\/06\/20240607_103757-1200x659.jpg 1200w\" sizes=\"(max-width: 709px) 85vw, (max-width: 909px) 67vw, (max-width: 1362px) 62vw, 840px\" \/>\t\t\t\t\t\t\t\t\t\t\t\t\t\t\t<\/div>\n\t\t\t\t<\/div>\n\t\t\t\t\t<\/div>\n\t\t<\/div>\n\t\t\t\t\t<\/div>\n\t\t<\/section>\n\t\t\t\t<section class=\"elementor-section elementor-top-section elementor-element elementor-element-5901dd5 elementor-section-boxed elementor-section-height-default elementor-section-height-default\" data-id=\"5901dd5\" data-element_type=\"section\" data-e-type=\"section\">\n\t\t\t\t\t\t<div class=\"elementor-container elementor-column-gap-default\">\n\t\t\t\t\t<div class=\"elementor-column elementor-col-100 elementor-top-column elementor-element elementor-element-946133e\" data-id=\"946133e\" data-element_type=\"column\" data-e-type=\"column\">\n\t\t\t<div class=\"elementor-widget-wrap elementor-element-populated\">\n\t\t\t\t\t\t<div class=\"elementor-element elementor-element-6749969 elementor-widget elementor-widget-text-editor\" data-id=\"6749969\" data-element_type=\"widget\" data-e-type=\"widget\" data-widget_type=\"text-editor.default\">\n\t\t\t\t<div class=\"elementor-widget-container\">\n\t\t\t\t\t\t\t\t\t<section class=\"elementor-section elementor-top-section elementor-element elementor-element-87e78cf elementor-section-boxed elementor-section-height-default elementor-section-height-default\" data-id=\"87e78cf\" data-element_type=\"section\"><div class=\"elementor-container elementor-column-gap-default\"><div class=\"elementor-column elementor-col-100 elementor-top-column elementor-element elementor-element-bff36ac\" data-id=\"bff36ac\" data-element_type=\"column\"><div class=\"elementor-widget-wrap elementor-element-populated\"><div class=\"elementor-element elementor-element-9e95ff7 elementor-widget elementor-widget-text-editor\" data-id=\"9e95ff7\" data-element_type=\"widget\" data-widget_type=\"text-editor.default\"><div class=\"elementor-widget-container\"><p><strong>Erlebnistag am 7. Juni<\/strong><\/p><p>Beim diesj\u00e4hrigen Wander-\/ Erlebnistag durften unsere Sch\u00fclerinnen und Sch\u00fcler wieder aktiv werden und verschiedene Stationen durchlaufen. Zum einen gab es verschiedene Angebote in der Schule (u.a. Sackh\u00fcpfen und \u201eLeitergolf\u201c). Zum anderen absolvierten sie in verschiedenen Gruppen eine Rallye durch Freren. Es ging los zur Gastst\u00e4tte L\u00fcns, weiter zur katholischen Kirche und dann \u00fcber die Frerener Mitte zur\u00fcck zur Schule. Neben Fragen, die beantwortet werden mussten (u.a., wann das neue Rossmann-Gesch\u00e4ft er\u00f6ffnet), mussten nebenbei auch Buchstaben gesucht werden, die am Ende zu einem Wort zusammengesetzt wurden.<\/p><p>Mit dem L\u00f6sungswort \u201eEiswagen\u201c ahnten die Gruppen direkt ihre Belohnung f\u00fcr ihre Bem\u00fchungen: Gegen halb 11 kam der Eiswagen von Thies Eis aus Lingen zu Besuch. (Hiermit auch ein gro\u00dfes Dankesch\u00f6n an Thies Eis f\u00fcrs Kommen!) Danach gab es zur St\u00e4rkung noch einen Hotdog.<\/p><\/div><\/div><\/div><\/div><\/div><\/section><p>\u00a0<\/p>\t\t\t\t\t\t\t\t<\/div>\n\t\t\t\t<\/div>\n\t\t\t\t\t<\/div>\n\t\t<\/div>\n\t\t\t\t\t<\/div>\n\t\t<\/section>\n\t\t\t\t<section class=\"elementor-section elementor-top-section elementor-element elementor-element-baaf284 elementor-section-boxed elementor-section-height-default elementor-section-height-default\" data-id=\"baaf284\" data-element_type=\"section\" data-e-type=\"section\">\n\t\t\t\t\t\t<div class=\"elementor-container elementor-column-gap-default\">\n\t\t\t\t\t<div class=\"elementor-column elementor-col-100 elementor-top-column elementor-element elementor-element-5e74dbb\" data-id=\"5e74dbb\" data-element_type=\"column\" data-e-type=\"column\">\n\t\t\t<div class=\"elementor-widget-wrap elementor-element-populated\">\n\t\t\t\t\t\t<div class=\"elementor-element elementor-element-9fe6b3b elementor-widget elementor-widget-heading\" data-id=\"9fe6b3b\" data-element_type=\"widget\" data-e-type=\"widget\" data-widget_type=\"heading.default\">\n\t\t\t\t<div class=\"elementor-widget-container\">\n\t\t\t\t\t<h2 class=\"elementor-heading-title elementor-size-default\">Mai 2024<\/h2>\t\t\t\t<\/div>\n\t\t\t\t<\/div>\n\t\t\t\t\t<\/div>\n\t\t<\/div>\n\t\t\t\t\t<\/div>\n\t\t<\/section>\n\t\t\t\t<section class=\"elementor-section elementor-top-section elementor-element elementor-element-5bd98f9 elementor-section-boxed elementor-section-height-default elementor-section-height-default\" data-id=\"5bd98f9\" data-element_type=\"section\" data-e-type=\"section\">\n\t\t\t\t\t\t<div class=\"elementor-container elementor-column-gap-default\">\n\t\t\t\t\t<div class=\"elementor-column elementor-col-50 elementor-top-column elementor-element elementor-element-97f13f5\" data-id=\"97f13f5\" data-element_type=\"column\" data-e-type=\"column\">\n\t\t\t<div class=\"elementor-widget-wrap elementor-element-populated\">\n\t\t\t\t\t\t<div class=\"elementor-element elementor-element-b90eabf elementor-widget__width-initial elementor-widget elementor-widget-image\" data-id=\"b90eabf\" data-element_type=\"widget\" data-e-type=\"widget\" data-widget_type=\"image.default\">\n\t\t\t\t<div class=\"elementor-widget-container\">\n\t\t\t\t\t\t\t\t\t\t\t\t\t\t\t<img loading=\"lazy\" decoding=\"async\" width=\"577\" height=\"1024\" src=\"https:\/\/wp.paulmoorschule-freren.de\/wp-content\/uploads\/2024\/05\/Sportfest3-577x1024.jpg\" class=\"attachment-large size-large wp-image-809\" alt=\"\" srcset=\"https:\/\/wp.paulmoorschule-freren.de\/wp-content\/uploads\/2024\/05\/Sportfest3-577x1024.jpg 577w, https:\/\/wp.paulmoorschule-freren.de\/wp-content\/uploads\/2024\/05\/Sportfest3-169x300.jpg 169w, https:\/\/wp.paulmoorschule-freren.de\/wp-content\/uploads\/2024\/05\/Sportfest3-768x1364.jpg 768w, https:\/\/wp.paulmoorschule-freren.de\/wp-content\/uploads\/2024\/05\/Sportfest3-865x1536.jpg 865w, https:\/\/wp.paulmoorschule-freren.de\/wp-content\/uploads\/2024\/05\/Sportfest3-1153x2048.jpg 1153w, https:\/\/wp.paulmoorschule-freren.de\/wp-content\/uploads\/2024\/05\/Sportfest3-1200x2131.jpg 1200w, https:\/\/wp.paulmoorschule-freren.de\/wp-content\/uploads\/2024\/05\/Sportfest3-scaled.jpg 1442w\" sizes=\"(max-width: 577px) 85vw, 577px\" \/>\t\t\t\t\t\t\t\t\t\t\t\t\t\t\t<\/div>\n\t\t\t\t<\/div>\n\t\t\t\t\t<\/div>\n\t\t<\/div>\n\t\t\t\t<div class=\"elementor-column elementor-col-50 elementor-top-column elementor-element elementor-element-b04634c\" data-id=\"b04634c\" data-element_type=\"column\" data-e-type=\"column\">\n\t\t\t<div class=\"elementor-widget-wrap elementor-element-populated\">\n\t\t\t\t\t\t<div class=\"elementor-element elementor-element-efce072 elementor-widget elementor-widget-image\" data-id=\"efce072\" data-element_type=\"widget\" data-e-type=\"widget\" data-widget_type=\"image.default\">\n\t\t\t\t<div class=\"elementor-widget-container\">\n\t\t\t\t\t\t\t\t\t\t\t\t\t\t\t<img loading=\"lazy\" decoding=\"async\" width=\"840\" height=\"424\" src=\"https:\/\/wp.paulmoorschule-freren.de\/wp-content\/uploads\/2024\/05\/Sportfest2-1024x517.jpg\" class=\"attachment-large size-large wp-image-808\" alt=\"\" srcset=\"https:\/\/wp.paulmoorschule-freren.de\/wp-content\/uploads\/2024\/05\/Sportfest2-1024x517.jpg 1024w, https:\/\/wp.paulmoorschule-freren.de\/wp-content\/uploads\/2024\/05\/Sportfest2-300x152.jpg 300w, https:\/\/wp.paulmoorschule-freren.de\/wp-content\/uploads\/2024\/05\/Sportfest2-768x388.jpg 768w, https:\/\/wp.paulmoorschule-freren.de\/wp-content\/uploads\/2024\/05\/Sportfest2-1536x776.jpg 1536w, https:\/\/wp.paulmoorschule-freren.de\/wp-content\/uploads\/2024\/05\/Sportfest2-2048x1035.jpg 2048w, https:\/\/wp.paulmoorschule-freren.de\/wp-content\/uploads\/2024\/05\/Sportfest2-1200x606.jpg 1200w\" sizes=\"(max-width: 709px) 85vw, (max-width: 909px) 67vw, (max-width: 1362px) 62vw, 840px\" \/>\t\t\t\t\t\t\t\t\t\t\t\t\t\t\t<\/div>\n\t\t\t\t<\/div>\n\t\t\t\t\t<\/div>\n\t\t<\/div>\n\t\t\t\t\t<\/div>\n\t\t<\/section>\n\t\t\t\t<section class=\"elementor-section elementor-top-section elementor-element elementor-element-acf47a3 elementor-section-boxed elementor-section-height-default elementor-section-height-default\" data-id=\"acf47a3\" data-element_type=\"section\" data-e-type=\"section\">\n\t\t\t\t\t\t<div class=\"elementor-container elementor-column-gap-default\">\n\t\t\t\t\t<div class=\"elementor-column elementor-col-100 elementor-top-column elementor-element elementor-element-e600386\" data-id=\"e600386\" data-element_type=\"column\" data-e-type=\"column\">\n\t\t\t<div class=\"elementor-widget-wrap elementor-element-populated\">\n\t\t\t\t\t\t<div class=\"elementor-element elementor-element-351d5e9 elementor-widget elementor-widget-text-editor\" data-id=\"351d5e9\" data-element_type=\"widget\" data-e-type=\"widget\" data-widget_type=\"text-editor.default\">\n\t\t\t\t<div class=\"elementor-widget-container\">\n\t\t\t\t\t\t\t\t\t<section class=\"elementor-section elementor-top-section elementor-element elementor-element-6a55d3e elementor-section-boxed elementor-section-height-default elementor-section-height-default\" data-id=\"6a55d3e\" data-element_type=\"section\"><div class=\"elementor-container elementor-column-gap-default\"><div class=\"elementor-column elementor-col-100 elementor-top-column elementor-element elementor-element-c900e2b\" data-id=\"c900e2b\" data-element_type=\"column\"><div class=\"elementor-widget-wrap elementor-element-populated\"><div class=\"elementor-element elementor-element-4238608 elementor-widget elementor-widget-text-editor\" data-id=\"4238608\" data-element_type=\"widget\" data-widget_type=\"text-editor.default\"><div class=\"elementor-widget-container\"><p><strong>Sportfest am 16.05.24<\/strong><\/p><p>Auch dieses Jahr fand an unserer Schule wieder das Sportfest statt, organisiert durch unseren Sportlehrer Herrn Budde. An acht Stationen durften die Sch\u00fclerinnen und Sch\u00fcler in Gruppen gegeneinander antreten. Klassisch waren Stationen wie Weitsprung, Weitwurf, 800m-Lauf und 50\/75m Sprint. Erg\u00e4nzt wurden die Sportarten durch Geschicklichkeitsspiele und unsere \u201eK\u00fcchenfitness\u201c, bei der in diesem Jahr auf ganz besondere Art Orangen gepresst wurden.<\/p><\/div><\/div><\/div><\/div><\/div><\/section><p>\u00a0<\/p>\t\t\t\t\t\t\t\t<\/div>\n\t\t\t\t<\/div>\n\t\t\t\t\t<\/div>\n\t\t<\/div>\n\t\t\t\t\t<\/div>\n\t\t<\/section>\n\t\t\t\t<section class=\"elementor-section elementor-top-section elementor-element elementor-element-4047cdf elementor-section-boxed elementor-section-height-default elementor-section-height-default\" data-id=\"4047cdf\" data-element_type=\"section\" data-e-type=\"section\">\n\t\t\t\t\t\t<div class=\"elementor-container elementor-column-gap-default\">\n\t\t\t\t\t<div class=\"elementor-column elementor-col-100 elementor-top-column elementor-element elementor-element-e0fcc42\" data-id=\"e0fcc42\" data-element_type=\"column\" data-e-type=\"column\">\n\t\t\t<div class=\"elementor-widget-wrap elementor-element-populated\">\n\t\t\t\t\t\t<div class=\"elementor-element elementor-element-267c7cf elementor-widget elementor-widget-heading\" data-id=\"267c7cf\" data-element_type=\"widget\" data-e-type=\"widget\" data-widget_type=\"heading.default\">\n\t\t\t\t<div class=\"elementor-widget-container\">\n\t\t\t\t\t<h2 class=\"elementor-heading-title elementor-size-default\">M\u00e4rz 2024<\/h2>\t\t\t\t<\/div>\n\t\t\t\t<\/div>\n\t\t\t\t\t<\/div>\n\t\t<\/div>\n\t\t\t\t\t<\/div>\n\t\t<\/section>\n\t\t\t\t<section class=\"elementor-section elementor-top-section elementor-element elementor-element-86f7589 elementor-section-boxed elementor-section-height-default elementor-section-height-default\" data-id=\"86f7589\" data-element_type=\"section\" data-e-type=\"section\">\n\t\t\t\t\t\t<div class=\"elementor-container elementor-column-gap-default\">\n\t\t\t\t\t<div class=\"elementor-column elementor-col-50 elementor-top-column elementor-element elementor-element-e0de5f1\" data-id=\"e0de5f1\" data-element_type=\"column\" data-e-type=\"column\">\n\t\t\t<div class=\"elementor-widget-wrap elementor-element-populated\">\n\t\t\t\t\t\t<div class=\"elementor-element elementor-element-e0fb470 elementor-widget elementor-widget-image\" data-id=\"e0fb470\" data-element_type=\"widget\" data-e-type=\"widget\" data-widget_type=\"image.default\">\n\t\t\t\t<div class=\"elementor-widget-container\">\n\t\t\t\t\t\t\t\t\t\t\t\t\t\t\t<img loading=\"lazy\" decoding=\"async\" width=\"840\" height=\"577\" src=\"https:\/\/wp.paulmoorschule-freren.de\/wp-content\/uploads\/2024\/03\/Medaillen-1024x703.jpg\" class=\"attachment-large size-large wp-image-800\" alt=\"\" srcset=\"https:\/\/wp.paulmoorschule-freren.de\/wp-content\/uploads\/2024\/03\/Medaillen-1024x703.jpg 1024w, https:\/\/wp.paulmoorschule-freren.de\/wp-content\/uploads\/2024\/03\/Medaillen-300x206.jpg 300w, https:\/\/wp.paulmoorschule-freren.de\/wp-content\/uploads\/2024\/03\/Medaillen-768x527.jpg 768w, https:\/\/wp.paulmoorschule-freren.de\/wp-content\/uploads\/2024\/03\/Medaillen-1536x1055.jpg 1536w, https:\/\/wp.paulmoorschule-freren.de\/wp-content\/uploads\/2024\/03\/Medaillen-2048x1406.jpg 2048w, https:\/\/wp.paulmoorschule-freren.de\/wp-content\/uploads\/2024\/03\/Medaillen-1200x824.jpg 1200w\" sizes=\"(max-width: 709px) 85vw, (max-width: 909px) 67vw, (max-width: 1362px) 62vw, 840px\" \/>\t\t\t\t\t\t\t\t\t\t\t\t\t\t\t<\/div>\n\t\t\t\t<\/div>\n\t\t\t\t\t<\/div>\n\t\t<\/div>\n\t\t\t\t<div class=\"elementor-column elementor-col-50 elementor-top-column elementor-element elementor-element-81d8ad1\" data-id=\"81d8ad1\" data-element_type=\"column\" data-e-type=\"column\">\n\t\t\t<div class=\"elementor-widget-wrap elementor-element-populated\">\n\t\t\t\t\t\t<div class=\"elementor-element elementor-element-2342854 elementor-widget elementor-widget-image\" data-id=\"2342854\" data-element_type=\"widget\" data-e-type=\"widget\" data-widget_type=\"image.default\">\n\t\t\t\t<div class=\"elementor-widget-container\">\n\t\t\t\t\t\t\t\t\t\t\t\t\t\t\t<img loading=\"lazy\" decoding=\"async\" width=\"724\" height=\"1024\" src=\"https:\/\/wp.paulmoorschule-freren.de\/wp-content\/uploads\/2024\/03\/Urkunde-Laufen-und-Walken-2024-724x1024.jpg\" class=\"attachment-large size-large wp-image-799\" alt=\"\" srcset=\"https:\/\/wp.paulmoorschule-freren.de\/wp-content\/uploads\/2024\/03\/Urkunde-Laufen-und-Walken-2024-724x1024.jpg 724w, https:\/\/wp.paulmoorschule-freren.de\/wp-content\/uploads\/2024\/03\/Urkunde-Laufen-und-Walken-2024-212x300.jpg 212w, https:\/\/wp.paulmoorschule-freren.de\/wp-content\/uploads\/2024\/03\/Urkunde-Laufen-und-Walken-2024-768x1086.jpg 768w, https:\/\/wp.paulmoorschule-freren.de\/wp-content\/uploads\/2024\/03\/Urkunde-Laufen-und-Walken-2024-1086x1536.jpg 1086w, https:\/\/wp.paulmoorschule-freren.de\/wp-content\/uploads\/2024\/03\/Urkunde-Laufen-und-Walken-2024-1200x1697.jpg 1200w, https:\/\/wp.paulmoorschule-freren.de\/wp-content\/uploads\/2024\/03\/Urkunde-Laufen-und-Walken-2024.jpg 1240w\" sizes=\"(max-width: 724px) 85vw, 724px\" \/>\t\t\t\t\t\t\t\t\t\t\t\t\t\t\t<\/div>\n\t\t\t\t<\/div>\n\t\t\t\t\t<\/div>\n\t\t<\/div>\n\t\t\t\t\t<\/div>\n\t\t<\/section>\n\t\t\t\t<section class=\"elementor-section elementor-top-section elementor-element elementor-element-eb923d5 elementor-section-boxed elementor-section-height-default elementor-section-height-default\" data-id=\"eb923d5\" data-element_type=\"section\" data-e-type=\"section\">\n\t\t\t\t\t\t<div class=\"elementor-container elementor-column-gap-default\">\n\t\t\t\t\t<div class=\"elementor-column elementor-col-100 elementor-top-column elementor-element elementor-element-44d7791\" data-id=\"44d7791\" data-element_type=\"column\" data-e-type=\"column\">\n\t\t\t<div class=\"elementor-widget-wrap elementor-element-populated\">\n\t\t\t\t\t\t<div class=\"elementor-element elementor-element-d40b0e5 elementor-widget elementor-widget-text-editor\" data-id=\"d40b0e5\" data-element_type=\"widget\" data-e-type=\"widget\" data-widget_type=\"text-editor.default\">\n\t\t\t\t<div class=\"elementor-widget-container\">\n\t\t\t\t\t\t\t\t\t<p><strong>Sportwoche vor den Osterferien<\/strong><\/p><p>Viele unserer Sch\u00fclerinnen und Sch\u00fcler sind begeisterte und talentierte Sportler. Das haben sie auch diese Woche wieder unter Beweis gestellt.<\/p><p>\u00dcber 30 Urkunden und Medaillen konnten Herr Budde und Frau Tholemeyer am Freitag vor den Osterferien in der Aula verteilen.<\/p><p>Im Rahmen des Schwimmmarathons der 5. und 6. Klassen schafften es gleich zehn Sch\u00fclerinnen und Sch\u00fcler, eine Goldmedaille f\u00fcr ausgezeichnete Schwimmleistungen zu erhalten. Auch die anderen Sch\u00fclerinnen und Sch\u00fcler wuchsen \u00fcber sich hinaus und bekamen Silber- und Bronzemedaillen.<\/p><p>Ebenfalls freuten sich viele Sch\u00fclerinnen und Sch\u00fcler aus den Klassen 5 bis 9 \u00fcber den Erwerb des Lauf- und Walkingabzeichens. Noch dazu erhielten einige Sch\u00fcler aus den Klassen 5 und 6 das Tischtennisabzeichen.<\/p><p>Wir freuen uns \u00fcber die sch\u00f6ne Woche und w\u00fcnschen erholsame Osterferien!<\/p>\t\t\t\t\t\t\t\t<\/div>\n\t\t\t\t<\/div>\n\t\t\t\t\t<\/div>\n\t\t<\/div>\n\t\t\t\t\t<\/div>\n\t\t<\/section>\n\t\t\t\t<section class=\"elementor-section elementor-top-section elementor-element elementor-element-1c27a71 elementor-section-boxed elementor-section-height-default elementor-section-height-default\" data-id=\"1c27a71\" data-element_type=\"section\" data-e-type=\"section\">\n\t\t\t\t\t\t<div class=\"elementor-container elementor-column-gap-default\">\n\t\t\t\t\t<div class=\"elementor-column elementor-col-100 elementor-top-column elementor-element elementor-element-7f70af2\" data-id=\"7f70af2\" data-element_type=\"column\" data-e-type=\"column\">\n\t\t\t<div class=\"elementor-widget-wrap elementor-element-populated\">\n\t\t\t\t\t\t<section class=\"elementor-section elementor-inner-section elementor-element elementor-element-290decf elementor-section-boxed elementor-section-height-default elementor-section-height-default\" data-id=\"290decf\" data-element_type=\"section\" data-e-type=\"section\">\n\t\t\t\t\t\t<div class=\"elementor-container elementor-column-gap-default\">\n\t\t\t\t\t<div class=\"elementor-column elementor-col-50 elementor-inner-column elementor-element elementor-element-05b6a9f\" data-id=\"05b6a9f\" data-element_type=\"column\" data-e-type=\"column\">\n\t\t\t<div class=\"elementor-widget-wrap\">\n\t\t\t\t\t\t\t<\/div>\n\t\t<\/div>\n\t\t\t\t<div class=\"elementor-column elementor-col-50 elementor-inner-column elementor-element elementor-element-5d445e5\" data-id=\"5d445e5\" data-element_type=\"column\" data-e-type=\"column\">\n\t\t\t<div class=\"elementor-widget-wrap\">\n\t\t\t\t\t\t\t<\/div>\n\t\t<\/div>\n\t\t\t\t\t<\/div>\n\t\t<\/section>\n\t\t\t\t\t<\/div>\n\t\t<\/div>\n\t\t\t\t\t<\/div>\n\t\t<\/section>\n\t\t\t\t<section class=\"elementor-section elementor-top-section elementor-element elementor-element-bd52fdb elementor-section-boxed elementor-section-height-default elementor-section-height-default\" data-id=\"bd52fdb\" data-element_type=\"section\" data-e-type=\"section\">\n\t\t\t\t\t\t<div class=\"elementor-container elementor-column-gap-default\">\n\t\t\t\t\t<div class=\"elementor-column elementor-col-100 elementor-top-column elementor-element elementor-element-fceb22b\" data-id=\"fceb22b\" data-element_type=\"column\" data-e-type=\"column\">\n\t\t\t<div class=\"elementor-widget-wrap elementor-element-populated\">\n\t\t\t\t\t\t<div class=\"elementor-element elementor-element-c0b1a99 elementor-widget elementor-widget-heading\" data-id=\"c0b1a99\" data-element_type=\"widget\" data-e-type=\"widget\" data-widget_type=\"heading.default\">\n\t\t\t\t<div class=\"elementor-widget-container\">\n\t\t\t\t\t<h2 class=\"elementor-heading-title elementor-size-default\">Februar 2024<\/h2>\t\t\t\t<\/div>\n\t\t\t\t<\/div>\n\t\t\t\t\t<\/div>\n\t\t<\/div>\n\t\t\t\t\t<\/div>\n\t\t<\/section>\n\t\t\t\t<section class=\"elementor-section elementor-top-section elementor-element elementor-element-5df5fcf elementor-section-boxed elementor-section-height-default elementor-section-height-default\" data-id=\"5df5fcf\" data-element_type=\"section\" data-e-type=\"section\">\n\t\t\t\t\t\t<div class=\"elementor-container elementor-column-gap-default\">\n\t\t\t\t\t<div class=\"elementor-column elementor-col-100 elementor-top-column elementor-element elementor-element-59887ba\" data-id=\"59887ba\" data-element_type=\"column\" data-e-type=\"column\">\n\t\t\t<div class=\"elementor-widget-wrap elementor-element-populated\">\n\t\t\t\t\t\t<div class=\"elementor-element elementor-element-f79ed31 elementor-widget elementor-widget-image\" data-id=\"f79ed31\" data-element_type=\"widget\" data-e-type=\"widget\" data-widget_type=\"image.default\">\n\t\t\t\t<div class=\"elementor-widget-container\">\n\t\t\t\t\t\t\t\t\t\t\t\t\t\t\t<img loading=\"lazy\" decoding=\"async\" width=\"840\" height=\"630\" src=\"https:\/\/wp.paulmoorschule-freren.de\/wp-content\/uploads\/2024\/02\/signal-2024-02-23-12-03-27-483-e1727948040998-1024x768.jpg\" class=\"attachment-large size-large wp-image-788\" alt=\"\" srcset=\"https:\/\/wp.paulmoorschule-freren.de\/wp-content\/uploads\/2024\/02\/signal-2024-02-23-12-03-27-483-e1727948040998-1024x768.jpg 1024w, https:\/\/wp.paulmoorschule-freren.de\/wp-content\/uploads\/2024\/02\/signal-2024-02-23-12-03-27-483-e1727948040998-300x225.jpg 300w, https:\/\/wp.paulmoorschule-freren.de\/wp-content\/uploads\/2024\/02\/signal-2024-02-23-12-03-27-483-e1727948040998-768x576.jpg 768w, https:\/\/wp.paulmoorschule-freren.de\/wp-content\/uploads\/2024\/02\/signal-2024-02-23-12-03-27-483-e1727948040998-1536x1152.jpg 1536w, https:\/\/wp.paulmoorschule-freren.de\/wp-content\/uploads\/2024\/02\/signal-2024-02-23-12-03-27-483-e1727948040998-1200x900.jpg 1200w, https:\/\/wp.paulmoorschule-freren.de\/wp-content\/uploads\/2024\/02\/signal-2024-02-23-12-03-27-483-e1727948040998.jpg 2048w\" sizes=\"(max-width: 709px) 85vw, (max-width: 909px) 67vw, (max-width: 1362px) 62vw, 840px\" \/>\t\t\t\t\t\t\t\t\t\t\t\t\t\t\t<\/div>\n\t\t\t\t<\/div>\n\t\t\t\t\t<\/div>\n\t\t<\/div>\n\t\t\t\t\t<\/div>\n\t\t<\/section>\n\t\t\t\t<section class=\"elementor-section elementor-top-section elementor-element elementor-element-9f06b49 elementor-section-boxed elementor-section-height-default elementor-section-height-default\" data-id=\"9f06b49\" data-element_type=\"section\" data-e-type=\"section\">\n\t\t\t\t\t\t<div class=\"elementor-container elementor-column-gap-default\">\n\t\t\t\t\t<div class=\"elementor-column elementor-col-100 elementor-top-column elementor-element elementor-element-d547c31\" data-id=\"d547c31\" data-element_type=\"column\" data-e-type=\"column\">\n\t\t\t<div class=\"elementor-widget-wrap elementor-element-populated\">\n\t\t\t\t\t\t<div class=\"elementor-element elementor-element-2a66c7a elementor-widget elementor-widget-text-editor\" data-id=\"2a66c7a\" data-element_type=\"widget\" data-e-type=\"widget\" data-widget_type=\"text-editor.default\">\n\t\t\t\t<div class=\"elementor-widget-container\">\n\t\t\t\t\t\t\t\t\t<section class=\"elementor-section elementor-top-section elementor-element elementor-element-73066e0 elementor-section-boxed elementor-section-height-default elementor-section-height-default\" data-id=\"73066e0\" data-element_type=\"section\"><div class=\"elementor-container elementor-column-gap-default\"><div class=\"elementor-column elementor-col-100 elementor-top-column elementor-element elementor-element-4aada36\" data-id=\"4aada36\" data-element_type=\"column\"><div class=\"elementor-widget-wrap elementor-element-populated\"><div class=\"elementor-element elementor-element-47697c7 elementor-widget elementor-widget-text-editor\" data-id=\"47697c7\" data-element_type=\"widget\" data-widget_type=\"text-editor.default\"><div class=\"elementor-widget-container\"><p>14.02. \u2013 16.02.24<\/p><p><strong>Kochaktion mit den Landfrauen<\/strong><\/p><p>Auch in diesem Jahr durften die Sch\u00fclerinnen und Sch\u00fcler der Klassen 5 und 6 wieder mit den Landfrauen kochen. In verschiedenen Gruppen lernten sie wissenswerte Dinge rund um die Themen \u201eObst und Gem\u00fcse\u201c (Kl. 5) und \u201edie Kartoffel \u2013 eine tolle Knolle\u201c (Kl. 6). Danach kochten und backten sie verschiedene Gerichte, z.B. die oben gezeigte Gem\u00fcse-Focaccia oder herzhafte Kartoffel-Waffeln. Zum Abschluss gab es noch ein kleines Kochbuch mit nach Hause.<\/p><p>Wir danken den Landfrauen herzlich f\u00fcr ihren Einsatz und den tollen Vormittag!<\/p><\/div><\/div><\/div><\/div><\/div><\/section>\t\t\t\t\t\t\t\t<\/div>\n\t\t\t\t<\/div>\n\t\t\t\t\t<\/div>\n\t\t<\/div>\n\t\t\t\t\t<\/div>\n\t\t<\/section>\n\t\t\t\t<section class=\"elementor-section elementor-top-section elementor-element elementor-element-6897706 elementor-section-boxed elementor-section-height-default elementor-section-height-default\" data-id=\"6897706\" data-element_type=\"section\" data-e-type=\"section\">\n\t\t\t\t\t\t<div class=\"elementor-container elementor-column-gap-default\">\n\t\t\t\t\t<div class=\"elementor-column elementor-col-100 elementor-top-column elementor-element elementor-element-f8e7b91\" data-id=\"f8e7b91\" data-element_type=\"column\" data-e-type=\"column\">\n\t\t\t<div class=\"elementor-widget-wrap elementor-element-populated\">\n\t\t\t\t\t\t<div class=\"elementor-element elementor-element-5fa50f4 elementor-widget elementor-widget-heading\" data-id=\"5fa50f4\" data-element_type=\"widget\" data-e-type=\"widget\" data-widget_type=\"heading.default\">\n\t\t\t\t<div class=\"elementor-widget-container\">\n\t\t\t\t\t<h2 class=\"elementor-heading-title elementor-size-default\">Dezember 2023<\/h2>\t\t\t\t<\/div>\n\t\t\t\t<\/div>\n\t\t\t\t\t<\/div>\n\t\t<\/div>\n\t\t\t\t\t<\/div>\n\t\t<\/section>\n\t\t\t\t<section class=\"elementor-section elementor-top-section elementor-element elementor-element-ace82e3 elementor-section-boxed elementor-section-height-default elementor-section-height-default\" data-id=\"ace82e3\" data-element_type=\"section\" data-e-type=\"section\">\n\t\t\t\t\t\t<div class=\"elementor-container elementor-column-gap-default\">\n\t\t\t\t\t<div class=\"elementor-column elementor-col-100 elementor-top-column elementor-element elementor-element-6f3e5b4\" data-id=\"6f3e5b4\" data-element_type=\"column\" data-e-type=\"column\">\n\t\t\t<div class=\"elementor-widget-wrap elementor-element-populated\">\n\t\t\t\t\t\t<div class=\"elementor-element elementor-element-2fff587 elementor-widget elementor-widget-text-editor\" data-id=\"2fff587\" data-element_type=\"widget\" data-e-type=\"widget\" data-widget_type=\"text-editor.default\">\n\t\t\t\t<div class=\"elementor-widget-container\">\n\t\t\t\t\t\t\t\t\t<section class=\"elementor-section elementor-top-section elementor-element elementor-element-65030f1 elementor-section-boxed elementor-section-height-default elementor-section-height-default\" data-id=\"65030f1\" data-element_type=\"section\"><div class=\"elementor-container elementor-column-gap-default\"><div class=\"elementor-column elementor-col-100 elementor-top-column elementor-element elementor-element-5989891\" data-id=\"5989891\" data-element_type=\"column\"><div class=\"elementor-widget-wrap elementor-element-populated\"><div class=\"elementor-element elementor-element-5d1dd83 elementor-widget elementor-widget-text-editor\" data-id=\"5d1dd83\" data-element_type=\"widget\" data-widget_type=\"text-editor.default\"><div class=\"elementor-widget-container\"><p>21.12.23<\/p><p>Das Jahr 2023 schlie\u00dfen wir mit einem gelungenen Projekttag zum Thema \u201eWeihnachten in aller Welt\u201c ab. Die Sch\u00fclerinnen und Sch\u00fcler durften kochen und backen, Fu\u00dfball spielen wie am \u201eBoxing Day\u201c in England, ein Weihnachtslieder-Emoji-Quiz gestalten und kleine Weihnachtsgeschenke basteln.<\/p><p>Die Paul-Moor-Schule w\u00fcnscht fr\u00f6hliche Weihnachten und einen guten Rutsch ins neue Jahr!<\/p><\/div><\/div><\/div><\/div><\/div><\/section>\t\t\t\t\t\t\t\t<\/div>\n\t\t\t\t<\/div>\n\t\t\t\t\t<\/div>\n\t\t<\/div>\n\t\t\t\t\t<\/div>\n\t\t<\/section>\n\t\t\t\t<section class=\"elementor-section elementor-top-section elementor-element elementor-element-9405f24 elementor-section-boxed elementor-section-height-default elementor-section-height-default\" data-id=\"9405f24\" data-element_type=\"section\" data-e-type=\"section\">\n\t\t\t\t\t\t<div class=\"elementor-container elementor-column-gap-default\">\n\t\t\t\t\t<div class=\"elementor-column elementor-col-33 elementor-top-column elementor-element elementor-element-426d054\" data-id=\"426d054\" data-element_type=\"column\" data-e-type=\"column\">\n\t\t\t<div class=\"elementor-widget-wrap elementor-element-populated\">\n\t\t\t\t\t\t<div class=\"elementor-element elementor-element-7991f7d elementor-widget elementor-widget-image\" data-id=\"7991f7d\" data-element_type=\"widget\" data-e-type=\"widget\" data-widget_type=\"image.default\">\n\t\t\t\t<div class=\"elementor-widget-container\">\n\t\t\t\t\t\t\t\t\t\t\t\t\t\t\t<img loading=\"lazy\" decoding=\"async\" width=\"840\" height=\"1023\" src=\"https:\/\/wp.paulmoorschule-freren.de\/wp-content\/uploads\/2023\/12\/20231221_090159-841x1024.jpg\" class=\"attachment-large size-large wp-image-766\" alt=\"\" srcset=\"https:\/\/wp.paulmoorschule-freren.de\/wp-content\/uploads\/2023\/12\/20231221_090159-841x1024.jpg 841w, https:\/\/wp.paulmoorschule-freren.de\/wp-content\/uploads\/2023\/12\/20231221_090159-246x300.jpg 246w, https:\/\/wp.paulmoorschule-freren.de\/wp-content\/uploads\/2023\/12\/20231221_090159-768x935.jpg 768w, https:\/\/wp.paulmoorschule-freren.de\/wp-content\/uploads\/2023\/12\/20231221_090159-1261x1536.jpg 1261w, https:\/\/wp.paulmoorschule-freren.de\/wp-content\/uploads\/2023\/12\/20231221_090159-1682x2048.jpg 1682w, https:\/\/wp.paulmoorschule-freren.de\/wp-content\/uploads\/2023\/12\/20231221_090159-1200x1461.jpg 1200w\" sizes=\"(max-width: 709px) 85vw, (max-width: 909px) 67vw, (max-width: 1362px) 62vw, 840px\" \/>\t\t\t\t\t\t\t\t\t\t\t\t\t\t\t<\/div>\n\t\t\t\t<\/div>\n\t\t\t\t\t<\/div>\n\t\t<\/div>\n\t\t\t\t<div class=\"elementor-column elementor-col-33 elementor-top-column elementor-element elementor-element-e8f83c1\" data-id=\"e8f83c1\" data-element_type=\"column\" data-e-type=\"column\">\n\t\t\t<div class=\"elementor-widget-wrap elementor-element-populated\">\n\t\t\t\t\t\t<div class=\"elementor-element elementor-element-25fc0af elementor-widget__width-initial elementor-widget elementor-widget-image\" data-id=\"25fc0af\" data-element_type=\"widget\" data-e-type=\"widget\" data-widget_type=\"image.default\">\n\t\t\t\t<div class=\"elementor-widget-container\">\n\t\t\t\t\t\t\t\t\t\t\t\t\t\t\t<img loading=\"lazy\" decoding=\"async\" width=\"610\" height=\"1024\" src=\"https:\/\/wp.paulmoorschule-freren.de\/wp-content\/uploads\/2023\/12\/20231221_115900-610x1024.jpg\" class=\"attachment-large size-large wp-image-773\" alt=\"\" srcset=\"https:\/\/wp.paulmoorschule-freren.de\/wp-content\/uploads\/2023\/12\/20231221_115900-610x1024.jpg 610w, https:\/\/wp.paulmoorschule-freren.de\/wp-content\/uploads\/2023\/12\/20231221_115900-179x300.jpg 179w, https:\/\/wp.paulmoorschule-freren.de\/wp-content\/uploads\/2023\/12\/20231221_115900-768x1290.jpg 768w, https:\/\/wp.paulmoorschule-freren.de\/wp-content\/uploads\/2023\/12\/20231221_115900-915x1536.jpg 915w, https:\/\/wp.paulmoorschule-freren.de\/wp-content\/uploads\/2023\/12\/20231221_115900-1220x2048.jpg 1220w, https:\/\/wp.paulmoorschule-freren.de\/wp-content\/uploads\/2023\/12\/20231221_115900-1200x2015.jpg 1200w, https:\/\/wp.paulmoorschule-freren.de\/wp-content\/uploads\/2023\/12\/20231221_115900-scaled.jpg 1525w\" sizes=\"(max-width: 610px) 85vw, 610px\" \/>\t\t\t\t\t\t\t\t\t\t\t\t\t\t\t<\/div>\n\t\t\t\t<\/div>\n\t\t\t\t\t<\/div>\n\t\t<\/div>\n\t\t\t\t<div class=\"elementor-column elementor-col-33 elementor-top-column elementor-element elementor-element-d4b2c21\" data-id=\"d4b2c21\" data-element_type=\"column\" data-e-type=\"column\">\n\t\t\t<div class=\"elementor-widget-wrap elementor-element-populated\">\n\t\t\t\t\t\t<div class=\"elementor-element elementor-element-2abf6a5 elementor-widget__width-initial elementor-widget elementor-widget-image\" data-id=\"2abf6a5\" data-element_type=\"widget\" data-e-type=\"widget\" data-widget_type=\"image.default\">\n\t\t\t\t<div class=\"elementor-widget-container\">\n\t\t\t\t\t\t\t\t\t\t\t\t\t\t\t<img loading=\"lazy\" decoding=\"async\" width=\"840\" height=\"592\" src=\"https:\/\/wp.paulmoorschule-freren.de\/wp-content\/uploads\/2023\/12\/20231221_115843-1024x722.jpg\" class=\"attachment-large size-large wp-image-771\" alt=\"\" srcset=\"https:\/\/wp.paulmoorschule-freren.de\/wp-content\/uploads\/2023\/12\/20231221_115843-1024x722.jpg 1024w, https:\/\/wp.paulmoorschule-freren.de\/wp-content\/uploads\/2023\/12\/20231221_115843-300x211.jpg 300w, https:\/\/wp.paulmoorschule-freren.de\/wp-content\/uploads\/2023\/12\/20231221_115843-768x541.jpg 768w, https:\/\/wp.paulmoorschule-freren.de\/wp-content\/uploads\/2023\/12\/20231221_115843-1536x1082.jpg 1536w, https:\/\/wp.paulmoorschule-freren.de\/wp-content\/uploads\/2023\/12\/20231221_115843-2048x1443.jpg 2048w, https:\/\/wp.paulmoorschule-freren.de\/wp-content\/uploads\/2023\/12\/20231221_115843-1200x846.jpg 1200w\" sizes=\"(max-width: 709px) 85vw, (max-width: 909px) 67vw, (max-width: 1362px) 62vw, 840px\" \/>\t\t\t\t\t\t\t\t\t\t\t\t\t\t\t<\/div>\n\t\t\t\t<\/div>\n\t\t\t\t\t<\/div>\n\t\t<\/div>\n\t\t\t\t\t<\/div>\n\t\t<\/section>\n\t\t\t\t<\/div>\n\t\t","protected":false},"excerpt":{"rendered":"<p>Juni 2024 Bild von Clker-Free-Vector-Images auf Pixabay \u00a0 Abschied von Klasse 9 am 14. Juni Das Symbol des blauen Schmetterlings, der sich entpuppt und hinaus in die weite Welt fliegt, begleitete die diesj\u00e4hrige Abschlussfeier mit unserer Klasse 9. Acht Sch\u00fclerinnen und Sch\u00fcler erhielten ihr Zeugnis und fliegen nun weiter an die Berufsschule. Wir w\u00fcnschen ihnen &hellip; <a href=\"https:\/\/wp.paulmoorschule-freren.de\/?page_id=858\" class=\"more-link\"><span class=\"screen-reader-text\">\u201eSchuljahr 2023\/2024\u201c <\/span>weiterlesen<\/a><\/p>\n","protected":false},"author":1,"featured_media":0,"parent":0,"menu_order":0,"comment_status":"closed","ping_status":"closed","template":"","meta":{"footnotes":""},"class_list":["post-858","page","type-page","status-publish","hentry"],"_links":{"self":[{"href":"https:\/\/wp.paulmoorschule-freren.de\/index.php?rest_route=\/wp\/v2\/pages\/858","targetHints":{"allow":["GET"]}}],"collection":[{"href":"https:\/\/wp.paulmoorschule-freren.de\/index.php?rest_route=\/wp\/v2\/pages"}],"about":[{"href":"https:\/\/wp.paulmoorschule-freren.de\/index.php?rest_route=\/wp\/v2\/types\/page"}],"author":[{"embeddable":true,"href":"https:\/\/wp.paulmoorschule-freren.de\/index.php?rest_route=\/wp\/v2\/users\/1"}],"replies":[{"embeddable":true,"href":"https:\/\/wp.paulmoorschule-freren.de\/index.php?rest_route=%2Fwp%2Fv2%2Fcomments&post=858"}],"version-history":[{"count":52,"href":"https:\/\/wp.paulmoorschule-freren.de\/index.php?rest_route=\/wp\/v2\/pages\/858\/revisions"}],"predecessor-version":[{"id":925,"href":"https:\/\/wp.paulmoorschule-freren.de\/index.php?rest_route=\/wp\/v2\/pages\/858\/revisions\/925"}],"wp:attachment":[{"href":"https:\/\/wp.paulmoorschule-freren.de\/index.php?rest_route=%2Fwp%2Fv2%2Fmedia&parent=858"}],"curies":[{"name":"wp","href":"https:\/\/api.w.org\/{rel}","templated":true}]}}