{"id":726,"date":"2023-09-26T15:58:45","date_gmt":"2023-09-26T15:58:45","guid":{"rendered":"https:\/\/wp.paulmoorschule-freren.de\/?page_id=726"},"modified":"2023-09-26T16:19:56","modified_gmt":"2023-09-26T16:19:56","slug":"schuljahr-2022-23","status":"publish","type":"page","link":"https:\/\/wp.paulmoorschule-freren.de\/?page_id=726","title":{"rendered":"Schuljahr 2022\/23"},"content":{"rendered":"\t\t<div data-elementor-type=\"wp-page\" data-elementor-id=\"726\" class=\"elementor elementor-726\">\n\t\t\t\t\t\t<section class=\"elementor-section elementor-top-section elementor-element elementor-element-ed40d8f elementor-section-boxed elementor-section-height-default elementor-section-height-default\" data-id=\"ed40d8f\" data-element_type=\"section\" data-e-type=\"section\">\n\t\t\t\t\t\t<div class=\"elementor-container elementor-column-gap-default\">\n\t\t\t\t\t<div class=\"elementor-column elementor-col-100 elementor-top-column elementor-element elementor-element-65c3ee4\" data-id=\"65c3ee4\" data-element_type=\"column\" data-e-type=\"column\">\n\t\t\t<div class=\"elementor-widget-wrap elementor-element-populated\">\n\t\t\t\t\t\t<div class=\"elementor-element elementor-element-2268939 elementor-widget elementor-widget-heading\" data-id=\"2268939\" data-element_type=\"widget\" data-e-type=\"widget\" data-widget_type=\"heading.default\">\n\t\t\t\t<div class=\"elementor-widget-container\">\n\t\t\t\t\t<h2 class=\"elementor-heading-title elementor-size-default\">Juni 2023: Emslandspiele<\/h2>\t\t\t\t<\/div>\n\t\t\t\t<\/div>\n\t\t\t\t\t<\/div>\n\t\t<\/div>\n\t\t\t\t\t<\/div>\n\t\t<\/section>\n\t\t\t\t<section class=\"elementor-section elementor-top-section elementor-element elementor-element-1565259 elementor-section-boxed elementor-section-height-default elementor-section-height-default\" data-id=\"1565259\" data-element_type=\"section\" data-e-type=\"section\">\n\t\t\t\t\t\t<div class=\"elementor-container elementor-column-gap-default\">\n\t\t\t\t\t<div class=\"elementor-column elementor-col-100 elementor-top-column elementor-element elementor-element-0b37dd7\" data-id=\"0b37dd7\" data-element_type=\"column\" data-e-type=\"column\">\n\t\t\t<div class=\"elementor-widget-wrap elementor-element-populated\">\n\t\t\t\t\t\t<div class=\"elementor-element elementor-element-c292488 elementor-widget elementor-widget-image\" data-id=\"c292488\" data-element_type=\"widget\" data-e-type=\"widget\" data-widget_type=\"image.default\">\n\t\t\t\t<div class=\"elementor-widget-container\">\n\t\t\t\t\t\t\t\t\t\t\t\t\t\t\t<img fetchpriority=\"high\" decoding=\"async\" width=\"840\" height=\"626\" src=\"https:\/\/wp.paulmoorschule-freren.de\/wp-content\/uploads\/2023\/06\/Vor-dem-800m-Lauf--1024x763.jpg\" class=\"attachment-large size-large wp-image-678\" alt=\"\" srcset=\"https:\/\/wp.paulmoorschule-freren.de\/wp-content\/uploads\/2023\/06\/Vor-dem-800m-Lauf--1024x763.jpg 1024w, https:\/\/wp.paulmoorschule-freren.de\/wp-content\/uploads\/2023\/06\/Vor-dem-800m-Lauf--300x223.jpg 300w, https:\/\/wp.paulmoorschule-freren.de\/wp-content\/uploads\/2023\/06\/Vor-dem-800m-Lauf--768x572.jpg 768w, https:\/\/wp.paulmoorschule-freren.de\/wp-content\/uploads\/2023\/06\/Vor-dem-800m-Lauf--1536x1144.jpg 1536w, https:\/\/wp.paulmoorschule-freren.de\/wp-content\/uploads\/2023\/06\/Vor-dem-800m-Lauf--2048x1525.jpg 2048w\" sizes=\"(max-width: 709px) 85vw, (max-width: 909px) 67vw, (max-width: 1362px) 62vw, 840px\" \/>\t\t\t\t\t\t\t\t\t\t\t\t\t\t\t<\/div>\n\t\t\t\t<\/div>\n\t\t\t\t\t<\/div>\n\t\t<\/div>\n\t\t\t\t\t<\/div>\n\t\t<\/section>\n\t\t\t\t<section class=\"elementor-section elementor-top-section elementor-element elementor-element-c197412 elementor-section-boxed elementor-section-height-default elementor-section-height-default\" data-id=\"c197412\" data-element_type=\"section\" data-e-type=\"section\">\n\t\t\t\t\t\t<div class=\"elementor-container elementor-column-gap-default\">\n\t\t\t\t\t<div class=\"elementor-column elementor-col-100 elementor-top-column elementor-element elementor-element-7165484\" data-id=\"7165484\" data-element_type=\"column\" data-e-type=\"column\">\n\t\t\t<div class=\"elementor-widget-wrap elementor-element-populated\">\n\t\t\t\t\t\t<div class=\"elementor-element elementor-element-e2e5ac5 elementor-widget elementor-widget-text-editor\" data-id=\"e2e5ac5\" data-element_type=\"widget\" data-e-type=\"widget\" data-widget_type=\"text-editor.default\">\n\t\t\t\t<div class=\"elementor-widget-container\">\n\t\t\t\t\t\t\t\t\t<section class=\"elementor-section elementor-top-section elementor-element elementor-element-d869ed7 elementor-section-boxed elementor-section-height-default elementor-section-height-default\" data-id=\"d869ed7\" data-element_type=\"section\"><div class=\"elementor-container elementor-column-gap-default\"><div class=\"elementor-column elementor-col-100 elementor-top-column elementor-element elementor-element-90575ae\" data-id=\"90575ae\" data-element_type=\"column\"><div class=\"elementor-widget-wrap elementor-element-populated\"><div class=\"elementor-element elementor-element-8df9c0b elementor-widget elementor-widget-text-editor\" data-id=\"8df9c0b\" data-element_type=\"widget\" data-widget_type=\"text-editor.default\"><div class=\"elementor-widget-container\"><h2><strong>Emslandspiele bei Traumwetter<\/strong><\/h2><h5>Sportliche Organisation durch die PMS<\/h5><p>Mehr als 150 Sch\u00fcler und Sch\u00fclerinnen aus 9 F\u00f6rderschulen nahmen vor kurzem an den 49. Emslandspielen in Hasel\u00fcnne teil. Es handelt sich dabei um ein traditionelles Sportfest, das seit 1972 durchgef\u00fchrt wird. Weil eine solche Veranstaltung von einer Schule allein kaum mehr zu stemmen ist, teilten sich die Don-Bosco-Schule (DBS) Hasel\u00fcnne und die PMS die Organisation. W\u00e4hrend wir uns um das Sportliche k\u00fcmmerten, sorgte sich die DBS um das leibliche Wohl. Nach der Begr\u00fc\u00dfung im Stadion durch die Schulleiterinnen Susanne Tholemeyer-N\u00f6ring und Bettina Potthast richtete auch die Schulausschussvorsitzende unseres Landkreises Inge Ipe wohlwollende Worte an die jungen Sportler und Sportlerinnen sowie die begleitenden Lehrkr\u00e4fte. Anschlie\u00dfend starteten die Wettbewerbe mit der Disziplin Sprint. Aufgeteilt in drei Jahrg\u00e4ngen ging es stets um Gold, Silber und Bronze. Auf der Tartanbahn der neuen Leichtathletikanlage am Hasestadion fanden alle Beteiligten optimale Bedingungen vor. \u00dcber 50, 75 und 100 Meter an zwei Startpunkten konnten die jungen L\u00e4ufer und L\u00e4uferinnen Bestzeiten erzielen. Anschlie\u00dfend fanden zeitgleich die Wettbewerbe beim Weitsprung und Weitwurf statt. Mit W\u00fcrfen \u00fcber 50 Meter oder Spr\u00fcngen \u00fcber 5 Meter zeigten die Sch\u00fcler und Sch\u00fclerinnen starke Leistungen. Danach wurden die Einzelwettbewerbe mit dem 800-Lauf beendet. Hier konnten die Teilnehmer und Teilnehmerinnen zeigen, \u00fcber welches Durchhalteverm\u00f6gen sie verf\u00fcgen. Beim folgenden Teamwettbewerb Sportquiz waren nicht nur sportliche F\u00e4higkeiten, sondern auch gemeinsame Planung und gemeinschaftliches Vorgehen gefragt. Jeweils zwei Sch\u00fclerinnen und zwei Sch\u00fcler bildeten ein Team. Diese hatten insgesamt 5 Fragen bzw. Aufgaben zu beantworten oder zu l\u00f6sen. Alle 9 Schulen nahmen teil und zogen sich dabei sehr gut aus der Aff\u00e4re. Den Siegerpokal sicherte sich die DBS vor Surwold und unserem Team. Wie bei allen Leichtathletiksportfesten bildeten auch bei den Emslandspielen die Staffell\u00e4ufe den Abschluss. Es wurden entsprechend der Jahrg\u00e4nge zwei Wettbewerbe durchgef\u00fchrt. Bei beiden L\u00e4ufen konnten wir den ersten Platz erringen. Dies steigerte die ohnehin schon vorhandene gute Laune und tolle Moral unserer Sch\u00fcler und Sch\u00fclerinnen noch weiter. Bei der Siegerehrung mit dem Hasel\u00fcnner B\u00fcrgermeister Werner Schr\u00e4er strahlten die Medaillen- und Pokalgewinner um die Wette. Das passte zum Traumwetter, das dieses Sportfest verdient.<\/p><p>Einen besonderen Dank m\u00f6chten wir an den Hasel\u00fcnner SV (HSV) und an das Nachwuchsleistungszentrum Emsland im SV Meppen (NLZ) aussprechen. Anke Barlage vom HSV hat uns in der Planung und in der Durchf\u00fchrung wirkungsvoll unterst\u00fctzt. Lucas Beniermann, Exprofi David Vrzogic und Nicolas Kunz vom NLZ haben mit dem Begleitprogramm Fu\u00dfballstation und Lichtschrankenlauf f\u00fcr eine inhaltlich reizvolle Abwechslung zu den Disziplinen gesorgt. Dies hat den Sch\u00fclern und Sch\u00fclerinnen viel Freude bereitet.<\/p><p>Autor: Winfried Budde<\/p><\/div><\/div><\/div><\/div><\/div><\/section>\t\t\t\t\t\t\t\t<\/div>\n\t\t\t\t<\/div>\n\t\t\t\t\t<\/div>\n\t\t<\/div>\n\t\t\t\t\t<\/div>\n\t\t<\/section>\n\t\t\t\t<section class=\"elementor-section elementor-top-section elementor-element elementor-element-76f6d3a elementor-section-boxed elementor-section-height-default elementor-section-height-default\" data-id=\"76f6d3a\" data-element_type=\"section\" data-e-type=\"section\">\n\t\t\t\t\t\t<div class=\"elementor-container elementor-column-gap-default\">\n\t\t\t\t\t<div class=\"elementor-column elementor-col-100 elementor-top-column elementor-element elementor-element-f1914ea\" data-id=\"f1914ea\" data-element_type=\"column\" data-e-type=\"column\">\n\t\t\t<div class=\"elementor-widget-wrap elementor-element-populated\">\n\t\t\t\t\t\t<div class=\"elementor-element elementor-element-8a6f19f elementor-widget elementor-widget-spacer\" data-id=\"8a6f19f\" data-element_type=\"widget\" data-e-type=\"widget\" data-widget_type=\"spacer.default\">\n\t\t\t\t<div class=\"elementor-widget-container\">\n\t\t\t\t\t\t\t<div class=\"elementor-spacer\">\n\t\t\t<div class=\"elementor-spacer-inner\"><\/div>\n\t\t<\/div>\n\t\t\t\t\t\t<\/div>\n\t\t\t\t<\/div>\n\t\t\t\t\t<\/div>\n\t\t<\/div>\n\t\t\t\t\t<\/div>\n\t\t<\/section>\n\t\t\t\t<section class=\"elementor-section elementor-top-section elementor-element elementor-element-d97f31e elementor-section-boxed elementor-section-height-default elementor-section-height-default\" data-id=\"d97f31e\" data-element_type=\"section\" data-e-type=\"section\">\n\t\t\t\t\t\t<div class=\"elementor-container elementor-column-gap-default\">\n\t\t\t\t\t<div class=\"elementor-column elementor-col-100 elementor-top-column elementor-element elementor-element-935d537\" data-id=\"935d537\" data-element_type=\"column\" data-e-type=\"column\">\n\t\t\t<div class=\"elementor-widget-wrap elementor-element-populated\">\n\t\t\t\t\t\t<div class=\"elementor-element elementor-element-eb885ca elementor-widget__width-initial elementor-widget elementor-widget-heading\" data-id=\"eb885ca\" data-element_type=\"widget\" data-e-type=\"widget\" data-widget_type=\"heading.default\">\n\t\t\t\t<div class=\"elementor-widget-container\">\n\t\t\t\t\t<h2 class=\"elementor-heading-title elementor-size-default\">April 2023: Projekt mit der Kunstschule SpuK in Freren<\/h2>\t\t\t\t<\/div>\n\t\t\t\t<\/div>\n\t\t\t\t\t<\/div>\n\t\t<\/div>\n\t\t\t\t\t<\/div>\n\t\t<\/section>\n\t\t\t\t<section class=\"elementor-section elementor-top-section elementor-element elementor-element-7d02174 elementor-section-boxed elementor-section-height-default elementor-section-height-default\" data-id=\"7d02174\" data-element_type=\"section\" data-e-type=\"section\">\n\t\t\t\t\t\t<div class=\"elementor-container elementor-column-gap-default\">\n\t\t\t\t\t<div class=\"elementor-column elementor-col-20 elementor-top-column elementor-element elementor-element-3b29193\" data-id=\"3b29193\" data-element_type=\"column\" data-e-type=\"column\">\n\t\t\t<div class=\"elementor-widget-wrap elementor-element-populated\">\n\t\t\t\t\t\t<div class=\"elementor-element elementor-element-3d4a7de elementor-widget elementor-widget-image\" data-id=\"3d4a7de\" data-element_type=\"widget\" data-e-type=\"widget\" data-widget_type=\"image.default\">\n\t\t\t\t<div class=\"elementor-widget-container\">\n\t\t\t\t\t\t\t\t\t\t\t\t\t\t\t<img decoding=\"async\" width=\"840\" height=\"562\" src=\"https:\/\/wp.paulmoorschule-freren.de\/wp-content\/uploads\/2023\/04\/20230324_075517-1024x685.jpg\" class=\"attachment-large size-large wp-image-668\" alt=\"\" srcset=\"https:\/\/wp.paulmoorschule-freren.de\/wp-content\/uploads\/2023\/04\/20230324_075517-1024x685.jpg 1024w, https:\/\/wp.paulmoorschule-freren.de\/wp-content\/uploads\/2023\/04\/20230324_075517-300x201.jpg 300w, https:\/\/wp.paulmoorschule-freren.de\/wp-content\/uploads\/2023\/04\/20230324_075517-768x514.jpg 768w, https:\/\/wp.paulmoorschule-freren.de\/wp-content\/uploads\/2023\/04\/20230324_075517-1536x1028.jpg 1536w, https:\/\/wp.paulmoorschule-freren.de\/wp-content\/uploads\/2023\/04\/20230324_075517-2048x1370.jpg 2048w\" sizes=\"(max-width: 709px) 85vw, (max-width: 909px) 67vw, (max-width: 1362px) 62vw, 840px\" \/>\t\t\t\t\t\t\t\t\t\t\t\t\t\t\t<\/div>\n\t\t\t\t<\/div>\n\t\t\t\t\t<\/div>\n\t\t<\/div>\n\t\t\t\t<div class=\"elementor-column elementor-col-20 elementor-top-column elementor-element elementor-element-86a6074\" data-id=\"86a6074\" data-element_type=\"column\" data-e-type=\"column\">\n\t\t\t<div class=\"elementor-widget-wrap elementor-element-populated\">\n\t\t\t\t\t\t<div class=\"elementor-element elementor-element-3c68e82 elementor-widget elementor-widget-image\" data-id=\"3c68e82\" data-element_type=\"widget\" data-e-type=\"widget\" data-widget_type=\"image.default\">\n\t\t\t\t<div class=\"elementor-widget-container\">\n\t\t\t\t\t\t\t\t\t\t\t\t\t\t\t<img decoding=\"async\" width=\"840\" height=\"630\" src=\"https:\/\/wp.paulmoorschule-freren.de\/wp-content\/uploads\/2023\/04\/20230324_075512-1024x768.jpg\" class=\"attachment-large size-large wp-image-667\" alt=\"\" srcset=\"https:\/\/wp.paulmoorschule-freren.de\/wp-content\/uploads\/2023\/04\/20230324_075512-1024x768.jpg 1024w, https:\/\/wp.paulmoorschule-freren.de\/wp-content\/uploads\/2023\/04\/20230324_075512-300x225.jpg 300w, https:\/\/wp.paulmoorschule-freren.de\/wp-content\/uploads\/2023\/04\/20230324_075512-768x576.jpg 768w, https:\/\/wp.paulmoorschule-freren.de\/wp-content\/uploads\/2023\/04\/20230324_075512-1536x1152.jpg 1536w, https:\/\/wp.paulmoorschule-freren.de\/wp-content\/uploads\/2023\/04\/20230324_075512-2048x1536.jpg 2048w\" sizes=\"(max-width: 709px) 85vw, (max-width: 909px) 67vw, (max-width: 1362px) 62vw, 840px\" \/>\t\t\t\t\t\t\t\t\t\t\t\t\t\t\t<\/div>\n\t\t\t\t<\/div>\n\t\t\t\t\t<\/div>\n\t\t<\/div>\n\t\t\t\t<div class=\"elementor-column elementor-col-20 elementor-top-column elementor-element elementor-element-f1769dd\" data-id=\"f1769dd\" data-element_type=\"column\" data-e-type=\"column\">\n\t\t\t<div class=\"elementor-widget-wrap elementor-element-populated\">\n\t\t\t\t\t\t<div class=\"elementor-element elementor-element-6997f69 elementor-widget elementor-widget-image\" data-id=\"6997f69\" data-element_type=\"widget\" data-e-type=\"widget\" data-widget_type=\"image.default\">\n\t\t\t\t<div class=\"elementor-widget-container\">\n\t\t\t\t\t\t\t\t\t\t\t\t\t\t\t<img loading=\"lazy\" decoding=\"async\" width=\"840\" height=\"630\" src=\"https:\/\/wp.paulmoorschule-freren.de\/wp-content\/uploads\/2023\/04\/20230324_075503-1024x768.jpg\" class=\"attachment-large size-large wp-image-666\" alt=\"\" srcset=\"https:\/\/wp.paulmoorschule-freren.de\/wp-content\/uploads\/2023\/04\/20230324_075503-1024x768.jpg 1024w, https:\/\/wp.paulmoorschule-freren.de\/wp-content\/uploads\/2023\/04\/20230324_075503-300x225.jpg 300w, https:\/\/wp.paulmoorschule-freren.de\/wp-content\/uploads\/2023\/04\/20230324_075503-768x576.jpg 768w, https:\/\/wp.paulmoorschule-freren.de\/wp-content\/uploads\/2023\/04\/20230324_075503-1536x1152.jpg 1536w, https:\/\/wp.paulmoorschule-freren.de\/wp-content\/uploads\/2023\/04\/20230324_075503-2048x1536.jpg 2048w\" sizes=\"(max-width: 709px) 85vw, (max-width: 909px) 67vw, (max-width: 1362px) 62vw, 840px\" \/>\t\t\t\t\t\t\t\t\t\t\t\t\t\t\t<\/div>\n\t\t\t\t<\/div>\n\t\t\t\t\t<\/div>\n\t\t<\/div>\n\t\t\t\t<div class=\"elementor-column elementor-col-20 elementor-top-column elementor-element elementor-element-1415176\" data-id=\"1415176\" data-element_type=\"column\" data-e-type=\"column\">\n\t\t\t<div class=\"elementor-widget-wrap elementor-element-populated\">\n\t\t\t\t\t\t<div class=\"elementor-element elementor-element-962690e elementor-widget elementor-widget-image\" data-id=\"962690e\" data-element_type=\"widget\" data-e-type=\"widget\" data-widget_type=\"image.default\">\n\t\t\t\t<div class=\"elementor-widget-container\">\n\t\t\t\t\t\t\t\t\t\t\t\t\t\t\t<img loading=\"lazy\" decoding=\"async\" width=\"840\" height=\"630\" src=\"https:\/\/wp.paulmoorschule-freren.de\/wp-content\/uploads\/2023\/04\/20230324_075445-1024x768.jpg\" class=\"attachment-large size-large wp-image-664\" alt=\"\" srcset=\"https:\/\/wp.paulmoorschule-freren.de\/wp-content\/uploads\/2023\/04\/20230324_075445-1024x768.jpg 1024w, https:\/\/wp.paulmoorschule-freren.de\/wp-content\/uploads\/2023\/04\/20230324_075445-300x225.jpg 300w, https:\/\/wp.paulmoorschule-freren.de\/wp-content\/uploads\/2023\/04\/20230324_075445-768x576.jpg 768w, https:\/\/wp.paulmoorschule-freren.de\/wp-content\/uploads\/2023\/04\/20230324_075445-1536x1152.jpg 1536w, https:\/\/wp.paulmoorschule-freren.de\/wp-content\/uploads\/2023\/04\/20230324_075445-2048x1536.jpg 2048w\" sizes=\"(max-width: 709px) 85vw, (max-width: 909px) 67vw, (max-width: 1362px) 62vw, 840px\" \/>\t\t\t\t\t\t\t\t\t\t\t\t\t\t\t<\/div>\n\t\t\t\t<\/div>\n\t\t\t\t\t<\/div>\n\t\t<\/div>\n\t\t\t\t<div class=\"elementor-column elementor-col-20 elementor-top-column elementor-element elementor-element-7a7a900\" data-id=\"7a7a900\" data-element_type=\"column\" data-e-type=\"column\">\n\t\t\t<div class=\"elementor-widget-wrap elementor-element-populated\">\n\t\t\t\t\t\t<div class=\"elementor-element elementor-element-b725f21 elementor-widget elementor-widget-image\" data-id=\"b725f21\" data-element_type=\"widget\" data-e-type=\"widget\" data-widget_type=\"image.default\">\n\t\t\t\t<div class=\"elementor-widget-container\">\n\t\t\t\t\t\t\t\t\t\t\t\t\t\t\t<img loading=\"lazy\" decoding=\"async\" width=\"840\" height=\"630\" src=\"https:\/\/wp.paulmoorschule-freren.de\/wp-content\/uploads\/2023\/04\/20230324_075355-1024x768.jpg\" class=\"attachment-large size-large wp-image-661\" alt=\"\" srcset=\"https:\/\/wp.paulmoorschule-freren.de\/wp-content\/uploads\/2023\/04\/20230324_075355-1024x768.jpg 1024w, https:\/\/wp.paulmoorschule-freren.de\/wp-content\/uploads\/2023\/04\/20230324_075355-300x225.jpg 300w, https:\/\/wp.paulmoorschule-freren.de\/wp-content\/uploads\/2023\/04\/20230324_075355-768x576.jpg 768w, https:\/\/wp.paulmoorschule-freren.de\/wp-content\/uploads\/2023\/04\/20230324_075355-1536x1152.jpg 1536w, https:\/\/wp.paulmoorschule-freren.de\/wp-content\/uploads\/2023\/04\/20230324_075355-2048x1536.jpg 2048w\" sizes=\"(max-width: 709px) 85vw, (max-width: 909px) 67vw, (max-width: 1362px) 62vw, 840px\" \/>\t\t\t\t\t\t\t\t\t\t\t\t\t\t\t<\/div>\n\t\t\t\t<\/div>\n\t\t\t\t\t<\/div>\n\t\t<\/div>\n\t\t\t\t\t<\/div>\n\t\t<\/section>\n\t\t\t\t<section class=\"elementor-section elementor-top-section elementor-element elementor-element-1673de9 elementor-section-boxed elementor-section-height-default elementor-section-height-default\" data-id=\"1673de9\" data-element_type=\"section\" data-e-type=\"section\">\n\t\t\t\t\t\t<div class=\"elementor-container elementor-column-gap-default\">\n\t\t\t\t\t<div class=\"elementor-column elementor-col-20 elementor-top-column elementor-element elementor-element-a53da36\" data-id=\"a53da36\" data-element_type=\"column\" data-e-type=\"column\">\n\t\t\t<div class=\"elementor-widget-wrap elementor-element-populated\">\n\t\t\t\t\t\t<div class=\"elementor-element elementor-element-88b3e65 elementor-widget elementor-widget-image\" data-id=\"88b3e65\" data-element_type=\"widget\" data-e-type=\"widget\" data-widget_type=\"image.default\">\n\t\t\t\t<div class=\"elementor-widget-container\">\n\t\t\t\t\t\t\t\t\t\t\t\t\t\t\t<img loading=\"lazy\" decoding=\"async\" width=\"840\" height=\"771\" src=\"https:\/\/wp.paulmoorschule-freren.de\/wp-content\/uploads\/2023\/04\/20230214_124526-1024x940.jpg\" class=\"attachment-large size-large wp-image-660\" alt=\"\" srcset=\"https:\/\/wp.paulmoorschule-freren.de\/wp-content\/uploads\/2023\/04\/20230214_124526-1024x940.jpg 1024w, https:\/\/wp.paulmoorschule-freren.de\/wp-content\/uploads\/2023\/04\/20230214_124526-300x276.jpg 300w, https:\/\/wp.paulmoorschule-freren.de\/wp-content\/uploads\/2023\/04\/20230214_124526-768x705.jpg 768w, https:\/\/wp.paulmoorschule-freren.de\/wp-content\/uploads\/2023\/04\/20230214_124526-1536x1411.jpg 1536w, https:\/\/wp.paulmoorschule-freren.de\/wp-content\/uploads\/2023\/04\/20230214_124526-2048x1881.jpg 2048w\" sizes=\"(max-width: 709px) 85vw, (max-width: 909px) 67vw, (max-width: 1362px) 62vw, 840px\" \/>\t\t\t\t\t\t\t\t\t\t\t\t\t\t\t<\/div>\n\t\t\t\t<\/div>\n\t\t\t\t\t<\/div>\n\t\t<\/div>\n\t\t\t\t<div class=\"elementor-column elementor-col-20 elementor-top-column elementor-element elementor-element-6971fe9\" data-id=\"6971fe9\" data-element_type=\"column\" data-e-type=\"column\">\n\t\t\t<div class=\"elementor-widget-wrap elementor-element-populated\">\n\t\t\t\t\t\t<div class=\"elementor-element elementor-element-b49c54e elementor-widget elementor-widget-image\" data-id=\"b49c54e\" data-element_type=\"widget\" data-e-type=\"widget\" data-widget_type=\"image.default\">\n\t\t\t\t<div class=\"elementor-widget-container\">\n\t\t\t\t\t\t\t\t\t\t\t\t\t\t\t<img loading=\"lazy\" decoding=\"async\" width=\"840\" height=\"630\" src=\"https:\/\/wp.paulmoorschule-freren.de\/wp-content\/uploads\/2023\/04\/20230214_124507-1024x768.jpg\" class=\"attachment-large size-large wp-image-659\" alt=\"\" srcset=\"https:\/\/wp.paulmoorschule-freren.de\/wp-content\/uploads\/2023\/04\/20230214_124507-1024x768.jpg 1024w, https:\/\/wp.paulmoorschule-freren.de\/wp-content\/uploads\/2023\/04\/20230214_124507-300x225.jpg 300w, https:\/\/wp.paulmoorschule-freren.de\/wp-content\/uploads\/2023\/04\/20230214_124507-768x576.jpg 768w, https:\/\/wp.paulmoorschule-freren.de\/wp-content\/uploads\/2023\/04\/20230214_124507-1536x1152.jpg 1536w, https:\/\/wp.paulmoorschule-freren.de\/wp-content\/uploads\/2023\/04\/20230214_124507-2048x1536.jpg 2048w\" sizes=\"(max-width: 709px) 85vw, (max-width: 909px) 67vw, (max-width: 1362px) 62vw, 840px\" \/>\t\t\t\t\t\t\t\t\t\t\t\t\t\t\t<\/div>\n\t\t\t\t<\/div>\n\t\t\t\t\t<\/div>\n\t\t<\/div>\n\t\t\t\t<div class=\"elementor-column elementor-col-20 elementor-top-column elementor-element elementor-element-4494589\" data-id=\"4494589\" data-element_type=\"column\" data-e-type=\"column\">\n\t\t\t<div class=\"elementor-widget-wrap elementor-element-populated\">\n\t\t\t\t\t\t<div class=\"elementor-element elementor-element-34d6720 elementor-widget elementor-widget-image\" data-id=\"34d6720\" data-element_type=\"widget\" data-e-type=\"widget\" data-widget_type=\"image.default\">\n\t\t\t\t<div class=\"elementor-widget-container\">\n\t\t\t\t\t\t\t\t\t\t\t\t\t\t\t<img loading=\"lazy\" decoding=\"async\" width=\"840\" height=\"630\" src=\"https:\/\/wp.paulmoorschule-freren.de\/wp-content\/uploads\/2023\/04\/20230214_124409-1024x768.jpg\" class=\"attachment-large size-large wp-image-655\" alt=\"\" srcset=\"https:\/\/wp.paulmoorschule-freren.de\/wp-content\/uploads\/2023\/04\/20230214_124409-1024x768.jpg 1024w, https:\/\/wp.paulmoorschule-freren.de\/wp-content\/uploads\/2023\/04\/20230214_124409-300x225.jpg 300w, https:\/\/wp.paulmoorschule-freren.de\/wp-content\/uploads\/2023\/04\/20230214_124409-768x576.jpg 768w, https:\/\/wp.paulmoorschule-freren.de\/wp-content\/uploads\/2023\/04\/20230214_124409-1536x1152.jpg 1536w, https:\/\/wp.paulmoorschule-freren.de\/wp-content\/uploads\/2023\/04\/20230214_124409-2048x1536.jpg 2048w\" sizes=\"(max-width: 709px) 85vw, (max-width: 909px) 67vw, (max-width: 1362px) 62vw, 840px\" \/>\t\t\t\t\t\t\t\t\t\t\t\t\t\t\t<\/div>\n\t\t\t\t<\/div>\n\t\t\t\t\t<\/div>\n\t\t<\/div>\n\t\t\t\t<div class=\"elementor-column elementor-col-20 elementor-top-column elementor-element elementor-element-a3bac1b\" data-id=\"a3bac1b\" data-element_type=\"column\" data-e-type=\"column\">\n\t\t\t<div class=\"elementor-widget-wrap elementor-element-populated\">\n\t\t\t\t\t\t<div class=\"elementor-element elementor-element-881414b elementor-widget elementor-widget-image\" data-id=\"881414b\" data-element_type=\"widget\" data-e-type=\"widget\" data-widget_type=\"image.default\">\n\t\t\t\t<div class=\"elementor-widget-container\">\n\t\t\t\t\t\t\t\t\t\t\t\t\t\t\t<img loading=\"lazy\" decoding=\"async\" width=\"840\" height=\"536\" src=\"https:\/\/wp.paulmoorschule-freren.de\/wp-content\/uploads\/2023\/04\/20230214_124432-1024x653.jpg\" class=\"attachment-large size-large wp-image-657\" alt=\"\" srcset=\"https:\/\/wp.paulmoorschule-freren.de\/wp-content\/uploads\/2023\/04\/20230214_124432-1024x653.jpg 1024w, https:\/\/wp.paulmoorschule-freren.de\/wp-content\/uploads\/2023\/04\/20230214_124432-300x191.jpg 300w, https:\/\/wp.paulmoorschule-freren.de\/wp-content\/uploads\/2023\/04\/20230214_124432-768x489.jpg 768w, https:\/\/wp.paulmoorschule-freren.de\/wp-content\/uploads\/2023\/04\/20230214_124432-1536x979.jpg 1536w, https:\/\/wp.paulmoorschule-freren.de\/wp-content\/uploads\/2023\/04\/20230214_124432-2048x1305.jpg 2048w\" sizes=\"(max-width: 709px) 85vw, (max-width: 909px) 67vw, (max-width: 1362px) 62vw, 840px\" \/>\t\t\t\t\t\t\t\t\t\t\t\t\t\t\t<\/div>\n\t\t\t\t<\/div>\n\t\t\t\t\t<\/div>\n\t\t<\/div>\n\t\t\t\t<div class=\"elementor-column elementor-col-20 elementor-top-column elementor-element elementor-element-3be2735\" data-id=\"3be2735\" data-element_type=\"column\" data-e-type=\"column\">\n\t\t\t<div class=\"elementor-widget-wrap elementor-element-populated\">\n\t\t\t\t\t\t<div class=\"elementor-element elementor-element-4abda9e elementor-widget elementor-widget-image\" data-id=\"4abda9e\" data-element_type=\"widget\" data-e-type=\"widget\" data-widget_type=\"image.default\">\n\t\t\t\t<div class=\"elementor-widget-container\">\n\t\t\t\t\t\t\t\t\t\t\t\t\t\t\t<img loading=\"lazy\" decoding=\"async\" width=\"840\" height=\"630\" src=\"https:\/\/wp.paulmoorschule-freren.de\/wp-content\/uploads\/2023\/04\/20230214_124500-1024x768.jpg\" class=\"attachment-large size-large wp-image-658\" alt=\"\" srcset=\"https:\/\/wp.paulmoorschule-freren.de\/wp-content\/uploads\/2023\/04\/20230214_124500-1024x768.jpg 1024w, https:\/\/wp.paulmoorschule-freren.de\/wp-content\/uploads\/2023\/04\/20230214_124500-300x225.jpg 300w, https:\/\/wp.paulmoorschule-freren.de\/wp-content\/uploads\/2023\/04\/20230214_124500-768x576.jpg 768w, https:\/\/wp.paulmoorschule-freren.de\/wp-content\/uploads\/2023\/04\/20230214_124500-1536x1152.jpg 1536w, https:\/\/wp.paulmoorschule-freren.de\/wp-content\/uploads\/2023\/04\/20230214_124500-2048x1536.jpg 2048w\" sizes=\"(max-width: 709px) 85vw, (max-width: 909px) 67vw, (max-width: 1362px) 62vw, 840px\" \/>\t\t\t\t\t\t\t\t\t\t\t\t\t\t\t<\/div>\n\t\t\t\t<\/div>\n\t\t\t\t\t<\/div>\n\t\t<\/div>\n\t\t\t\t\t<\/div>\n\t\t<\/section>\n\t\t\t\t<section class=\"elementor-section elementor-top-section elementor-element elementor-element-c4697e3 elementor-section-boxed elementor-section-height-default elementor-section-height-default\" data-id=\"c4697e3\" data-element_type=\"section\" data-e-type=\"section\">\n\t\t\t\t\t\t<div class=\"elementor-container elementor-column-gap-default\">\n\t\t\t\t\t<div class=\"elementor-column elementor-col-100 elementor-top-column elementor-element elementor-element-6a719bd\" data-id=\"6a719bd\" data-element_type=\"column\" data-e-type=\"column\">\n\t\t\t<div class=\"elementor-widget-wrap elementor-element-populated\">\n\t\t\t\t\t\t<div class=\"elementor-element elementor-element-ed72624 elementor-widget elementor-widget-spacer\" data-id=\"ed72624\" data-element_type=\"widget\" data-e-type=\"widget\" data-widget_type=\"spacer.default\">\n\t\t\t\t<div class=\"elementor-widget-container\">\n\t\t\t\t\t\t\t<div class=\"elementor-spacer\">\n\t\t\t<div class=\"elementor-spacer-inner\"><\/div>\n\t\t<\/div>\n\t\t\t\t\t\t<\/div>\n\t\t\t\t<\/div>\n\t\t\t\t\t<\/div>\n\t\t<\/div>\n\t\t\t\t\t<\/div>\n\t\t<\/section>\n\t\t\t\t<section class=\"elementor-section elementor-top-section elementor-element elementor-element-04c8947 elementor-section-boxed elementor-section-height-default elementor-section-height-default\" data-id=\"04c8947\" data-element_type=\"section\" data-e-type=\"section\">\n\t\t\t\t\t\t<div class=\"elementor-container elementor-column-gap-default\">\n\t\t\t\t\t<div class=\"elementor-column elementor-col-100 elementor-top-column elementor-element elementor-element-e4b58eb\" data-id=\"e4b58eb\" data-element_type=\"column\" data-e-type=\"column\">\n\t\t\t<div class=\"elementor-widget-wrap elementor-element-populated\">\n\t\t\t\t\t\t<div class=\"elementor-element elementor-element-7a47ae5 elementor-widget elementor-widget-heading\" data-id=\"7a47ae5\" data-element_type=\"widget\" data-e-type=\"widget\" data-widget_type=\"heading.default\">\n\t\t\t\t<div class=\"elementor-widget-container\">\n\t\t\t\t\t<h2 class=\"elementor-heading-title elementor-size-default\">Februar 2023: Steinzeitprojekt<\/h2>\t\t\t\t<\/div>\n\t\t\t\t<\/div>\n\t\t\t\t\t<\/div>\n\t\t<\/div>\n\t\t\t\t\t<\/div>\n\t\t<\/section>\n\t\t\t\t<section class=\"elementor-section elementor-top-section elementor-element elementor-element-8c47ec7 elementor-section-boxed elementor-section-height-default elementor-section-height-default\" data-id=\"8c47ec7\" data-element_type=\"section\" data-e-type=\"section\">\n\t\t\t\t\t\t<div class=\"elementor-container elementor-column-gap-default\">\n\t\t\t\t\t<div class=\"elementor-column elementor-col-25 elementor-top-column elementor-element elementor-element-bdeef9e\" data-id=\"bdeef9e\" data-element_type=\"column\" data-e-type=\"column\">\n\t\t\t<div class=\"elementor-widget-wrap elementor-element-populated\">\n\t\t\t\t\t\t<div class=\"elementor-element elementor-element-07725b2 elementor-widget elementor-widget-image\" data-id=\"07725b2\" data-element_type=\"widget\" data-e-type=\"widget\" data-widget_type=\"image.default\">\n\t\t\t\t<div class=\"elementor-widget-container\">\n\t\t\t\t\t\t\t\t\t\t\t\t\t\t\t<img loading=\"lazy\" decoding=\"async\" width=\"840\" height=\"534\" src=\"https:\/\/wp.paulmoorschule-freren.de\/wp-content\/uploads\/2023\/02\/Steinzeit4-1024x651.jpg\" class=\"attachment-large size-large wp-image-645\" alt=\"\" srcset=\"https:\/\/wp.paulmoorschule-freren.de\/wp-content\/uploads\/2023\/02\/Steinzeit4-1024x651.jpg 1024w, https:\/\/wp.paulmoorschule-freren.de\/wp-content\/uploads\/2023\/02\/Steinzeit4-300x191.jpg 300w, https:\/\/wp.paulmoorschule-freren.de\/wp-content\/uploads\/2023\/02\/Steinzeit4-768x489.jpg 768w, https:\/\/wp.paulmoorschule-freren.de\/wp-content\/uploads\/2023\/02\/Steinzeit4-1536x977.jpg 1536w, https:\/\/wp.paulmoorschule-freren.de\/wp-content\/uploads\/2023\/02\/Steinzeit4-2048x1303.jpg 2048w\" sizes=\"(max-width: 709px) 85vw, (max-width: 909px) 67vw, (max-width: 1362px) 62vw, 840px\" \/>\t\t\t\t\t\t\t\t\t\t\t\t\t\t\t<\/div>\n\t\t\t\t<\/div>\n\t\t\t\t\t<\/div>\n\t\t<\/div>\n\t\t\t\t<div class=\"elementor-column elementor-col-25 elementor-top-column elementor-element elementor-element-a581c27\" data-id=\"a581c27\" data-element_type=\"column\" data-e-type=\"column\">\n\t\t\t<div class=\"elementor-widget-wrap elementor-element-populated\">\n\t\t\t\t\t\t<div class=\"elementor-element elementor-element-911d78c elementor-widget elementor-widget-image\" data-id=\"911d78c\" data-element_type=\"widget\" data-e-type=\"widget\" data-widget_type=\"image.default\">\n\t\t\t\t<div class=\"elementor-widget-container\">\n\t\t\t\t\t\t\t\t\t\t\t\t\t\t\t<img loading=\"lazy\" decoding=\"async\" width=\"840\" height=\"621\" src=\"https:\/\/wp.paulmoorschule-freren.de\/wp-content\/uploads\/2023\/02\/Steinzeit3-1024x757.jpg\" class=\"attachment-large size-large wp-image-646\" alt=\"\" srcset=\"https:\/\/wp.paulmoorschule-freren.de\/wp-content\/uploads\/2023\/02\/Steinzeit3-1024x757.jpg 1024w, https:\/\/wp.paulmoorschule-freren.de\/wp-content\/uploads\/2023\/02\/Steinzeit3-300x222.jpg 300w, https:\/\/wp.paulmoorschule-freren.de\/wp-content\/uploads\/2023\/02\/Steinzeit3-768x568.jpg 768w, https:\/\/wp.paulmoorschule-freren.de\/wp-content\/uploads\/2023\/02\/Steinzeit3-1536x1136.jpg 1536w, https:\/\/wp.paulmoorschule-freren.de\/wp-content\/uploads\/2023\/02\/Steinzeit3-2048x1514.jpg 2048w\" sizes=\"(max-width: 709px) 85vw, (max-width: 909px) 67vw, (max-width: 1362px) 62vw, 840px\" \/>\t\t\t\t\t\t\t\t\t\t\t\t\t\t\t<\/div>\n\t\t\t\t<\/div>\n\t\t\t\t\t<\/div>\n\t\t<\/div>\n\t\t\t\t<div class=\"elementor-column elementor-col-25 elementor-top-column elementor-element elementor-element-88536bb\" data-id=\"88536bb\" data-element_type=\"column\" data-e-type=\"column\">\n\t\t\t<div class=\"elementor-widget-wrap elementor-element-populated\">\n\t\t\t\t\t\t<div class=\"elementor-element elementor-element-08a82de elementor-widget elementor-widget-image\" data-id=\"08a82de\" data-element_type=\"widget\" data-e-type=\"widget\" data-widget_type=\"image.default\">\n\t\t\t\t<div class=\"elementor-widget-container\">\n\t\t\t\t\t\t\t\t\t\t\t\t\t\t\t<img loading=\"lazy\" decoding=\"async\" width=\"840\" height=\"730\" src=\"https:\/\/wp.paulmoorschule-freren.de\/wp-content\/uploads\/2023\/02\/Steinzeit1-1024x890.jpg\" class=\"attachment-large size-large wp-image-644\" alt=\"\" srcset=\"https:\/\/wp.paulmoorschule-freren.de\/wp-content\/uploads\/2023\/02\/Steinzeit1-1024x890.jpg 1024w, https:\/\/wp.paulmoorschule-freren.de\/wp-content\/uploads\/2023\/02\/Steinzeit1-300x261.jpg 300w, https:\/\/wp.paulmoorschule-freren.de\/wp-content\/uploads\/2023\/02\/Steinzeit1-768x667.jpg 768w, https:\/\/wp.paulmoorschule-freren.de\/wp-content\/uploads\/2023\/02\/Steinzeit1-1536x1335.jpg 1536w, https:\/\/wp.paulmoorschule-freren.de\/wp-content\/uploads\/2023\/02\/Steinzeit1-2048x1780.jpg 2048w\" sizes=\"(max-width: 709px) 85vw, (max-width: 909px) 67vw, (max-width: 1362px) 62vw, 840px\" \/>\t\t\t\t\t\t\t\t\t\t\t\t\t\t\t<\/div>\n\t\t\t\t<\/div>\n\t\t\t\t\t<\/div>\n\t\t<\/div>\n\t\t\t\t<div class=\"elementor-column elementor-col-25 elementor-top-column elementor-element elementor-element-e60795e\" data-id=\"e60795e\" data-element_type=\"column\" data-e-type=\"column\">\n\t\t\t<div class=\"elementor-widget-wrap elementor-element-populated\">\n\t\t\t\t\t\t<div class=\"elementor-element elementor-element-712be9d elementor-widget elementor-widget-image\" data-id=\"712be9d\" data-element_type=\"widget\" data-e-type=\"widget\" data-widget_type=\"image.default\">\n\t\t\t\t<div class=\"elementor-widget-container\">\n\t\t\t\t\t\t\t\t\t\t\t\t\t\t\t<img loading=\"lazy\" decoding=\"async\" width=\"840\" height=\"664\" src=\"https:\/\/wp.paulmoorschule-freren.de\/wp-content\/uploads\/2023\/02\/Steinzeit2-1024x809.jpg\" class=\"attachment-large size-large wp-image-647\" alt=\"\" srcset=\"https:\/\/wp.paulmoorschule-freren.de\/wp-content\/uploads\/2023\/02\/Steinzeit2-1024x809.jpg 1024w, https:\/\/wp.paulmoorschule-freren.de\/wp-content\/uploads\/2023\/02\/Steinzeit2-300x237.jpg 300w, https:\/\/wp.paulmoorschule-freren.de\/wp-content\/uploads\/2023\/02\/Steinzeit2-768x607.jpg 768w, https:\/\/wp.paulmoorschule-freren.de\/wp-content\/uploads\/2023\/02\/Steinzeit2-1536x1214.jpg 1536w, https:\/\/wp.paulmoorschule-freren.de\/wp-content\/uploads\/2023\/02\/Steinzeit2-2048x1619.jpg 2048w\" sizes=\"(max-width: 709px) 85vw, (max-width: 909px) 67vw, (max-width: 1362px) 62vw, 840px\" \/>\t\t\t\t\t\t\t\t\t\t\t\t\t\t\t<\/div>\n\t\t\t\t<\/div>\n\t\t\t\t\t<\/div>\n\t\t<\/div>\n\t\t\t\t\t<\/div>\n\t\t<\/section>\n\t\t\t\t<section class=\"elementor-section elementor-top-section elementor-element elementor-element-2db3445 elementor-section-boxed elementor-section-height-default elementor-section-height-default\" data-id=\"2db3445\" data-element_type=\"section\" data-e-type=\"section\">\n\t\t\t\t\t\t<div class=\"elementor-container elementor-column-gap-default\">\n\t\t\t\t\t<div class=\"elementor-column elementor-col-100 elementor-top-column elementor-element elementor-element-1d2719a\" data-id=\"1d2719a\" data-element_type=\"column\" data-e-type=\"column\">\n\t\t\t<div class=\"elementor-widget-wrap elementor-element-populated\">\n\t\t\t\t\t\t<div class=\"elementor-element elementor-element-f30d39b elementor-widget elementor-widget-text-editor\" data-id=\"f30d39b\" data-element_type=\"widget\" data-e-type=\"widget\" data-widget_type=\"text-editor.default\">\n\t\t\t\t<div class=\"elementor-widget-container\">\n\t\t\t\t\t\t\t\t\t<h5>Steinzeitprojekt der 5. Klassen<\/h5><p>Am Montag, den 6. Februar 2023 bekamen die f\u00fcnften Klassen Besuch vom Arch\u00e4ologie-Museum in Meppen. Einen Vormittag lang drehte sich alles um das Thema Steinzeit. Zuerst lernten die Sch\u00fclerinnen und Sch\u00fcler typische Werkzeuge aus der Steinzeit kennen. Danach durften sie eine eigene kleine Tonschale t\u00f6pfern. Im Anschluss ging es nach drau\u00dfen, wo die Sch\u00fclerinnen und Sch\u00fcler mit gro\u00dfer Begeisterung das Bogenschie\u00dfen \u00fcbten. Auch der Umgang mit Feuerstein und Zunder war Teil des Steinzeitprogramms und erweckte gro\u00dfes Interesse.<\/p>\t\t\t\t\t\t\t\t<\/div>\n\t\t\t\t<\/div>\n\t\t\t\t\t<\/div>\n\t\t<\/div>\n\t\t\t\t\t<\/div>\n\t\t<\/section>\n\t\t\t\t<section class=\"elementor-section elementor-top-section elementor-element elementor-element-e4897f5 elementor-section-boxed elementor-section-height-default elementor-section-height-default\" data-id=\"e4897f5\" data-element_type=\"section\" data-e-type=\"section\">\n\t\t\t\t\t\t<div class=\"elementor-container elementor-column-gap-default\">\n\t\t\t\t\t<div class=\"elementor-column elementor-col-100 elementor-top-column elementor-element elementor-element-26aae03\" data-id=\"26aae03\" data-element_type=\"column\" data-e-type=\"column\">\n\t\t\t<div class=\"elementor-widget-wrap elementor-element-populated\">\n\t\t\t\t\t\t<div class=\"elementor-element elementor-element-7ff6f6e elementor-widget elementor-widget-spacer\" data-id=\"7ff6f6e\" data-element_type=\"widget\" data-e-type=\"widget\" data-widget_type=\"spacer.default\">\n\t\t\t\t<div class=\"elementor-widget-container\">\n\t\t\t\t\t\t\t<div class=\"elementor-spacer\">\n\t\t\t<div class=\"elementor-spacer-inner\"><\/div>\n\t\t<\/div>\n\t\t\t\t\t\t<\/div>\n\t\t\t\t<\/div>\n\t\t\t\t\t<\/div>\n\t\t<\/div>\n\t\t\t\t\t<\/div>\n\t\t<\/section>\n\t\t\t\t<section class=\"elementor-section elementor-top-section elementor-element elementor-element-af82ddc elementor-section-boxed elementor-section-height-default elementor-section-height-default\" data-id=\"af82ddc\" data-element_type=\"section\" data-e-type=\"section\">\n\t\t\t\t\t\t<div class=\"elementor-container elementor-column-gap-default\">\n\t\t\t\t\t<div class=\"elementor-column elementor-col-100 elementor-top-column elementor-element elementor-element-a3d8340\" data-id=\"a3d8340\" data-element_type=\"column\" data-e-type=\"column\">\n\t\t\t<div class=\"elementor-widget-wrap elementor-element-populated\">\n\t\t\t\t\t\t<div class=\"elementor-element elementor-element-6aaa066 elementor-widget elementor-widget-heading\" data-id=\"6aaa066\" data-element_type=\"widget\" data-e-type=\"widget\" data-widget_type=\"heading.default\">\n\t\t\t\t<div class=\"elementor-widget-container\">\n\t\t\t\t\t<h2 class=\"elementor-heading-title elementor-size-default\">Oktober 2023: Friedenstag<\/h2>\t\t\t\t<\/div>\n\t\t\t\t<\/div>\n\t\t\t\t\t<\/div>\n\t\t<\/div>\n\t\t\t\t\t<\/div>\n\t\t<\/section>\n\t\t\t\t<section class=\"elementor-section elementor-top-section elementor-element elementor-element-e943c59 elementor-section-boxed elementor-section-height-default elementor-section-height-default\" data-id=\"e943c59\" data-element_type=\"section\" data-e-type=\"section\">\n\t\t\t\t\t\t<div class=\"elementor-container elementor-column-gap-default\">\n\t\t\t\t\t<div class=\"elementor-column elementor-col-100 elementor-top-column elementor-element elementor-element-6e62604\" data-id=\"6e62604\" data-element_type=\"column\" data-e-type=\"column\">\n\t\t\t<div class=\"elementor-widget-wrap elementor-element-populated\">\n\t\t\t\t\t\t<div class=\"elementor-element elementor-element-d87e9a0 elementor-widget elementor-widget-image\" data-id=\"d87e9a0\" data-element_type=\"widget\" data-e-type=\"widget\" data-widget_type=\"image.default\">\n\t\t\t\t<div class=\"elementor-widget-container\">\n\t\t\t\t\t\t\t\t\t\t\t\t\t\t\t<img loading=\"lazy\" decoding=\"async\" width=\"300\" height=\"200\" src=\"https:\/\/wp.paulmoorschule-freren.de\/wp-content\/uploads\/2022\/11\/IMG_5828-300x200.jpg\" class=\"attachment-medium size-medium wp-image-594\" alt=\"\" srcset=\"https:\/\/wp.paulmoorschule-freren.de\/wp-content\/uploads\/2022\/11\/IMG_5828-300x200.jpg 300w, https:\/\/wp.paulmoorschule-freren.de\/wp-content\/uploads\/2022\/11\/IMG_5828-1024x683.jpg 1024w, https:\/\/wp.paulmoorschule-freren.de\/wp-content\/uploads\/2022\/11\/IMG_5828-768x512.jpg 768w, https:\/\/wp.paulmoorschule-freren.de\/wp-content\/uploads\/2022\/11\/IMG_5828-1536x1024.jpg 1536w, https:\/\/wp.paulmoorschule-freren.de\/wp-content\/uploads\/2022\/11\/IMG_5828-2048x1365.jpg 2048w\" sizes=\"(max-width: 300px) 85vw, 300px\" \/>\t\t\t\t\t\t\t\t\t\t\t\t\t\t\t<\/div>\n\t\t\t\t<\/div>\n\t\t\t\t\t<\/div>\n\t\t<\/div>\n\t\t\t\t\t<\/div>\n\t\t<\/section>\n\t\t\t\t<section class=\"elementor-section elementor-top-section elementor-element elementor-element-eab52f4 elementor-section-boxed elementor-section-height-default elementor-section-height-default\" data-id=\"eab52f4\" data-element_type=\"section\" data-e-type=\"section\">\n\t\t\t\t\t\t<div class=\"elementor-container elementor-column-gap-default\">\n\t\t\t\t\t<div class=\"elementor-column elementor-col-33 elementor-top-column elementor-element elementor-element-e052992\" data-id=\"e052992\" data-element_type=\"column\" data-e-type=\"column\">\n\t\t\t<div class=\"elementor-widget-wrap\">\n\t\t\t\t\t\t\t<\/div>\n\t\t<\/div>\n\t\t\t\t<div class=\"elementor-column elementor-col-66 elementor-top-column elementor-element elementor-element-25cf977\" data-id=\"25cf977\" data-element_type=\"column\" data-e-type=\"column\">\n\t\t\t<div class=\"elementor-widget-wrap elementor-element-populated\">\n\t\t\t\t\t\t<div class=\"elementor-element elementor-element-da4bafb elementor-widget elementor-widget-text-editor\" data-id=\"da4bafb\" data-element_type=\"widget\" data-e-type=\"widget\" data-widget_type=\"text-editor.default\">\n\t\t\t\t<div class=\"elementor-widget-container\">\n\t\t\t\t\t\t\t\t\t<p>Am Donnerstag, den 13.10.2022 fand an der Paul-Moor-Schule Freren ein Projekttag zum Thema Frieden statt. Im Rahmen der vom Kultusminister initiierten Friedens-Aktionswochen \u201eNiedersachsens Schulen. Klar f\u00fcr den Frieden\u201c setzte auch die F\u00f6rderschule Lernen ein Zeichen gegen Krieg in der Welt und f\u00fcr ein friedvollen Miteinander der Menschen.<\/p><p>Einen Vormittag lang besch\u00e4ftigten sich die Sch\u00fclerinnen und Sch\u00fcler in vier klassen\u00fcbergreifenden Gruppen mit unterschiedlichen Schwerpunktsetzungen mit dem Thema Frieden. Eine Gruppe erstellte einen Friedenszaun, indem sie einzelne Holzzaunelemente mit Friedenssymbolen und dem Wort \u201eFrieden\u201c in verschiedenen Sprachen bemalte. In der Kochgruppe wurden, passend zur Herkunft einiger Sch\u00fcler, leckere arabische Grieskuchen, rum\u00e4nische K\u00e4sestangen und t\u00fcrkische B\u00f6rek hergestellt. Eine Gruppe gestaltete eine gro\u00dfe Holzwand mit unterschiedlichen Friedenszeichen. Ebenso entstand dort eine Leinwand mit dem \u201ePeace-Zeichen\u201c und individuellen Fingerabdr\u00fccken. Die Gruppe \u201eK\u00e4mpfen geht auch friedlich\u201c lernte zun\u00e4chst den indischen Freiheitsk\u00e4mpfer Mahatma Gandhi kennen. Anschlie\u00dfend erprobten sie ihre Kr\u00e4fte mit Spiel und Spa\u00df in friedlichen Strukturen.<\/p><p>Nach einer kurzen Vorstellung der Projekte wurde der erfolgreiche Tag mit einem gemeinsamen Film f\u00fcr alle Sch\u00fclerinnen und Sch\u00fcler beendet.<\/p><p>\u00a0<\/p>\t\t\t\t\t\t\t\t<\/div>\n\t\t\t\t<\/div>\n\t\t\t\t\t<\/div>\n\t\t<\/div>\n\t\t\t\t\t<\/div>\n\t\t<\/section>\n\t\t\t\t<\/div>\n\t\t","protected":false},"excerpt":{"rendered":"<p>Juni 2023: Emslandspiele Emslandspiele bei Traumwetter Sportliche Organisation durch die PMS Mehr als 150 Sch\u00fcler und Sch\u00fclerinnen aus 9 F\u00f6rderschulen nahmen vor kurzem an den 49. Emslandspielen in Hasel\u00fcnne teil. Es handelt sich dabei um ein traditionelles Sportfest, das seit 1972 durchgef\u00fchrt wird. Weil eine solche Veranstaltung von einer Schule allein kaum mehr zu stemmen &hellip; <a href=\"https:\/\/wp.paulmoorschule-freren.de\/?page_id=726\" class=\"more-link\"><span class=\"screen-reader-text\">\u201eSchuljahr 2022\/23\u201c <\/span>weiterlesen<\/a><\/p>\n","protected":false},"author":1,"featured_media":0,"parent":0,"menu_order":0,"comment_status":"closed","ping_status":"closed","template":"","meta":{"footnotes":""},"class_list":["post-726","page","type-page","status-publish","hentry"],"_links":{"self":[{"href":"https:\/\/wp.paulmoorschule-freren.de\/index.php?rest_route=\/wp\/v2\/pages\/726","targetHints":{"allow":["GET"]}}],"collection":[{"href":"https:\/\/wp.paulmoorschule-freren.de\/index.php?rest_route=\/wp\/v2\/pages"}],"about":[{"href":"https:\/\/wp.paulmoorschule-freren.de\/index.php?rest_route=\/wp\/v2\/types\/page"}],"author":[{"embeddable":true,"href":"https:\/\/wp.paulmoorschule-freren.de\/index.php?rest_route=\/wp\/v2\/users\/1"}],"replies":[{"embeddable":true,"href":"https:\/\/wp.paulmoorschule-freren.de\/index.php?rest_route=%2Fwp%2Fv2%2Fcomments&post=726"}],"version-history":[{"count":7,"href":"https:\/\/wp.paulmoorschule-freren.de\/index.php?rest_route=\/wp\/v2\/pages\/726\/revisions"}],"predecessor-version":[{"id":736,"href":"https:\/\/wp.paulmoorschule-freren.de\/index.php?rest_route=\/wp\/v2\/pages\/726\/revisions\/736"}],"wp:attachment":[{"href":"https:\/\/wp.paulmoorschule-freren.de\/index.php?rest_route=%2Fwp%2Fv2%2Fmedia&parent=726"}],"curies":[{"name":"wp","href":"https:\/\/api.w.org\/{rel}","templated":true}]}}