{"id":71,"date":"2019-01-13T13:52:17","date_gmt":"2019-01-13T13:52:17","guid":{"rendered":"http:\/\/wp.paulmoorschule-freren.de\/?page_id=71"},"modified":"2026-01-08T11:00:23","modified_gmt":"2026-01-08T11:00:23","slug":"schulprogramm","status":"publish","type":"page","link":"https:\/\/wp.paulmoorschule-freren.de\/?page_id=71","title":{"rendered":"Leitbild"},"content":{"rendered":"\t\t<div data-elementor-type=\"wp-post\" data-elementor-id=\"71\" class=\"elementor elementor-71\">\n\t\t\t\t\t\t<section class=\"elementor-section elementor-top-section elementor-element elementor-element-14e1d5a elementor-section-boxed elementor-section-height-default elementor-section-height-default\" data-id=\"14e1d5a\" data-element_type=\"section\" data-e-type=\"section\">\n\t\t\t\t\t\t<div class=\"elementor-container elementor-column-gap-default\">\n\t\t\t\t\t<div class=\"elementor-column elementor-col-100 elementor-top-column elementor-element elementor-element-a06a618\" data-id=\"a06a618\" data-element_type=\"column\" data-e-type=\"column\">\n\t\t\t<div class=\"elementor-widget-wrap elementor-element-populated\">\n\t\t\t\t\t\t<div class=\"elementor-element elementor-element-38acbf5 elementor-widget elementor-widget-text-editor\" data-id=\"38acbf5\" data-element_type=\"widget\" data-e-type=\"widget\" data-widget_type=\"text-editor.default\">\n\t\t\t\t<div class=\"elementor-widget-container\">\n\t\t\t\t\t\t\t\t\t<p><span class=\"normal\">Wir, die Paul-Moor-Schule Freren, sind eine Schule mit den F\u00f6rderschwerpunkten Lernen und emotionale und soziale Entwicklung. <\/span><\/p><p>An unserer Schule wollen wir die Sch\u00fclerinnen und Sch\u00fcler dazu bef\u00e4higen, mit sich selbst und ihrer Umwelt zurechtzukommen, um schlie\u00dflich in gr\u00f6\u00dftm\u00f6glicher Selbst\u00e4ndigkeit erfolgreich am Leben der Gesellschaft teilnehmen zu k\u00f6nnen.<br \/>\u201eNicht gegen den Fehler sondern f\u00fcr das Fehlende\u201c war die \u00fcberzeugte Haltung unseres Namengebers Paul Moor, einem Schweizer P\u00e4dagogen.<br \/>Wir versuchen, die als herausfordernd empfundenen Verhaltensweisen der jungen Menschen zu lesen und zu verstehen. Solche Verhaltensweisen, die oft nicht vorhersehbar, nicht nachvollziehbar und nicht beeinflussbar erscheinen. Das Ber\u00fccksichtigen von urs\u00e4chlichen und ausl\u00f6senden Gegebenheiten erm\u00f6glicht es, das individuelle Verhaltensrepertoire der Sch\u00fclerinnen und Sch\u00fcler zu erweitern, erw\u00fcnschtes Verhalten anzubahnen und zu festigen.<br \/>Was braucht die Sch\u00fclerin\/ der Sch\u00fcler? Was fehlt diesem Menschen?<br \/>Unsere Schule verfolgt die Erziehungs- und Bildungsziele, die wir am Beispiel der Treppe verdeutlichen wollen.<\/p>\t\t\t\t\t\t\t\t<\/div>\n\t\t\t\t<\/div>\n\t\t\t\t\t<\/div>\n\t\t<\/div>\n\t\t\t\t\t<\/div>\n\t\t<\/section>\n\t\t\t\t<section class=\"elementor-section elementor-top-section elementor-element elementor-element-8e3685e elementor-section-boxed elementor-section-height-default elementor-section-height-default\" data-id=\"8e3685e\" data-element_type=\"section\" data-e-type=\"section\">\n\t\t\t\t\t\t<div class=\"elementor-container elementor-column-gap-default\">\n\t\t\t\t\t<div class=\"elementor-column elementor-col-100 elementor-top-column elementor-element elementor-element-f24142e\" data-id=\"f24142e\" data-element_type=\"column\" data-e-type=\"column\">\n\t\t\t<div class=\"elementor-widget-wrap elementor-element-populated\">\n\t\t\t\t\t\t<div class=\"elementor-element elementor-element-544ba7b elementor-widget elementor-widget-image\" data-id=\"544ba7b\" data-element_type=\"widget\" data-e-type=\"widget\" data-widget_type=\"image.default\">\n\t\t\t\t<div class=\"elementor-widget-container\">\n\t\t\t\t\t\t\t\t\t\t\t\t\t\t\t<img fetchpriority=\"high\" decoding=\"async\" width=\"840\" height=\"416\" src=\"https:\/\/wp.paulmoorschule-freren.de\/wp-content\/uploads\/2026\/01\/Leitbild-1024x507.png\" class=\"attachment-large size-large wp-image-1337\" alt=\"\" srcset=\"https:\/\/wp.paulmoorschule-freren.de\/wp-content\/uploads\/2026\/01\/Leitbild-1024x507.png 1024w, https:\/\/wp.paulmoorschule-freren.de\/wp-content\/uploads\/2026\/01\/Leitbild-300x149.png 300w, https:\/\/wp.paulmoorschule-freren.de\/wp-content\/uploads\/2026\/01\/Leitbild-768x380.png 768w, https:\/\/wp.paulmoorschule-freren.de\/wp-content\/uploads\/2026\/01\/Leitbild.png 1171w\" sizes=\"(max-width: 709px) 85vw, (max-width: 909px) 67vw, (max-width: 1362px) 62vw, 840px\" \/>\t\t\t\t\t\t\t\t\t\t\t\t\t\t\t<\/div>\n\t\t\t\t<\/div>\n\t\t\t\t\t<\/div>\n\t\t<\/div>\n\t\t\t\t\t<\/div>\n\t\t<\/section>\n\t\t\t\t<section class=\"elementor-section elementor-top-section elementor-element elementor-element-3e29780 elementor-section-boxed elementor-section-height-default elementor-section-height-default\" data-id=\"3e29780\" data-element_type=\"section\" data-e-type=\"section\">\n\t\t\t\t\t\t<div class=\"elementor-container elementor-column-gap-default\">\n\t\t\t\t\t<div class=\"elementor-column elementor-col-100 elementor-top-column elementor-element elementor-element-81ed558\" data-id=\"81ed558\" data-element_type=\"column\" data-e-type=\"column\">\n\t\t\t<div class=\"elementor-widget-wrap elementor-element-populated\">\n\t\t\t\t\t\t<div class=\"elementor-element elementor-element-910110c elementor-widget-divider--view-line elementor-widget elementor-widget-divider\" data-id=\"910110c\" data-element_type=\"widget\" data-e-type=\"widget\" data-widget_type=\"divider.default\">\n\t\t\t\t<div class=\"elementor-widget-container\">\n\t\t\t\t\t\t\t<div class=\"elementor-divider\">\n\t\t\t<span class=\"elementor-divider-separator\">\n\t\t\t\t\t\t<\/span>\n\t\t<\/div>\n\t\t\t\t\t\t<\/div>\n\t\t\t\t<\/div>\n\t\t\t\t\t<\/div>\n\t\t<\/div>\n\t\t\t\t\t<\/div>\n\t\t<\/section>\n\t\t\t\t<section class=\"elementor-section elementor-top-section elementor-element elementor-element-bce5f3e elementor-section-boxed elementor-section-height-default elementor-section-height-default\" data-id=\"bce5f3e\" data-element_type=\"section\" data-e-type=\"section\">\n\t\t\t\t\t\t<div class=\"elementor-container elementor-column-gap-default\">\n\t\t\t\t\t<div class=\"elementor-column elementor-col-100 elementor-top-column elementor-element elementor-element-1099b5a\" data-id=\"1099b5a\" data-element_type=\"column\" data-e-type=\"column\">\n\t\t\t<div class=\"elementor-widget-wrap elementor-element-populated\">\n\t\t\t\t\t\t<div class=\"elementor-element elementor-element-d925412 elementor-widget elementor-widget-heading\" data-id=\"d925412\" data-element_type=\"widget\" data-e-type=\"widget\" data-widget_type=\"heading.default\">\n\t\t\t\t<div class=\"elementor-widget-container\">\n\t\t\t\t\t<h2 class=\"elementor-heading-title elementor-size-default\">Paul Moor<\/h2>\t\t\t\t<\/div>\n\t\t\t\t<\/div>\n\t\t\t\t\t<\/div>\n\t\t<\/div>\n\t\t\t\t\t<\/div>\n\t\t<\/section>\n\t\t\t\t<section class=\"elementor-section elementor-top-section elementor-element elementor-element-249449f elementor-section-boxed elementor-section-height-default elementor-section-height-default\" data-id=\"249449f\" data-element_type=\"section\" data-e-type=\"section\">\n\t\t\t\t\t\t<div class=\"elementor-container elementor-column-gap-default\">\n\t\t\t\t\t<div class=\"elementor-column elementor-col-100 elementor-top-column elementor-element elementor-element-ac22c1e\" data-id=\"ac22c1e\" data-element_type=\"column\" data-e-type=\"column\">\n\t\t\t<div class=\"elementor-widget-wrap elementor-element-populated\">\n\t\t\t\t\t\t<div class=\"elementor-element elementor-element-748c222 elementor-widget elementor-widget-text-editor\" data-id=\"748c222\" data-element_type=\"widget\" data-e-type=\"widget\" data-widget_type=\"text-editor.default\">\n\t\t\t\t<div class=\"elementor-widget-container\">\n\t\t\t\t\t\t\t\t\t<p><img decoding=\"async\" class=\"alignnone size-full wp-image-85\" src=\"https:\/\/wp.paulmoorschule-freren.de\/wp-content\/uploads\/2019\/01\/paulmoor_250.jpg\" alt=\"\" width=\"96\" height=\"128\" \/>*27.07.1899 &#8211; gest. 16.08.1977<\/p><p>1924 promovierte Moor in Mathematik und unterrichtete zwei Jahre an einer Mittelschule. 1929\/1930 wurde er Sch\u00fcler bei dem damaligen Rektor des heilp\u00e4dagogischen Seminars in Z\u00fcrich, Heinrich Hanselmann. Danach leitete er gemeinsam mir seiner Frau ein Kinderheim in der N\u00e4he von F\u00fcrstenwalde. 1931 \u00fcbernahm Moor die Leitung der gerade er\u00f6ffneten Beobachtungsstation des Landeserziehungsheimes Albisbrunn. 1933 nahm er seine p\u00e4dagogischen und psychologischen Studien wieder auf und promovierte im Herbst 1935 in Z\u00fcrich. Zwischen 1949 und 1961 leitete er das Heilp\u00e4dagogische Seminar und \u00fcbernahm 1951, ebenfalls von Hanselmann, den Lehrstuhl f\u00fcr Heilp\u00e4dagogik an der Universit\u00e4t Z\u00fcrich als au\u00dferordentlicher Professor. 1942 habilitierte er und wurde erst 1968 emeritiert. Er lebte bis zu seinem Tod am Z\u00fcrichsee.<\/p><p>Paul Moor ver\u00f6ffentlichte etwa 100 Schriften; die wohl bekannteste ist das 1965 erstmalig erschienene p\u00e4dagogische Lehrbuch &#8222;Heilp\u00e4dagogik&#8220;.<\/p><p>1983 wurde ihm zu Ehren unsere F\u00f6rderschule in die Paul-Moor-Schule umbenannt.<\/p>\t\t\t\t\t\t\t\t<\/div>\n\t\t\t\t<\/div>\n\t\t\t\t\t<\/div>\n\t\t<\/div>\n\t\t\t\t\t<\/div>\n\t\t<\/section>\n\t\t\t\t<section class=\"elementor-section elementor-top-section elementor-element elementor-element-4d67a6a elementor-section-boxed elementor-section-height-default elementor-section-height-default\" data-id=\"4d67a6a\" data-element_type=\"section\" data-e-type=\"section\">\n\t\t\t\t\t\t<div class=\"elementor-container elementor-column-gap-default\">\n\t\t\t\t\t<div class=\"elementor-column elementor-col-100 elementor-top-column elementor-element elementor-element-daf9bfc\" data-id=\"daf9bfc\" data-element_type=\"column\" data-e-type=\"column\">\n\t\t\t<div class=\"elementor-widget-wrap elementor-element-populated\">\n\t\t\t\t\t\t<div class=\"elementor-element elementor-element-2506b94 elementor-widget elementor-widget-heading\" data-id=\"2506b94\" data-element_type=\"widget\" data-e-type=\"widget\" data-widget_type=\"heading.default\">\n\t\t\t\t<div class=\"elementor-widget-container\">\n\t\t\t\t\t<h2 class=\"elementor-heading-title elementor-size-default\">Rundgang<\/h2>\t\t\t\t<\/div>\n\t\t\t\t<\/div>\n\t\t\t\t\t<\/div>\n\t\t<\/div>\n\t\t\t\t\t<\/div>\n\t\t<\/section>\n\t\t\t\t<section class=\"elementor-section elementor-top-section elementor-element elementor-element-0a44edc elementor-section-boxed elementor-section-height-default elementor-section-height-default\" data-id=\"0a44edc\" data-element_type=\"section\" data-e-type=\"section\">\n\t\t\t\t\t\t<div class=\"elementor-container elementor-column-gap-default\">\n\t\t\t\t\t<div class=\"elementor-column elementor-col-100 elementor-top-column elementor-element elementor-element-84336cd\" data-id=\"84336cd\" data-element_type=\"column\" data-e-type=\"column\">\n\t\t\t<div class=\"elementor-widget-wrap elementor-element-populated\">\n\t\t\t\t\t\t<div class=\"elementor-element elementor-element-11c6c04 elementor-arrows-position-inside elementor-pagination-position-outside elementor-widget elementor-widget-image-carousel\" data-id=\"11c6c04\" data-element_type=\"widget\" data-e-type=\"widget\" data-settings=\"{&quot;navigation&quot;:&quot;both&quot;,&quot;autoplay&quot;:&quot;yes&quot;,&quot;pause_on_hover&quot;:&quot;yes&quot;,&quot;pause_on_interaction&quot;:&quot;yes&quot;,&quot;autoplay_speed&quot;:5000,&quot;infinite&quot;:&quot;yes&quot;,&quot;speed&quot;:500}\" data-widget_type=\"image-carousel.default\">\n\t\t\t\t<div class=\"elementor-widget-container\">\n\t\t\t\t\t\t\t<div class=\"elementor-image-carousel-wrapper swiper\" role=\"region\" aria-roledescription=\"carousel\" aria-label=\"Bild Karussell\" dir=\"ltr\">\n\t\t\t<div class=\"elementor-image-carousel swiper-wrapper\" aria-live=\"off\">\n\t\t\t\t\t\t\t\t<div class=\"swiper-slide\" role=\"group\" aria-roledescription=\"slide\" aria-label=\"1 von 9\"><figure class=\"swiper-slide-inner\"><img decoding=\"async\" class=\"swiper-slide-image\" src=\"https:\/\/wp.paulmoorschule-freren.de\/wp-content\/uploads\/2019\/01\/p2250043cols2-150x143.jpg\" alt=\"p2250043cols2\" \/><\/figure><\/div><div class=\"swiper-slide\" role=\"group\" aria-roledescription=\"slide\" aria-label=\"2 von 9\"><figure class=\"swiper-slide-inner\"><img decoding=\"async\" class=\"swiper-slide-image\" src=\"https:\/\/wp.paulmoorschule-freren.de\/wp-content\/uploads\/2019\/01\/p2250041cols2-150x143.jpg\" alt=\"p2250041cols2\" \/><\/figure><\/div><div class=\"swiper-slide\" role=\"group\" aria-roledescription=\"slide\" aria-label=\"3 von 9\"><figure class=\"swiper-slide-inner\"><img decoding=\"async\" class=\"swiper-slide-image\" src=\"https:\/\/wp.paulmoorschule-freren.de\/wp-content\/uploads\/2019\/01\/p2250036-150x150.jpg\" alt=\"p2250036\" \/><\/figure><\/div><div class=\"swiper-slide\" role=\"group\" aria-roledescription=\"slide\" aria-label=\"4 von 9\"><figure class=\"swiper-slide-inner\"><img decoding=\"async\" class=\"swiper-slide-image\" src=\"https:\/\/wp.paulmoorschule-freren.de\/wp-content\/uploads\/2019\/01\/p2250027cols2-150x143.jpg\" alt=\"p2250027cols2\" \/><\/figure><\/div><div class=\"swiper-slide\" role=\"group\" aria-roledescription=\"slide\" aria-label=\"5 von 9\"><figure class=\"swiper-slide-inner\"><img decoding=\"async\" class=\"swiper-slide-image\" src=\"https:\/\/wp.paulmoorschule-freren.de\/wp-content\/uploads\/2019\/01\/img1240cols2-e1548013289169-150x79.jpg\" alt=\"img1240cols2\" \/><\/figure><\/div><div class=\"swiper-slide\" role=\"group\" aria-roledescription=\"slide\" aria-label=\"6 von 9\"><figure class=\"swiper-slide-inner\"><img decoding=\"async\" class=\"swiper-slide-image\" src=\"https:\/\/wp.paulmoorschule-freren.de\/wp-content\/uploads\/2019\/01\/img0271cols2-e1603740638633-150x143.jpg\" alt=\"img0271cols2\" \/><\/figure><\/div><div class=\"swiper-slide\" role=\"group\" aria-roledescription=\"slide\" aria-label=\"7 von 9\"><figure class=\"swiper-slide-inner\"><img decoding=\"async\" class=\"swiper-slide-image\" src=\"https:\/\/wp.paulmoorschule-freren.de\/wp-content\/uploads\/2019\/01\/img0269cols2-150x143.jpg\" alt=\"img0269cols2\" \/><\/figure><\/div><div class=\"swiper-slide\" role=\"group\" aria-roledescription=\"slide\" aria-label=\"8 von 9\"><figure class=\"swiper-slide-inner\"><img decoding=\"async\" class=\"swiper-slide-image\" src=\"https:\/\/wp.paulmoorschule-freren.de\/wp-content\/uploads\/2019\/01\/img0268cols2-150x143.jpg\" alt=\"img0268cols2\" \/><\/figure><\/div><div class=\"swiper-slide\" role=\"group\" aria-roledescription=\"slide\" aria-label=\"9 von 9\"><figure class=\"swiper-slide-inner\"><img decoding=\"async\" class=\"swiper-slide-image\" src=\"https:\/\/wp.paulmoorschule-freren.de\/wp-content\/uploads\/2019\/01\/img0265cols2-150x143.jpg\" alt=\"img0265cols2\" \/><\/figure><\/div>\t\t\t<\/div>\n\t\t\t\t\t\t\t\t\t\t\t\t<div class=\"elementor-swiper-button elementor-swiper-button-prev\" role=\"button\" tabindex=\"0\">\n\t\t\t\t\t\t<i aria-hidden=\"true\" class=\"eicon-chevron-left\"><\/i>\t\t\t\t\t<\/div>\n\t\t\t\t\t<div class=\"elementor-swiper-button elementor-swiper-button-next\" role=\"button\" tabindex=\"0\">\n\t\t\t\t\t\t<i aria-hidden=\"true\" class=\"eicon-chevron-right\"><\/i>\t\t\t\t\t<\/div>\n\t\t\t\t\n\t\t\t\t\t\t\t\t\t<div class=\"swiper-pagination\"><\/div>\n\t\t\t\t\t\t\t\t\t<\/div>\n\t\t\t\t\t\t<\/div>\n\t\t\t\t<\/div>\n\t\t\t\t\t<\/div>\n\t\t<\/div>\n\t\t\t\t\t<\/div>\n\t\t<\/section>\n\t\t\t\t<\/div>\n\t\t","protected":false},"excerpt":{"rendered":"<p>Wir, die Paul-Moor-Schule Freren, sind eine Schule mit den F\u00f6rderschwerpunkten Lernen und emotionale und soziale Entwicklung. An unserer Schule wollen wir die Sch\u00fclerinnen und Sch\u00fcler dazu bef\u00e4higen, mit sich selbst und ihrer Umwelt zurechtzukommen, um schlie\u00dflich in gr\u00f6\u00dftm\u00f6glicher Selbst\u00e4ndigkeit erfolgreich am Leben der Gesellschaft teilnehmen zu k\u00f6nnen.\u201eNicht gegen den Fehler sondern f\u00fcr das Fehlende\u201c war &hellip; <a href=\"https:\/\/wp.paulmoorschule-freren.de\/?page_id=71\" class=\"more-link\"><span class=\"screen-reader-text\">\u201eLeitbild\u201c <\/span>weiterlesen<\/a><\/p>\n","protected":false},"author":1,"featured_media":0,"parent":0,"menu_order":0,"comment_status":"closed","ping_status":"closed","template":"","meta":{"footnotes":""},"class_list":["post-71","page","type-page","status-publish","hentry"],"_links":{"self":[{"href":"https:\/\/wp.paulmoorschule-freren.de\/index.php?rest_route=\/wp\/v2\/pages\/71","targetHints":{"allow":["GET"]}}],"collection":[{"href":"https:\/\/wp.paulmoorschule-freren.de\/index.php?rest_route=\/wp\/v2\/pages"}],"about":[{"href":"https:\/\/wp.paulmoorschule-freren.de\/index.php?rest_route=\/wp\/v2\/types\/page"}],"author":[{"embeddable":true,"href":"https:\/\/wp.paulmoorschule-freren.de\/index.php?rest_route=\/wp\/v2\/users\/1"}],"replies":[{"embeddable":true,"href":"https:\/\/wp.paulmoorschule-freren.de\/index.php?rest_route=%2Fwp%2Fv2%2Fcomments&post=71"}],"version-history":[{"count":25,"href":"https:\/\/wp.paulmoorschule-freren.de\/index.php?rest_route=\/wp\/v2\/pages\/71\/revisions"}],"predecessor-version":[{"id":1352,"href":"https:\/\/wp.paulmoorschule-freren.de\/index.php?rest_route=\/wp\/v2\/pages\/71\/revisions\/1352"}],"wp:attachment":[{"href":"https:\/\/wp.paulmoorschule-freren.de\/index.php?rest_route=%2Fwp%2Fv2%2Fmedia&parent=71"}],"curies":[{"name":"wp","href":"https:\/\/api.w.org\/{rel}","templated":true}]}}