{"id":1209,"date":"2025-09-03T16:30:33","date_gmt":"2025-09-03T16:30:33","guid":{"rendered":"https:\/\/wp.paulmoorschule-freren.de\/?page_id=1209"},"modified":"2025-09-16T13:02:27","modified_gmt":"2025-09-16T13:02:27","slug":"elementor-1209","status":"publish","type":"page","link":"https:\/\/wp.paulmoorschule-freren.de\/?page_id=1209","title":{"rendered":"Schuljahr 2024\/2025"},"content":{"rendered":"\t\t<div data-elementor-type=\"wp-post\" data-elementor-id=\"1209\" class=\"elementor elementor-1209\">\n\t\t\t\t\t\t<section class=\"elementor-section elementor-top-section elementor-element elementor-element-8ed4930 elementor-section-boxed elementor-section-height-default elementor-section-height-default\" data-id=\"8ed4930\" data-element_type=\"section\" data-e-type=\"section\">\n\t\t\t\t\t\t<div class=\"elementor-container elementor-column-gap-default\">\n\t\t\t\t\t<div class=\"elementor-column elementor-col-100 elementor-top-column elementor-element elementor-element-7733980\" data-id=\"7733980\" data-element_type=\"column\" data-e-type=\"column\">\n\t\t\t<div class=\"elementor-widget-wrap\">\n\t\t\t\t\t\t\t<\/div>\n\t\t<\/div>\n\t\t\t\t\t<\/div>\n\t\t<\/section>\n\t\t\t\t<section class=\"elementor-section elementor-top-section elementor-element elementor-element-628a984 elementor-section-boxed elementor-section-height-default elementor-section-height-default\" data-id=\"628a984\" data-element_type=\"section\" data-e-type=\"section\">\n\t\t\t\t\t\t<div class=\"elementor-container elementor-column-gap-default\">\n\t\t\t\t\t<div class=\"elementor-column elementor-col-100 elementor-top-column elementor-element elementor-element-ee3b8d3\" data-id=\"ee3b8d3\" data-element_type=\"column\" data-e-type=\"column\">\n\t\t\t<div class=\"elementor-widget-wrap elementor-element-populated\">\n\t\t\t\t\t\t<div class=\"elementor-element elementor-element-64a334f elementor-widget elementor-widget-heading\" data-id=\"64a334f\" data-element_type=\"widget\" data-e-type=\"widget\" data-widget_type=\"heading.default\">\n\t\t\t\t<div class=\"elementor-widget-container\">\n\t\t\t\t\t<h2 class=\"elementor-heading-title elementor-size-default\">Juli 2025<\/h2>\t\t\t\t<\/div>\n\t\t\t\t<\/div>\n\t\t\t\t\t<\/div>\n\t\t<\/div>\n\t\t\t\t\t<\/div>\n\t\t<\/section>\n\t\t\t\t<section class=\"elementor-section elementor-top-section elementor-element elementor-element-30d1289 elementor-section-boxed elementor-section-height-default elementor-section-height-default\" data-id=\"30d1289\" data-element_type=\"section\" data-e-type=\"section\">\n\t\t\t\t\t\t<div class=\"elementor-container elementor-column-gap-default\">\n\t\t\t\t\t<div class=\"elementor-column elementor-col-100 elementor-top-column elementor-element elementor-element-dfb0de7\" data-id=\"dfb0de7\" data-element_type=\"column\" data-e-type=\"column\">\n\t\t\t<div class=\"elementor-widget-wrap elementor-element-populated\">\n\t\t\t\t\t\t<div class=\"elementor-element elementor-element-e3ec210 elementor-widget elementor-widget-image-gallery\" data-id=\"e3ec210\" data-element_type=\"widget\" data-e-type=\"widget\" data-widget_type=\"image-gallery.default\">\n\t\t\t\t<div class=\"elementor-widget-container\">\n\t\t\t\t\t\t\t<div class=\"elementor-image-gallery\">\n\t\t\t<div id='gallery-1' class='gallery galleryid-1209 gallery-columns-2 gallery-size-thumbnail'><figure class='gallery-item'>\n\t\t\t<div class='gallery-icon landscape'>\n\t\t\t\t<a data-elementor-open-lightbox=\"yes\" data-elementor-lightbox-slideshow=\"e3ec210\" data-elementor-lightbox-title=\"Ferien5\" data-e-action-hash=\"#elementor-action%3Aaction%3Dlightbox%26settings%3DeyJpZCI6MTE4MywidXJsIjoiaHR0cHM6XC9cL3dwLnBhdWxtb29yc2NodWxlLWZyZXJlbi5kZVwvd3AtY29udGVudFwvdXBsb2Fkc1wvMjAyNVwvMDZcL0ZlcmllbjUtc2NhbGVkLmpwZyIsInNsaWRlc2hvdyI6ImUzZWMyMTAifQ%3D%3D\" href='https:\/\/wp.paulmoorschule-freren.de\/wp-content\/uploads\/2025\/06\/Ferien5-scaled.jpg'><img decoding=\"async\" width=\"150\" height=\"150\" src=\"https:\/\/wp.paulmoorschule-freren.de\/wp-content\/uploads\/2025\/06\/Ferien5-150x150.jpg\" class=\"attachment-thumbnail size-thumbnail\" alt=\"\" \/><\/a>\n\t\t\t<\/div><\/figure><figure class='gallery-item'>\n\t\t\t<div class='gallery-icon landscape'>\n\t\t\t\t<a data-elementor-open-lightbox=\"yes\" data-elementor-lightbox-slideshow=\"e3ec210\" data-elementor-lightbox-title=\"Ferien7\" data-e-action-hash=\"#elementor-action%3Aaction%3Dlightbox%26settings%3DeyJpZCI6MTE4NSwidXJsIjoiaHR0cHM6XC9cL3dwLnBhdWxtb29yc2NodWxlLWZyZXJlbi5kZVwvd3AtY29udGVudFwvdXBsb2Fkc1wvMjAyNVwvMDZcL0Zlcmllbjctc2NhbGVkLmpwZyIsInNsaWRlc2hvdyI6ImUzZWMyMTAifQ%3D%3D\" href='https:\/\/wp.paulmoorschule-freren.de\/wp-content\/uploads\/2025\/06\/Ferien7-scaled.jpg'><img decoding=\"async\" width=\"150\" height=\"150\" src=\"https:\/\/wp.paulmoorschule-freren.de\/wp-content\/uploads\/2025\/06\/Ferien7-150x150.jpg\" class=\"attachment-thumbnail size-thumbnail\" alt=\"\" \/><\/a>\n\t\t\t<\/div><\/figure><figure class='gallery-item'>\n\t\t\t<div class='gallery-icon landscape'>\n\t\t\t\t<a data-elementor-open-lightbox=\"yes\" data-elementor-lightbox-slideshow=\"e3ec210\" data-elementor-lightbox-title=\"Ferien6\" data-e-action-hash=\"#elementor-action%3Aaction%3Dlightbox%26settings%3DeyJpZCI6MTE4NCwidXJsIjoiaHR0cHM6XC9cL3dwLnBhdWxtb29yc2NodWxlLWZyZXJlbi5kZVwvd3AtY29udGVudFwvdXBsb2Fkc1wvMjAyNVwvMDZcL0ZlcmllbjYtc2NhbGVkLmpwZyIsInNsaWRlc2hvdyI6ImUzZWMyMTAifQ%3D%3D\" href='https:\/\/wp.paulmoorschule-freren.de\/wp-content\/uploads\/2025\/06\/Ferien6-scaled.jpg'><img decoding=\"async\" width=\"150\" height=\"150\" src=\"https:\/\/wp.paulmoorschule-freren.de\/wp-content\/uploads\/2025\/06\/Ferien6-150x150.jpg\" class=\"attachment-thumbnail size-thumbnail\" alt=\"\" \/><\/a>\n\t\t\t<\/div><\/figure><figure class='gallery-item'>\n\t\t\t<div class='gallery-icon landscape'>\n\t\t\t\t<a data-elementor-open-lightbox=\"yes\" data-elementor-lightbox-slideshow=\"e3ec210\" data-elementor-lightbox-title=\"Ferien1\" data-e-action-hash=\"#elementor-action%3Aaction%3Dlightbox%26settings%3DeyJpZCI6MTE3OSwidXJsIjoiaHR0cHM6XC9cL3dwLnBhdWxtb29yc2NodWxlLWZyZXJlbi5kZVwvd3AtY29udGVudFwvdXBsb2Fkc1wvMjAyNVwvMDZcL0ZlcmllbjEtc2NhbGVkLWUxNzUxMzAzMDIwMzA5LmpwZyIsInNsaWRlc2hvdyI6ImUzZWMyMTAifQ%3D%3D\" href='https:\/\/wp.paulmoorschule-freren.de\/wp-content\/uploads\/2025\/06\/Ferien1-scaled-e1751303020309.jpg'><img loading=\"lazy\" decoding=\"async\" width=\"150\" height=\"150\" src=\"https:\/\/wp.paulmoorschule-freren.de\/wp-content\/uploads\/2025\/06\/Ferien1-scaled-e1751303020309-150x150.jpg\" class=\"attachment-thumbnail size-thumbnail\" alt=\"\" \/><\/a>\n\t\t\t<\/div><\/figure><figure class='gallery-item'>\n\t\t\t<div class='gallery-icon landscape'>\n\t\t\t\t<a data-elementor-open-lightbox=\"yes\" data-elementor-lightbox-slideshow=\"e3ec210\" data-elementor-lightbox-title=\"Ferien2\" data-e-action-hash=\"#elementor-action%3Aaction%3Dlightbox%26settings%3DeyJpZCI6MTE4MCwidXJsIjoiaHR0cHM6XC9cL3dwLnBhdWxtb29yc2NodWxlLWZyZXJlbi5kZVwvd3AtY29udGVudFwvdXBsb2Fkc1wvMjAyNVwvMDZcL0ZlcmllbjItc2NhbGVkLWUxNzUxMzAzMDUxNzcwLmpwZyIsInNsaWRlc2hvdyI6ImUzZWMyMTAifQ%3D%3D\" href='https:\/\/wp.paulmoorschule-freren.de\/wp-content\/uploads\/2025\/06\/Ferien2-scaled-e1751303051770.jpg'><img loading=\"lazy\" decoding=\"async\" width=\"150\" height=\"150\" src=\"https:\/\/wp.paulmoorschule-freren.de\/wp-content\/uploads\/2025\/06\/Ferien2-scaled-e1751303051770-150x150.jpg\" class=\"attachment-thumbnail size-thumbnail\" alt=\"\" \/><\/a>\n\t\t\t<\/div><\/figure><figure class='gallery-item'>\n\t\t\t<div class='gallery-icon landscape'>\n\t\t\t\t<a data-elementor-open-lightbox=\"yes\" data-elementor-lightbox-slideshow=\"e3ec210\" data-elementor-lightbox-title=\"Ferien4\" data-e-action-hash=\"#elementor-action%3Aaction%3Dlightbox%26settings%3DeyJpZCI6MTE4MiwidXJsIjoiaHR0cHM6XC9cL3dwLnBhdWxtb29yc2NodWxlLWZyZXJlbi5kZVwvd3AtY29udGVudFwvdXBsb2Fkc1wvMjAyNVwvMDZcL0ZlcmllbjQtc2NhbGVkLWUxNzUxMzAzMDY1Mjc4LmpwZyIsInNsaWRlc2hvdyI6ImUzZWMyMTAifQ%3D%3D\" href='https:\/\/wp.paulmoorschule-freren.de\/wp-content\/uploads\/2025\/06\/Ferien4-scaled-e1751303065278.jpg'><img loading=\"lazy\" decoding=\"async\" width=\"150\" height=\"150\" src=\"https:\/\/wp.paulmoorschule-freren.de\/wp-content\/uploads\/2025\/06\/Ferien4-scaled-e1751303065278-150x150.jpg\" class=\"attachment-thumbnail size-thumbnail\" alt=\"\" \/><\/a>\n\t\t\t<\/div><\/figure>\n\t\t<\/div>\n\t\t<\/div>\n\t\t\t\t\t\t<\/div>\n\t\t\t\t<\/div>\n\t\t\t\t<div class=\"elementor-element elementor-element-c578095 elementor-widget elementor-widget-text-editor\" data-id=\"c578095\" data-element_type=\"widget\" data-e-type=\"widget\" data-widget_type=\"text-editor.default\">\n\t\t\t\t<div class=\"elementor-widget-container\">\n\t\t\t\t\t\t\t\t\t<p>Traditionell fand am Montag vor den Sommerferien nun schon zum 20. Mal der Laufabzeichenwettbewerb statt. Zwischen 15 und 90 Minuten lang sind die Sch\u00fclerinnen und Sch\u00fcler gewalkt oder gejoggt. Auch zum besonderen Jubil\u00e4um teilten Herr Budde und Frau Tholemeyer wieder einige Urkunden und Medaillen aus. Den Klassenpokal holte in diesem Jahr die Klasse 5.\u00a0<\/p><p>Zum Schuljahresende gibt es wieder einen Brief der Nieders\u00e4chsischen Kultusministerin Julia Willie Hamburg (zum Vergr\u00f6\u00dfern bitte anklicken).<\/p><p>Wir freuen uns nun auf die Sommerferien und w\u00fcnschen allen eine erholsame und sch\u00f6ne Zeit.<\/p>\t\t\t\t\t\t\t\t<\/div>\n\t\t\t\t<\/div>\n\t\t\t\t\t<\/div>\n\t\t<\/div>\n\t\t\t\t\t<\/div>\n\t\t<\/section>\n\t\t\t\t<section class=\"elementor-section elementor-top-section elementor-element elementor-element-cece7ac elementor-section-boxed elementor-section-height-default elementor-section-height-default\" data-id=\"cece7ac\" data-element_type=\"section\" data-e-type=\"section\">\n\t\t\t\t\t\t<div class=\"elementor-container elementor-column-gap-default\">\n\t\t\t\t\t<div class=\"elementor-column elementor-col-100 elementor-top-column elementor-element elementor-element-dd77537\" data-id=\"dd77537\" data-element_type=\"column\" data-e-type=\"column\">\n\t\t\t<div class=\"elementor-widget-wrap elementor-element-populated\">\n\t\t\t\t\t\t<div class=\"elementor-element elementor-element-70d8178 elementor-widget elementor-widget-heading\" data-id=\"70d8178\" data-element_type=\"widget\" data-e-type=\"widget\" data-widget_type=\"heading.default\">\n\t\t\t\t<div class=\"elementor-widget-container\">\n\t\t\t\t\t<h2 class=\"elementor-heading-title elementor-size-default\">Juni 2025<\/h2>\t\t\t\t<\/div>\n\t\t\t\t<\/div>\n\t\t\t\t\t<\/div>\n\t\t<\/div>\n\t\t\t\t\t<\/div>\n\t\t<\/section>\n\t\t\t\t<section class=\"elementor-section elementor-top-section elementor-element elementor-element-a877cec elementor-section-boxed elementor-section-height-default elementor-section-height-default\" data-id=\"a877cec\" data-element_type=\"section\" data-e-type=\"section\">\n\t\t\t\t\t\t<div class=\"elementor-container elementor-column-gap-default\">\n\t\t\t\t\t<div class=\"elementor-column elementor-col-100 elementor-top-column elementor-element elementor-element-291da83\" data-id=\"291da83\" data-element_type=\"column\" data-e-type=\"column\">\n\t\t\t<div class=\"elementor-widget-wrap elementor-element-populated\">\n\t\t\t\t\t\t<div class=\"elementor-element elementor-element-dfa4393 elementor-widget elementor-widget-text-editor\" data-id=\"dfa4393\" data-element_type=\"widget\" data-e-type=\"widget\" data-widget_type=\"text-editor.default\">\n\t\t\t\t<div class=\"elementor-widget-container\">\n\t\t\t\t\t\t\t\t\t<p>Am 18. Juni besuchten wir den Freizeitpark Schloss Dankern. Die Zeichnungen und Bemerkungen der Sch\u00fclerinnen und Sch\u00fcler sagen eigentlich alles!<\/p>\t\t\t\t\t\t\t\t<\/div>\n\t\t\t\t<\/div>\n\t\t\t\t\t<\/div>\n\t\t<\/div>\n\t\t\t\t\t<\/div>\n\t\t<\/section>\n\t\t\t\t<section class=\"elementor-section elementor-top-section elementor-element elementor-element-9c6aab9 elementor-section-boxed elementor-section-height-default elementor-section-height-default\" data-id=\"9c6aab9\" data-element_type=\"section\" data-e-type=\"section\">\n\t\t\t\t\t\t<div class=\"elementor-container elementor-column-gap-default\">\n\t\t\t\t\t<div class=\"elementor-column elementor-col-100 elementor-top-column elementor-element elementor-element-6702dd2\" data-id=\"6702dd2\" data-element_type=\"column\" data-e-type=\"column\">\n\t\t\t<div class=\"elementor-widget-wrap elementor-element-populated\">\n\t\t\t\t\t\t<div class=\"elementor-element elementor-element-1a34006 elementor-widget elementor-widget-image\" data-id=\"1a34006\" data-element_type=\"widget\" data-e-type=\"widget\" data-widget_type=\"image.default\">\n\t\t\t\t<div class=\"elementor-widget-container\">\n\t\t\t\t\t\t\t\t\t\t\t\t\t\t\t<img loading=\"lazy\" decoding=\"async\" width=\"840\" height=\"840\" src=\"https:\/\/wp.paulmoorschule-freren.de\/wp-content\/uploads\/2025\/07\/Schulfahrt-Dankern-1024x1024.jpg\" class=\"attachment-large size-large wp-image-1199\" alt=\"\" srcset=\"https:\/\/wp.paulmoorschule-freren.de\/wp-content\/uploads\/2025\/07\/Schulfahrt-Dankern-1024x1024.jpg 1024w, https:\/\/wp.paulmoorschule-freren.de\/wp-content\/uploads\/2025\/07\/Schulfahrt-Dankern-300x300.jpg 300w, https:\/\/wp.paulmoorschule-freren.de\/wp-content\/uploads\/2025\/07\/Schulfahrt-Dankern-150x150.jpg 150w, https:\/\/wp.paulmoorschule-freren.de\/wp-content\/uploads\/2025\/07\/Schulfahrt-Dankern-768x768.jpg 768w, https:\/\/wp.paulmoorschule-freren.de\/wp-content\/uploads\/2025\/07\/Schulfahrt-Dankern-1536x1536.jpg 1536w, https:\/\/wp.paulmoorschule-freren.de\/wp-content\/uploads\/2025\/07\/Schulfahrt-Dankern-2048x2048.jpg 2048w, https:\/\/wp.paulmoorschule-freren.de\/wp-content\/uploads\/2025\/07\/Schulfahrt-Dankern-1200x1200.jpg 1200w\" sizes=\"(max-width: 709px) 85vw, (max-width: 909px) 67vw, (max-width: 1362px) 62vw, 840px\" \/>\t\t\t\t\t\t\t\t\t\t\t\t\t\t\t<\/div>\n\t\t\t\t<\/div>\n\t\t\t\t\t<\/div>\n\t\t<\/div>\n\t\t\t\t\t<\/div>\n\t\t<\/section>\n\t\t\t\t<section class=\"elementor-section elementor-top-section elementor-element elementor-element-8c5f29b elementor-section-boxed elementor-section-height-default elementor-section-height-default\" data-id=\"8c5f29b\" data-element_type=\"section\" data-e-type=\"section\">\n\t\t\t\t\t\t<div class=\"elementor-container elementor-column-gap-default\">\n\t\t\t\t\t<div class=\"elementor-column elementor-col-100 elementor-top-column elementor-element elementor-element-eb1d323\" data-id=\"eb1d323\" data-element_type=\"column\" data-e-type=\"column\">\n\t\t\t<div class=\"elementor-widget-wrap\">\n\t\t\t\t\t\t\t<\/div>\n\t\t<\/div>\n\t\t\t\t\t<\/div>\n\t\t<\/section>\n\t\t\t\t<section class=\"elementor-section elementor-top-section elementor-element elementor-element-cd4c3ff elementor-section-boxed elementor-section-height-default elementor-section-height-default\" data-id=\"cd4c3ff\" data-element_type=\"section\" data-e-type=\"section\">\n\t\t\t\t\t\t<div class=\"elementor-container elementor-column-gap-default\">\n\t\t\t\t\t<div class=\"elementor-column elementor-col-100 elementor-top-column elementor-element elementor-element-472269c\" data-id=\"472269c\" data-element_type=\"column\" data-e-type=\"column\">\n\t\t\t<div class=\"elementor-widget-wrap elementor-element-populated\">\n\t\t\t\t\t\t<div class=\"elementor-element elementor-element-b1c07f5 elementor-widget elementor-widget-heading\" data-id=\"b1c07f5\" data-element_type=\"widget\" data-e-type=\"widget\" data-widget_type=\"heading.default\">\n\t\t\t\t<div class=\"elementor-widget-container\">\n\t\t\t\t\t<h2 class=\"elementor-heading-title elementor-size-default\">Mai 2025<\/h2>\t\t\t\t<\/div>\n\t\t\t\t<\/div>\n\t\t\t\t\t<\/div>\n\t\t<\/div>\n\t\t\t\t\t<\/div>\n\t\t<\/section>\n\t\t\t\t<section class=\"elementor-section elementor-top-section elementor-element elementor-element-5f59116 elementor-section-boxed elementor-section-height-default elementor-section-height-default\" data-id=\"5f59116\" data-element_type=\"section\" data-e-type=\"section\">\n\t\t\t\t\t\t<div class=\"elementor-container elementor-column-gap-default\">\n\t\t\t\t\t<div class=\"elementor-column elementor-col-100 elementor-top-column elementor-element elementor-element-50f29e0\" data-id=\"50f29e0\" data-element_type=\"column\" data-e-type=\"column\">\n\t\t\t<div class=\"elementor-widget-wrap elementor-element-populated\">\n\t\t\t\t\t\t<div class=\"elementor-element elementor-element-9ead199 elementor-widget elementor-widget-text-editor\" data-id=\"9ead199\" data-element_type=\"widget\" data-e-type=\"widget\" data-widget_type=\"text-editor.default\">\n\t\t\t\t<div class=\"elementor-widget-container\">\n\t\t\t\t\t\t\t\t\t<p>Es folgen ein paar Bilder aus dem Kunstunterricht der Klasse 6. Welche M\u00e4rchen sind hier wohl dargestellt? \ud83d\ude42<\/p>\t\t\t\t\t\t\t\t<\/div>\n\t\t\t\t<\/div>\n\t\t\t\t\t<\/div>\n\t\t<\/div>\n\t\t\t\t\t<\/div>\n\t\t<\/section>\n\t\t\t\t<section class=\"elementor-section elementor-top-section elementor-element elementor-element-89b2f81 elementor-section-boxed elementor-section-height-default elementor-section-height-default\" data-id=\"89b2f81\" data-element_type=\"section\" data-e-type=\"section\">\n\t\t\t\t\t\t<div class=\"elementor-container elementor-column-gap-default\">\n\t\t\t\t\t<div class=\"elementor-column elementor-col-100 elementor-top-column elementor-element elementor-element-dd9d723\" data-id=\"dd9d723\" data-element_type=\"column\" data-e-type=\"column\">\n\t\t\t<div class=\"elementor-widget-wrap elementor-element-populated\">\n\t\t\t\t\t\t<div class=\"elementor-element elementor-element-a456a34 elementor-widget elementor-widget-image-gallery\" data-id=\"a456a34\" data-element_type=\"widget\" data-e-type=\"widget\" data-widget_type=\"image-gallery.default\">\n\t\t\t\t<div class=\"elementor-widget-container\">\n\t\t\t\t\t\t\t<div class=\"elementor-image-gallery\">\n\t\t\t<div id='gallery-2' class='gallery galleryid-1209 gallery-columns-4 gallery-size-thumbnail'><figure class='gallery-item'>\n\t\t\t<div class='gallery-icon landscape'>\n\t\t\t\t<a data-elementor-open-lightbox=\"yes\" data-elementor-lightbox-slideshow=\"a456a34\" data-elementor-lightbox-title=\"M\u00e4rchen4\" data-e-action-hash=\"#elementor-action%3Aaction%3Dlightbox%26settings%3DeyJpZCI6MTE2MywidXJsIjoiaHR0cHM6XC9cL3dwLnBhdWxtb29yc2NodWxlLWZyZXJlbi5kZVwvd3AtY29udGVudFwvdXBsb2Fkc1wvMjAyNVwvMDZcLzIwMjUwNTIyXzExNTA1NS1zY2FsZWQuanBnIiwic2xpZGVzaG93IjoiYTQ1NmEzNCJ9\" href='https:\/\/wp.paulmoorschule-freren.de\/wp-content\/uploads\/2025\/06\/20250522_115055-scaled.jpg'><img loading=\"lazy\" decoding=\"async\" width=\"150\" height=\"150\" src=\"https:\/\/wp.paulmoorschule-freren.de\/wp-content\/uploads\/2025\/06\/20250522_115055-150x150.jpg\" class=\"attachment-thumbnail size-thumbnail\" alt=\"\" \/><\/a>\n\t\t\t<\/div><\/figure><figure class='gallery-item'>\n\t\t\t<div class='gallery-icon landscape'>\n\t\t\t\t<a data-elementor-open-lightbox=\"yes\" data-elementor-lightbox-slideshow=\"a456a34\" data-elementor-lightbox-title=\"M\u00e4rchen3\" data-e-action-hash=\"#elementor-action%3Aaction%3Dlightbox%26settings%3DeyJpZCI6MTE2NCwidXJsIjoiaHR0cHM6XC9cL3dwLnBhdWxtb29yc2NodWxlLWZyZXJlbi5kZVwvd3AtY29udGVudFwvdXBsb2Fkc1wvMjAyNVwvMDZcLzIwMjUwNTIyXzExNTE0MC1zY2FsZWQuanBnIiwic2xpZGVzaG93IjoiYTQ1NmEzNCJ9\" href='https:\/\/wp.paulmoorschule-freren.de\/wp-content\/uploads\/2025\/06\/20250522_115140-scaled.jpg'><img loading=\"lazy\" decoding=\"async\" width=\"150\" height=\"150\" src=\"https:\/\/wp.paulmoorschule-freren.de\/wp-content\/uploads\/2025\/06\/20250522_115140-150x150.jpg\" class=\"attachment-thumbnail size-thumbnail\" alt=\"\" \/><\/a>\n\t\t\t<\/div><\/figure><figure class='gallery-item'>\n\t\t\t<div class='gallery-icon landscape'>\n\t\t\t\t<a data-elementor-open-lightbox=\"yes\" data-elementor-lightbox-slideshow=\"a456a34\" data-elementor-lightbox-title=\"M\u00e4rchen2\" data-e-action-hash=\"#elementor-action%3Aaction%3Dlightbox%26settings%3DeyJpZCI6MTE2NSwidXJsIjoiaHR0cHM6XC9cL3dwLnBhdWxtb29yc2NodWxlLWZyZXJlbi5kZVwvd3AtY29udGVudFwvdXBsb2Fkc1wvMjAyNVwvMDZcLzIwMjUwNTIyXzExNTIwNC1zY2FsZWQuanBnIiwic2xpZGVzaG93IjoiYTQ1NmEzNCJ9\" href='https:\/\/wp.paulmoorschule-freren.de\/wp-content\/uploads\/2025\/06\/20250522_115204-scaled.jpg'><img loading=\"lazy\" decoding=\"async\" width=\"150\" height=\"150\" src=\"https:\/\/wp.paulmoorschule-freren.de\/wp-content\/uploads\/2025\/06\/20250522_115204-150x150.jpg\" class=\"attachment-thumbnail size-thumbnail\" alt=\"\" \/><\/a>\n\t\t\t<\/div><\/figure><figure class='gallery-item'>\n\t\t\t<div class='gallery-icon portrait'>\n\t\t\t\t<a data-elementor-open-lightbox=\"yes\" data-elementor-lightbox-slideshow=\"a456a34\" data-elementor-lightbox-title=\"M\u00e4rchen1\" data-e-action-hash=\"#elementor-action%3Aaction%3Dlightbox%26settings%3DeyJpZCI6MTE2NywidXJsIjoiaHR0cHM6XC9cL3dwLnBhdWxtb29yc2NodWxlLWZyZXJlbi5kZVwvd3AtY29udGVudFwvdXBsb2Fkc1wvMjAyNVwvMDZcLzIwMjUwNTIyXzExNTIyMy1zY2FsZWQuanBnIiwic2xpZGVzaG93IjoiYTQ1NmEzNCJ9\" href='https:\/\/wp.paulmoorschule-freren.de\/wp-content\/uploads\/2025\/06\/20250522_115223-scaled.jpg'><img loading=\"lazy\" decoding=\"async\" width=\"150\" height=\"150\" src=\"https:\/\/wp.paulmoorschule-freren.de\/wp-content\/uploads\/2025\/06\/20250522_115223-150x150.jpg\" class=\"attachment-thumbnail size-thumbnail\" alt=\"\" \/><\/a>\n\t\t\t<\/div><\/figure>\n\t\t<\/div>\n\t\t<\/div>\n\t\t\t\t\t\t<\/div>\n\t\t\t\t<\/div>\n\t\t\t\t\t<\/div>\n\t\t<\/div>\n\t\t\t\t\t<\/div>\n\t\t<\/section>\n\t\t\t\t<section class=\"elementor-section elementor-top-section elementor-element elementor-element-4711450 elementor-section-boxed elementor-section-height-default elementor-section-height-default\" data-id=\"4711450\" data-element_type=\"section\" data-e-type=\"section\">\n\t\t\t\t\t\t<div class=\"elementor-container elementor-column-gap-default\">\n\t\t\t\t\t<div class=\"elementor-column elementor-col-100 elementor-top-column elementor-element elementor-element-f6f4434\" data-id=\"f6f4434\" data-element_type=\"column\" data-e-type=\"column\">\n\t\t\t<div class=\"elementor-widget-wrap elementor-element-populated\">\n\t\t\t\t\t\t<div class=\"elementor-element elementor-element-3824f04 elementor-widget elementor-widget-heading\" data-id=\"3824f04\" data-element_type=\"widget\" data-e-type=\"widget\" data-widget_type=\"heading.default\">\n\t\t\t\t<div class=\"elementor-widget-container\">\n\t\t\t\t\t<h2 class=\"elementor-heading-title elementor-size-default\">April 2025<\/h2>\t\t\t\t<\/div>\n\t\t\t\t<\/div>\n\t\t\t\t\t<\/div>\n\t\t<\/div>\n\t\t\t\t\t<\/div>\n\t\t<\/section>\n\t\t\t\t<section class=\"elementor-section elementor-top-section elementor-element elementor-element-dafab6e elementor-section-boxed elementor-section-height-default elementor-section-height-default\" data-id=\"dafab6e\" data-element_type=\"section\" data-e-type=\"section\">\n\t\t\t\t\t\t<div class=\"elementor-container elementor-column-gap-default\">\n\t\t\t\t\t<div class=\"elementor-column elementor-col-100 elementor-top-column elementor-element elementor-element-11ff531\" data-id=\"11ff531\" data-element_type=\"column\" data-e-type=\"column\">\n\t\t\t<div class=\"elementor-widget-wrap elementor-element-populated\">\n\t\t\t\t\t\t<div class=\"elementor-element elementor-element-c4c7427 elementor-widget elementor-widget-image\" data-id=\"c4c7427\" data-element_type=\"widget\" data-e-type=\"widget\" data-widget_type=\"image.default\">\n\t\t\t\t<div class=\"elementor-widget-container\">\n\t\t\t\t\t\t\t\t\t\t\t\t\t\t\t<img loading=\"lazy\" decoding=\"async\" width=\"840\" height=\"403\" src=\"https:\/\/wp.paulmoorschule-freren.de\/wp-content\/uploads\/2025\/04\/Pokale-1024x491.jpg\" class=\"attachment-large size-large wp-image-1139\" alt=\"\" srcset=\"https:\/\/wp.paulmoorschule-freren.de\/wp-content\/uploads\/2025\/04\/Pokale-1024x491.jpg 1024w, https:\/\/wp.paulmoorschule-freren.de\/wp-content\/uploads\/2025\/04\/Pokale-300x144.jpg 300w, https:\/\/wp.paulmoorschule-freren.de\/wp-content\/uploads\/2025\/04\/Pokale-768x368.jpg 768w, https:\/\/wp.paulmoorschule-freren.de\/wp-content\/uploads\/2025\/04\/Pokale-1536x737.jpg 1536w, https:\/\/wp.paulmoorschule-freren.de\/wp-content\/uploads\/2025\/04\/Pokale-2048x982.jpg 2048w, https:\/\/wp.paulmoorschule-freren.de\/wp-content\/uploads\/2025\/04\/Pokale-1200x576.jpg 1200w\" sizes=\"(max-width: 709px) 85vw, (max-width: 909px) 67vw, (max-width: 1362px) 62vw, 840px\" \/>\t\t\t\t\t\t\t\t\t\t\t\t\t\t\t<\/div>\n\t\t\t\t<\/div>\n\t\t\t\t\t<\/div>\n\t\t<\/div>\n\t\t\t\t\t<\/div>\n\t\t<\/section>\n\t\t\t\t<section class=\"elementor-section elementor-top-section elementor-element elementor-element-a45a5ef elementor-section-boxed elementor-section-height-default elementor-section-height-default\" data-id=\"a45a5ef\" data-element_type=\"section\" data-e-type=\"section\">\n\t\t\t\t\t\t<div class=\"elementor-container elementor-column-gap-default\">\n\t\t\t\t\t<div class=\"elementor-column elementor-col-100 elementor-top-column elementor-element elementor-element-083ff59\" data-id=\"083ff59\" data-element_type=\"column\" data-e-type=\"column\">\n\t\t\t<div class=\"elementor-widget-wrap elementor-element-populated\">\n\t\t\t\t\t\t<div class=\"elementor-element elementor-element-dc1dd17 elementor-widget elementor-widget-text-editor\" data-id=\"dc1dd17\" data-element_type=\"widget\" data-e-type=\"widget\" data-widget_type=\"text-editor.default\">\n\t\t\t\t<div class=\"elementor-widget-container\">\n\t\t\t\t\t\t\t\t\t<p><strong>Schwimmmarathon vor den Osterferien<\/strong><\/p><p>Beim 5. PMS-Schwimmmarathon erzielten wir einen neuen Rekord.<\/p><p>Die Sch\u00fclerinnen und Sch\u00fcler der Klassen 5, 6 und 7 sind in diesem Jahr 982 Bahnen geschwommen. Umgerechnet sind das 16,36km!<\/p><p>Insgesamt 8-mal konnten Herr Budde und Frau Tholemeyer den Bronze-Pokal vergeben. Ebenfalls 8-mal gab es den Silber-Pokal. 9 Sch\u00fclerinnen und Sch\u00fcler erhielten den Gold-Pokal und schwammen somit jeweils 50-60 Bahnen.\u00a0<\/p><p>Und h\u00e4tte Herr Budde sie nicht gestoppt, h\u00e4tte der eine oder andere noch fr\u00f6hlich weitergeschwommen.<\/p><p>Ebenso geehrt mit einer Urkunde wurden 10 Sch\u00fclerinnen und Sch\u00fcler, die das Laufabzeichen erworben haben.\u00a0Als Belohnung gab es dann ein Eis in der Eisdiele Freren.<\/p><p>Die Paul-Moor-Schule w\u00fcnscht nun erholsame Osterferien und sch\u00f6ne Feiertage! Schulstart nach den Ferien ist am Dienstag, den 22. April.<\/p>\t\t\t\t\t\t\t\t<\/div>\n\t\t\t\t<\/div>\n\t\t\t\t\t<\/div>\n\t\t<\/div>\n\t\t\t\t\t<\/div>\n\t\t<\/section>\n\t\t\t\t<section class=\"elementor-section elementor-top-section elementor-element elementor-element-4a3ab77 elementor-section-boxed elementor-section-height-default elementor-section-height-default\" data-id=\"4a3ab77\" data-element_type=\"section\" data-e-type=\"section\">\n\t\t\t\t\t\t<div class=\"elementor-container elementor-column-gap-default\">\n\t\t\t\t\t<div class=\"elementor-column elementor-col-100 elementor-top-column elementor-element elementor-element-807a678\" data-id=\"807a678\" data-element_type=\"column\" data-e-type=\"column\">\n\t\t\t<div class=\"elementor-widget-wrap\">\n\t\t\t\t\t\t\t<\/div>\n\t\t<\/div>\n\t\t\t\t\t<\/div>\n\t\t<\/section>\n\t\t\t\t<section class=\"elementor-section elementor-top-section elementor-element elementor-element-8a53f83 elementor-section-boxed elementor-section-height-default elementor-section-height-default\" data-id=\"8a53f83\" data-element_type=\"section\" data-e-type=\"section\">\n\t\t\t\t\t\t<div class=\"elementor-container elementor-column-gap-default\">\n\t\t\t\t\t<div class=\"elementor-column elementor-col-100 elementor-top-column elementor-element elementor-element-8ef16a6\" data-id=\"8ef16a6\" data-element_type=\"column\" data-e-type=\"column\">\n\t\t\t<div class=\"elementor-widget-wrap elementor-element-populated\">\n\t\t\t\t\t\t<div class=\"elementor-element elementor-element-2bb2e70 elementor-widget elementor-widget-heading\" data-id=\"2bb2e70\" data-element_type=\"widget\" data-e-type=\"widget\" data-widget_type=\"heading.default\">\n\t\t\t\t<div class=\"elementor-widget-container\">\n\t\t\t\t\t<h2 class=\"elementor-heading-title elementor-size-default\">M\u00e4rz 2025<\/h2>\t\t\t\t<\/div>\n\t\t\t\t<\/div>\n\t\t\t\t\t<\/div>\n\t\t<\/div>\n\t\t\t\t\t<\/div>\n\t\t<\/section>\n\t\t\t\t<section class=\"elementor-section elementor-top-section elementor-element elementor-element-20c7148 elementor-section-boxed elementor-section-height-default elementor-section-height-default\" data-id=\"20c7148\" data-element_type=\"section\" data-e-type=\"section\">\n\t\t\t\t\t\t<div class=\"elementor-container elementor-column-gap-default\">\n\t\t\t\t\t<div class=\"elementor-column elementor-col-100 elementor-top-column elementor-element elementor-element-ceecc71\" data-id=\"ceecc71\" data-element_type=\"column\" data-e-type=\"column\">\n\t\t\t<div class=\"elementor-widget-wrap elementor-element-populated\">\n\t\t\t\t\t\t<div class=\"elementor-element elementor-element-ed71620 elementor-widget elementor-widget-image\" data-id=\"ed71620\" data-element_type=\"widget\" data-e-type=\"widget\" data-widget_type=\"image.default\">\n\t\t\t\t<div class=\"elementor-widget-container\">\n\t\t\t\t\t\t\t\t\t\t\t\t\t\t\t<img loading=\"lazy\" decoding=\"async\" width=\"840\" height=\"291\" src=\"https:\/\/wp.paulmoorschule-freren.de\/wp-content\/uploads\/2025\/04\/20250328_122545-1024x355.jpg\" class=\"attachment-large size-large wp-image-1134\" alt=\"\" srcset=\"https:\/\/wp.paulmoorschule-freren.de\/wp-content\/uploads\/2025\/04\/20250328_122545-1024x355.jpg 1024w, https:\/\/wp.paulmoorschule-freren.de\/wp-content\/uploads\/2025\/04\/20250328_122545-300x104.jpg 300w, https:\/\/wp.paulmoorschule-freren.de\/wp-content\/uploads\/2025\/04\/20250328_122545-768x266.jpg 768w, https:\/\/wp.paulmoorschule-freren.de\/wp-content\/uploads\/2025\/04\/20250328_122545-1536x532.jpg 1536w, https:\/\/wp.paulmoorschule-freren.de\/wp-content\/uploads\/2025\/04\/20250328_122545-2048x710.jpg 2048w, https:\/\/wp.paulmoorschule-freren.de\/wp-content\/uploads\/2025\/04\/20250328_122545-1200x416.jpg 1200w\" sizes=\"(max-width: 709px) 85vw, (max-width: 909px) 67vw, (max-width: 1362px) 62vw, 840px\" \/>\t\t\t\t\t\t\t\t\t\t\t\t\t\t\t<\/div>\n\t\t\t\t<\/div>\n\t\t\t\t\t<\/div>\n\t\t<\/div>\n\t\t\t\t\t<\/div>\n\t\t<\/section>\n\t\t\t\t<section class=\"elementor-section elementor-top-section elementor-element elementor-element-7f27a47 elementor-section-boxed elementor-section-height-default elementor-section-height-default\" data-id=\"7f27a47\" data-element_type=\"section\" data-e-type=\"section\">\n\t\t\t\t\t\t<div class=\"elementor-container elementor-column-gap-default\">\n\t\t\t\t\t<div class=\"elementor-column elementor-col-100 elementor-top-column elementor-element elementor-element-cdd057e\" data-id=\"cdd057e\" data-element_type=\"column\" data-e-type=\"column\">\n\t\t\t<div class=\"elementor-widget-wrap elementor-element-populated\">\n\t\t\t\t\t\t<div class=\"elementor-element elementor-element-8ad4395 elementor-widget elementor-widget-text-editor\" data-id=\"8ad4395\" data-element_type=\"widget\" data-e-type=\"widget\" data-widget_type=\"text-editor.default\">\n\t\t\t\t<div class=\"elementor-widget-container\">\n\t\t\t\t\t\t\t\t\t<p>&#8222;Ich bin einzigartig &#8211; und gut so, wie ich bin!&#8220;<\/p><p>Das vermittelt der Kinderbuchklassiker &#8222;Das kleine Ich-bin-Ich&#8220; von Mira Lobe und Susi Weigel. In dem Sinne hat auch die Klasse 5 eigene Ich-bin-Ichs im Textilunterricht gestaltet.<\/p>\t\t\t\t\t\t\t\t<\/div>\n\t\t\t\t<\/div>\n\t\t\t\t\t<\/div>\n\t\t<\/div>\n\t\t\t\t\t<\/div>\n\t\t<\/section>\n\t\t\t\t<section class=\"elementor-section elementor-top-section elementor-element elementor-element-1acc1df elementor-section-boxed elementor-section-height-default elementor-section-height-default\" data-id=\"1acc1df\" data-element_type=\"section\" data-e-type=\"section\">\n\t\t\t\t\t\t<div class=\"elementor-container elementor-column-gap-default\">\n\t\t\t\t\t<div class=\"elementor-column elementor-col-100 elementor-top-column elementor-element elementor-element-8927ba4\" data-id=\"8927ba4\" data-element_type=\"column\" data-e-type=\"column\">\n\t\t\t<div class=\"elementor-widget-wrap elementor-element-populated\">\n\t\t\t\t\t\t<div class=\"elementor-element elementor-element-6e7cefa elementor-widget elementor-widget-image-gallery\" data-id=\"6e7cefa\" data-element_type=\"widget\" data-e-type=\"widget\" data-widget_type=\"image-gallery.default\">\n\t\t\t\t<div class=\"elementor-widget-container\">\n\t\t\t\t\t\t\t<div class=\"elementor-image-gallery\">\n\t\t\t<div id='gallery-3' class='gallery galleryid-1209 gallery-columns-4 gallery-size-thumbnail'><figure class='gallery-item'>\n\t\t\t<div class='gallery-icon landscape'>\n\t\t\t\t<a data-elementor-open-lightbox=\"yes\" data-elementor-lightbox-slideshow=\"6e7cefa\" data-elementor-lightbox-title=\"Ich bin ich\" data-e-action-hash=\"#elementor-action%3Aaction%3Dlightbox%26settings%3DeyJpZCI6MTEyNywidXJsIjoiaHR0cHM6XC9cL3dwLnBhdWxtb29yc2NodWxlLWZyZXJlbi5kZVwvd3AtY29udGVudFwvdXBsb2Fkc1wvMjAyNVwvMDRcLzIwMjUwMzI4XzEyMjYzNi1zY2FsZWQuanBnIiwic2xpZGVzaG93IjoiNmU3Y2VmYSJ9\" href='https:\/\/wp.paulmoorschule-freren.de\/wp-content\/uploads\/2025\/04\/20250328_122636-scaled.jpg'><img loading=\"lazy\" decoding=\"async\" width=\"150\" height=\"150\" src=\"https:\/\/wp.paulmoorschule-freren.de\/wp-content\/uploads\/2025\/04\/20250328_122636-150x150.jpg\" class=\"attachment-thumbnail size-thumbnail\" alt=\"\" \/><\/a>\n\t\t\t<\/div><\/figure><figure class='gallery-item'>\n\t\t\t<div class='gallery-icon landscape'>\n\t\t\t\t<a data-elementor-open-lightbox=\"yes\" data-elementor-lightbox-slideshow=\"6e7cefa\" data-elementor-lightbox-title=\"Ich bin ich\" data-e-action-hash=\"#elementor-action%3Aaction%3Dlightbox%26settings%3DeyJpZCI6MTEyOCwidXJsIjoiaHR0cHM6XC9cL3dwLnBhdWxtb29yc2NodWxlLWZyZXJlbi5kZVwvd3AtY29udGVudFwvdXBsb2Fkc1wvMjAyNVwvMDRcLzIwMjUwMzI4XzEyMjY0NC1zY2FsZWQuanBnIiwic2xpZGVzaG93IjoiNmU3Y2VmYSJ9\" href='https:\/\/wp.paulmoorschule-freren.de\/wp-content\/uploads\/2025\/04\/20250328_122644-scaled.jpg'><img loading=\"lazy\" decoding=\"async\" width=\"150\" height=\"150\" src=\"https:\/\/wp.paulmoorschule-freren.de\/wp-content\/uploads\/2025\/04\/20250328_122644-150x150.jpg\" class=\"attachment-thumbnail size-thumbnail\" alt=\"\" \/><\/a>\n\t\t\t<\/div><\/figure><figure class='gallery-item'>\n\t\t\t<div class='gallery-icon landscape'>\n\t\t\t\t<a data-elementor-open-lightbox=\"yes\" data-elementor-lightbox-slideshow=\"6e7cefa\" data-elementor-lightbox-title=\"Ich bin ich\" data-e-action-hash=\"#elementor-action%3Aaction%3Dlightbox%26settings%3DeyJpZCI6MTEyOSwidXJsIjoiaHR0cHM6XC9cL3dwLnBhdWxtb29yc2NodWxlLWZyZXJlbi5kZVwvd3AtY29udGVudFwvdXBsb2Fkc1wvMjAyNVwvMDRcLzIwMjUwMzI4XzEyMjcwMS1zY2FsZWQuanBnIiwic2xpZGVzaG93IjoiNmU3Y2VmYSJ9\" href='https:\/\/wp.paulmoorschule-freren.de\/wp-content\/uploads\/2025\/04\/20250328_122701-scaled.jpg'><img loading=\"lazy\" decoding=\"async\" width=\"150\" height=\"150\" src=\"https:\/\/wp.paulmoorschule-freren.de\/wp-content\/uploads\/2025\/04\/20250328_122701-150x150.jpg\" class=\"attachment-thumbnail size-thumbnail\" alt=\"\" \/><\/a>\n\t\t\t<\/div><\/figure><figure class='gallery-item'>\n\t\t\t<div class='gallery-icon landscape'>\n\t\t\t\t<a data-elementor-open-lightbox=\"yes\" data-elementor-lightbox-slideshow=\"6e7cefa\" data-elementor-lightbox-title=\"Ich bin ich\" data-e-action-hash=\"#elementor-action%3Aaction%3Dlightbox%26settings%3DeyJpZCI6MTEzMCwidXJsIjoiaHR0cHM6XC9cL3dwLnBhdWxtb29yc2NodWxlLWZyZXJlbi5kZVwvd3AtY29udGVudFwvdXBsb2Fkc1wvMjAyNVwvMDRcLzIwMjUwMzI4XzEyMjcxMi1zY2FsZWQuanBnIiwic2xpZGVzaG93IjoiNmU3Y2VmYSJ9\" href='https:\/\/wp.paulmoorschule-freren.de\/wp-content\/uploads\/2025\/04\/20250328_122712-scaled.jpg'><img loading=\"lazy\" decoding=\"async\" width=\"150\" height=\"150\" src=\"https:\/\/wp.paulmoorschule-freren.de\/wp-content\/uploads\/2025\/04\/20250328_122712-150x150.jpg\" class=\"attachment-thumbnail size-thumbnail\" alt=\"\" \/><\/a>\n\t\t\t<\/div><\/figure>\n\t\t<\/div>\n\t\t<\/div>\n\t\t\t\t\t\t<\/div>\n\t\t\t\t<\/div>\n\t\t\t\t\t<\/div>\n\t\t<\/div>\n\t\t\t\t\t<\/div>\n\t\t<\/section>\n\t\t\t\t<section class=\"elementor-section elementor-top-section elementor-element elementor-element-23b6473 elementor-section-boxed elementor-section-height-default elementor-section-height-default\" data-id=\"23b6473\" data-element_type=\"section\" data-e-type=\"section\">\n\t\t\t\t\t\t<div class=\"elementor-container elementor-column-gap-default\">\n\t\t\t\t\t<div class=\"elementor-column elementor-col-100 elementor-top-column elementor-element elementor-element-a44dd47\" data-id=\"a44dd47\" data-element_type=\"column\" data-e-type=\"column\">\n\t\t\t<div class=\"elementor-widget-wrap elementor-element-populated\">\n\t\t\t\t\t\t<div class=\"elementor-element elementor-element-21ab8d0 elementor-widget elementor-widget-heading\" data-id=\"21ab8d0\" data-element_type=\"widget\" data-e-type=\"widget\" data-widget_type=\"heading.default\">\n\t\t\t\t<div class=\"elementor-widget-container\">\n\t\t\t\t\t<h2 class=\"elementor-heading-title elementor-size-default\">Februar 2025<\/h2>\t\t\t\t<\/div>\n\t\t\t\t<\/div>\n\t\t\t\t\t<\/div>\n\t\t<\/div>\n\t\t\t\t\t<\/div>\n\t\t<\/section>\n\t\t\t\t<section class=\"elementor-section elementor-top-section elementor-element elementor-element-1699010 elementor-section-boxed elementor-section-height-default elementor-section-height-default\" data-id=\"1699010\" data-element_type=\"section\" data-e-type=\"section\">\n\t\t\t\t\t\t<div class=\"elementor-container elementor-column-gap-default\">\n\t\t\t\t\t<div class=\"elementor-column elementor-col-100 elementor-top-column elementor-element elementor-element-1ac72ac\" data-id=\"1ac72ac\" data-element_type=\"column\" data-e-type=\"column\">\n\t\t\t<div class=\"elementor-widget-wrap elementor-element-populated\">\n\t\t\t\t\t\t<div class=\"elementor-element elementor-element-8e09fe9 elementor-widget elementor-widget-text-editor\" data-id=\"8e09fe9\" data-element_type=\"widget\" data-e-type=\"widget\" data-widget_type=\"text-editor.default\">\n\t\t\t\t<div class=\"elementor-widget-container\">\n\t\t\t\t\t\t\t\t\t<p>Es folgen ein paar Eindr\u00fccke aus dem Kunstunterricht der Klassen 6 und 7.<\/p>\t\t\t\t\t\t\t\t<\/div>\n\t\t\t\t<\/div>\n\t\t\t\t\t<\/div>\n\t\t<\/div>\n\t\t\t\t\t<\/div>\n\t\t<\/section>\n\t\t\t\t<section class=\"elementor-section elementor-top-section elementor-element elementor-element-5d95b95 elementor-section-boxed elementor-section-height-default elementor-section-height-default\" data-id=\"5d95b95\" data-element_type=\"section\" data-e-type=\"section\">\n\t\t\t\t\t\t<div class=\"elementor-container elementor-column-gap-default\">\n\t\t\t\t\t<div class=\"elementor-column elementor-col-100 elementor-top-column elementor-element elementor-element-6af83b8\" data-id=\"6af83b8\" data-element_type=\"column\" data-e-type=\"column\">\n\t\t\t<div class=\"elementor-widget-wrap elementor-element-populated\">\n\t\t\t\t\t\t<div class=\"elementor-element elementor-element-b890910 elementor-widget elementor-widget-image-gallery\" data-id=\"b890910\" data-element_type=\"widget\" data-e-type=\"widget\" data-widget_type=\"image-gallery.default\">\n\t\t\t\t<div class=\"elementor-widget-container\">\n\t\t\t\t\t\t\t<div class=\"elementor-image-gallery\">\n\t\t\t<div id='gallery-4' class='gallery galleryid-1209 gallery-columns-4 gallery-size-thumbnail'><figure class='gallery-item'>\n\t\t\t<div class='gallery-icon landscape'>\n\t\t\t\t<a data-elementor-open-lightbox=\"yes\" data-elementor-lightbox-slideshow=\"b890910\" data-elementor-lightbox-title=\"Geheimes Tier\" data-e-action-hash=\"#elementor-action%3Aaction%3Dlightbox%26settings%3DeyJpZCI6MTEwMywidXJsIjoiaHR0cHM6XC9cL3dwLnBhdWxtb29yc2NodWxlLWZyZXJlbi5kZVwvd3AtY29udGVudFwvdXBsb2Fkc1wvMjAyNVwvMDJcL0dlaGVpbWVzLVRpZXItc2NhbGVkLmpwZyIsInNsaWRlc2hvdyI6ImI4OTA5MTAifQ%3D%3D\" href='https:\/\/wp.paulmoorschule-freren.de\/wp-content\/uploads\/2025\/02\/Geheimes-Tier-scaled.jpg'><img loading=\"lazy\" decoding=\"async\" width=\"150\" height=\"150\" src=\"https:\/\/wp.paulmoorschule-freren.de\/wp-content\/uploads\/2025\/02\/Geheimes-Tier-150x150.jpg\" class=\"attachment-thumbnail size-thumbnail\" alt=\"\" aria-describedby=\"gallery-4-1103\" \/><\/a>\n\t\t\t<\/div>\n\t\t\t\t<figcaption class='wp-caption-text gallery-caption' id='gallery-4-1103'>\n\t\t\t\tKlasse 7: Was der Superhirsch alles kann!\n\t\t\t\t<\/figcaption><\/figure><figure class='gallery-item'>\n\t\t\t<div class='gallery-icon landscape'>\n\t\t\t\t<a data-elementor-open-lightbox=\"yes\" data-elementor-lightbox-slideshow=\"b890910\" data-elementor-lightbox-title=\"Geheimes Tier2\" data-e-action-hash=\"#elementor-action%3Aaction%3Dlightbox%26settings%3DeyJpZCI6MTEwNCwidXJsIjoiaHR0cHM6XC9cL3dwLnBhdWxtb29yc2NodWxlLWZyZXJlbi5kZVwvd3AtY29udGVudFwvdXBsb2Fkc1wvMjAyNVwvMDJcL0dlaGVpbWVzLVRpZXIyLXNjYWxlZC5qcGciLCJzbGlkZXNob3ciOiJiODkwOTEwIn0%3D\" href='https:\/\/wp.paulmoorschule-freren.de\/wp-content\/uploads\/2025\/02\/Geheimes-Tier2-scaled.jpg'><img loading=\"lazy\" decoding=\"async\" width=\"150\" height=\"150\" src=\"https:\/\/wp.paulmoorschule-freren.de\/wp-content\/uploads\/2025\/02\/Geheimes-Tier2-150x150.jpg\" class=\"attachment-thumbnail size-thumbnail\" alt=\"\" aria-describedby=\"gallery-4-1104\" \/><\/a>\n\t\t\t<\/div>\n\t\t\t\t<figcaption class='wp-caption-text gallery-caption' id='gallery-4-1104'>\n\t\t\t\tNoch ein Hirsch mit besonderen F\u00e4higkeiten\n\t\t\t\t<\/figcaption><\/figure><figure class='gallery-item'>\n\t\t\t<div class='gallery-icon landscape'>\n\t\t\t\t<a data-elementor-open-lightbox=\"yes\" data-elementor-lightbox-slideshow=\"b890910\" data-elementor-lightbox-title=\"Geheimes Tier3\" data-e-action-hash=\"#elementor-action%3Aaction%3Dlightbox%26settings%3DeyJpZCI6MTEwNSwidXJsIjoiaHR0cHM6XC9cL3dwLnBhdWxtb29yc2NodWxlLWZyZXJlbi5kZVwvd3AtY29udGVudFwvdXBsb2Fkc1wvMjAyNVwvMDJcL0dlaGVpbWVzLVRpZXIzLXNjYWxlZC5qcGciLCJzbGlkZXNob3ciOiJiODkwOTEwIn0%3D\" href='https:\/\/wp.paulmoorschule-freren.de\/wp-content\/uploads\/2025\/02\/Geheimes-Tier3-scaled.jpg'><img loading=\"lazy\" decoding=\"async\" width=\"150\" height=\"150\" src=\"https:\/\/wp.paulmoorschule-freren.de\/wp-content\/uploads\/2025\/02\/Geheimes-Tier3-150x150.jpg\" class=\"attachment-thumbnail size-thumbnail\" alt=\"\" aria-describedby=\"gallery-4-1105\" \/><\/a>\n\t\t\t<\/div>\n\t\t\t\t<figcaption class='wp-caption-text gallery-caption' id='gallery-4-1105'>\n\t\t\t\tWelche F\u00e4higkeiten hat die geheime Katze?\n\t\t\t\t<\/figcaption><\/figure><figure class='gallery-item'>\n\t\t\t<div class='gallery-icon portrait'>\n\t\t\t\t<a data-elementor-open-lightbox=\"yes\" data-elementor-lightbox-slideshow=\"b890910\" data-elementor-lightbox-title=\"Lio\" data-e-action-hash=\"#elementor-action%3Aaction%3Dlightbox%26settings%3DeyJpZCI6MTEwNiwidXJsIjoiaHR0cHM6XC9cL3dwLnBhdWxtb29yc2NodWxlLWZyZXJlbi5kZVwvd3AtY29udGVudFwvdXBsb2Fkc1wvMjAyNVwvMDJcL0xpby1zY2FsZWQuanBnIiwic2xpZGVzaG93IjoiYjg5MDkxMCJ9\" href='https:\/\/wp.paulmoorschule-freren.de\/wp-content\/uploads\/2025\/02\/Lio-scaled.jpg'><img loading=\"lazy\" decoding=\"async\" width=\"150\" height=\"150\" src=\"https:\/\/wp.paulmoorschule-freren.de\/wp-content\/uploads\/2025\/02\/Lio-150x150.jpg\" class=\"attachment-thumbnail size-thumbnail\" alt=\"\" aria-describedby=\"gallery-4-1106\" \/><\/a>\n\t\t\t<\/div>\n\t\t\t\t<figcaption class='wp-caption-text gallery-caption' id='gallery-4-1106'>\n\t\t\t\tEine Stockfigur namens Lio (Klasse 6)\n\t\t\t\t<\/figcaption><\/figure><figure class='gallery-item'>\n\t\t\t<div class='gallery-icon portrait'>\n\t\t\t\t<a data-elementor-open-lightbox=\"yes\" data-elementor-lightbox-slideshow=\"b890910\" data-elementor-lightbox-title=\"Rocker\" data-e-action-hash=\"#elementor-action%3Aaction%3Dlightbox%26settings%3DeyJpZCI6MTEwNywidXJsIjoiaHR0cHM6XC9cL3dwLnBhdWxtb29yc2NodWxlLWZyZXJlbi5kZVwvd3AtY29udGVudFwvdXBsb2Fkc1wvMjAyNVwvMDJcL1JvY2tlci1zY2FsZWQuanBnIiwic2xpZGVzaG93IjoiYjg5MDkxMCJ9\" href='https:\/\/wp.paulmoorschule-freren.de\/wp-content\/uploads\/2025\/02\/Rocker-scaled.jpg'><img loading=\"lazy\" decoding=\"async\" width=\"150\" height=\"150\" src=\"https:\/\/wp.paulmoorschule-freren.de\/wp-content\/uploads\/2025\/02\/Rocker-150x150.jpg\" class=\"attachment-thumbnail size-thumbnail\" alt=\"\" aria-describedby=\"gallery-4-1107\" \/><\/a>\n\t\t\t<\/div>\n\t\t\t\t<figcaption class='wp-caption-text gallery-caption' id='gallery-4-1107'>\n\t\t\t\tRocker\n\t\t\t\t<\/figcaption><\/figure><figure class='gallery-item'>\n\t\t\t<div class='gallery-icon landscape'>\n\t\t\t\t<a data-elementor-open-lightbox=\"yes\" data-elementor-lightbox-slideshow=\"b890910\" data-elementor-lightbox-title=\"Korkenfiguren\" data-e-action-hash=\"#elementor-action%3Aaction%3Dlightbox%26settings%3DeyJpZCI6MTExNCwidXJsIjoiaHR0cHM6XC9cL3dwLnBhdWxtb29yc2NodWxlLWZyZXJlbi5kZVwvd3AtY29udGVudFwvdXBsb2Fkc1wvMjAyNVwvMDJcL0tvcmtlbmZpZ3VyZW4tc2NhbGVkLmpwZyIsInNsaWRlc2hvdyI6ImI4OTA5MTAifQ%3D%3D\" href='https:\/\/wp.paulmoorschule-freren.de\/wp-content\/uploads\/2025\/02\/Korkenfiguren-scaled.jpg'><img loading=\"lazy\" decoding=\"async\" width=\"150\" height=\"150\" src=\"https:\/\/wp.paulmoorschule-freren.de\/wp-content\/uploads\/2025\/02\/Korkenfiguren-150x150.jpg\" class=\"attachment-thumbnail size-thumbnail\" alt=\"\" aria-describedby=\"gallery-4-1114\" \/><\/a>\n\t\t\t<\/div>\n\t\t\t\t<figcaption class='wp-caption-text gallery-caption' id='gallery-4-1114'>\n\t\t\t\tKorkenfiguren (ebenfalls Klasse 6)\n\t\t\t\t<\/figcaption><\/figure><figure class='gallery-item'>\n\t\t\t<div class='gallery-icon landscape'>\n\t\t\t\t<a data-elementor-open-lightbox=\"yes\" data-elementor-lightbox-slideshow=\"b890910\" data-elementor-lightbox-title=\"Herzbeben\" data-e-action-hash=\"#elementor-action%3Aaction%3Dlightbox%26settings%3DeyJpZCI6MTExMywidXJsIjoiaHR0cHM6XC9cL3dwLnBhdWxtb29yc2NodWxlLWZyZXJlbi5kZVwvd3AtY29udGVudFwvdXBsb2Fkc1wvMjAyNVwvMDJcL0hlcnpiZWJlbi1zY2FsZWQuanBnIiwic2xpZGVzaG93IjoiYjg5MDkxMCJ9\" href='https:\/\/wp.paulmoorschule-freren.de\/wp-content\/uploads\/2025\/02\/Herzbeben-scaled.jpg'><img loading=\"lazy\" decoding=\"async\" width=\"150\" height=\"150\" src=\"https:\/\/wp.paulmoorschule-freren.de\/wp-content\/uploads\/2025\/02\/Herzbeben-150x150.jpg\" class=\"attachment-thumbnail size-thumbnail\" alt=\"\" aria-describedby=\"gallery-4-1113\" \/><\/a>\n\t\t\t<\/div>\n\t\t\t\t<figcaption class='wp-caption-text gallery-caption' id='gallery-4-1113'>\n\t\t\t\tHerzbeben\n\t\t\t\t<\/figcaption><\/figure><figure class='gallery-item'>\n\t\t\t<div class='gallery-icon portrait'>\n\t\t\t\t<a data-elementor-open-lightbox=\"yes\" data-elementor-lightbox-slideshow=\"b890910\" data-elementor-lightbox-title=\"Pirat\" data-e-action-hash=\"#elementor-action%3Aaction%3Dlightbox%26settings%3DeyJpZCI6MTExMiwidXJsIjoiaHR0cHM6XC9cL3dwLnBhdWxtb29yc2NodWxlLWZyZXJlbi5kZVwvd3AtY29udGVudFwvdXBsb2Fkc1wvMjAyNVwvMDJcL1BpcmF0LXNjYWxlZC5qcGciLCJzbGlkZXNob3ciOiJiODkwOTEwIn0%3D\" href='https:\/\/wp.paulmoorschule-freren.de\/wp-content\/uploads\/2025\/02\/Pirat-scaled.jpg'><img loading=\"lazy\" decoding=\"async\" width=\"150\" height=\"150\" src=\"https:\/\/wp.paulmoorschule-freren.de\/wp-content\/uploads\/2025\/02\/Pirat-150x150.jpg\" class=\"attachment-thumbnail size-thumbnail\" alt=\"\" aria-describedby=\"gallery-4-1112\" \/><\/a>\n\t\t\t<\/div>\n\t\t\t\t<figcaption class='wp-caption-text gallery-caption' id='gallery-4-1112'>\n\t\t\t\tPirat\n\t\t\t\t<\/figcaption><\/figure><figure class='gallery-item'>\n\t\t\t<div class='gallery-icon landscape'>\n\t\t\t\t<a data-elementor-open-lightbox=\"yes\" data-elementor-lightbox-slideshow=\"b890910\" data-elementor-lightbox-title=\"Korkinaldo\" data-e-action-hash=\"#elementor-action%3Aaction%3Dlightbox%26settings%3DeyJpZCI6MTExMSwidXJsIjoiaHR0cHM6XC9cL3dwLnBhdWxtb29yc2NodWxlLWZyZXJlbi5kZVwvd3AtY29udGVudFwvdXBsb2Fkc1wvMjAyNVwvMDJcL0tvcmtpbmFsZG8tc2NhbGVkLmpwZyIsInNsaWRlc2hvdyI6ImI4OTA5MTAifQ%3D%3D\" href='https:\/\/wp.paulmoorschule-freren.de\/wp-content\/uploads\/2025\/02\/Korkinaldo-scaled.jpg'><img loading=\"lazy\" decoding=\"async\" width=\"150\" height=\"150\" src=\"https:\/\/wp.paulmoorschule-freren.de\/wp-content\/uploads\/2025\/02\/Korkinaldo-150x150.jpg\" class=\"attachment-thumbnail size-thumbnail\" alt=\"\" aria-describedby=\"gallery-4-1111\" \/><\/a>\n\t\t\t<\/div>\n\t\t\t\t<figcaption class='wp-caption-text gallery-caption' id='gallery-4-1111'>\n\t\t\t\tKorkinaldo\n\t\t\t\t<\/figcaption><\/figure><figure class='gallery-item'>\n\t\t\t<div class='gallery-icon landscape'>\n\t\t\t\t<a data-elementor-open-lightbox=\"yes\" data-elementor-lightbox-slideshow=\"b890910\" data-elementor-lightbox-title=\"Elisabeth und Helmut\" data-e-action-hash=\"#elementor-action%3Aaction%3Dlightbox%26settings%3DeyJpZCI6MTExMCwidXJsIjoiaHR0cHM6XC9cL3dwLnBhdWxtb29yc2NodWxlLWZyZXJlbi5kZVwvd3AtY29udGVudFwvdXBsb2Fkc1wvMjAyNVwvMDJcL0VsaXNhYmV0aC11bmQtSGVsbXV0LXNjYWxlZC5qcGciLCJzbGlkZXNob3ciOiJiODkwOTEwIn0%3D\" href='https:\/\/wp.paulmoorschule-freren.de\/wp-content\/uploads\/2025\/02\/Elisabeth-und-Helmut-scaled.jpg'><img loading=\"lazy\" decoding=\"async\" width=\"150\" height=\"150\" src=\"https:\/\/wp.paulmoorschule-freren.de\/wp-content\/uploads\/2025\/02\/Elisabeth-und-Helmut-150x150.jpg\" class=\"attachment-thumbnail size-thumbnail\" alt=\"\" aria-describedby=\"gallery-4-1110\" \/><\/a>\n\t\t\t<\/div>\n\t\t\t\t<figcaption class='wp-caption-text gallery-caption' id='gallery-4-1110'>\n\t\t\t\tElisabeth und Helmut\n\t\t\t\t<\/figcaption><\/figure><figure class='gallery-item'>\n\t\t\t<div class='gallery-icon portrait'>\n\t\t\t\t<a data-elementor-open-lightbox=\"yes\" data-elementor-lightbox-slideshow=\"b890910\" data-elementor-lightbox-title=\"Astrid\" data-e-action-hash=\"#elementor-action%3Aaction%3Dlightbox%26settings%3DeyJpZCI6MTEwOSwidXJsIjoiaHR0cHM6XC9cL3dwLnBhdWxtb29yc2NodWxlLWZyZXJlbi5kZVwvd3AtY29udGVudFwvdXBsb2Fkc1wvMjAyNVwvMDJcL0FzdHJpZC1zY2FsZWQuanBnIiwic2xpZGVzaG93IjoiYjg5MDkxMCJ9\" href='https:\/\/wp.paulmoorschule-freren.de\/wp-content\/uploads\/2025\/02\/Astrid-scaled.jpg'><img loading=\"lazy\" decoding=\"async\" width=\"150\" height=\"150\" src=\"https:\/\/wp.paulmoorschule-freren.de\/wp-content\/uploads\/2025\/02\/Astrid-150x150.jpg\" class=\"attachment-thumbnail size-thumbnail\" alt=\"\" aria-describedby=\"gallery-4-1109\" \/><\/a>\n\t\t\t<\/div>\n\t\t\t\t<figcaption class='wp-caption-text gallery-caption' id='gallery-4-1109'>\n\t\t\t\tAstrid\n\t\t\t\t<\/figcaption><\/figure><figure class='gallery-item'>\n\t\t\t<div class='gallery-icon portrait'>\n\t\t\t\t<a data-elementor-open-lightbox=\"yes\" data-elementor-lightbox-slideshow=\"b890910\" data-elementor-lightbox-title=\"Stockeline\" data-e-action-hash=\"#elementor-action%3Aaction%3Dlightbox%26settings%3DeyJpZCI6MTEwOCwidXJsIjoiaHR0cHM6XC9cL3dwLnBhdWxtb29yc2NodWxlLWZyZXJlbi5kZVwvd3AtY29udGVudFwvdXBsb2Fkc1wvMjAyNVwvMDJcL1N0b2NrZWxpbmUtc2NhbGVkLmpwZyIsInNsaWRlc2hvdyI6ImI4OTA5MTAifQ%3D%3D\" href='https:\/\/wp.paulmoorschule-freren.de\/wp-content\/uploads\/2025\/02\/Stockeline-scaled.jpg'><img loading=\"lazy\" decoding=\"async\" width=\"150\" height=\"150\" src=\"https:\/\/wp.paulmoorschule-freren.de\/wp-content\/uploads\/2025\/02\/Stockeline-150x150.jpg\" class=\"attachment-thumbnail size-thumbnail\" alt=\"\" aria-describedby=\"gallery-4-1108\" \/><\/a>\n\t\t\t<\/div>\n\t\t\t\t<figcaption class='wp-caption-text gallery-caption' id='gallery-4-1108'>\n\t\t\t\tStockeline\n\t\t\t\t<\/figcaption><\/figure>\n\t\t<\/div>\n\t\t<\/div>\n\t\t\t\t\t\t<\/div>\n\t\t\t\t<\/div>\n\t\t\t\t\t<\/div>\n\t\t<\/div>\n\t\t\t\t\t<\/div>\n\t\t<\/section>\n\t\t\t\t<section class=\"elementor-section elementor-top-section elementor-element elementor-element-c660caa elementor-section-boxed elementor-section-height-default elementor-section-height-default\" data-id=\"c660caa\" data-element_type=\"section\" data-e-type=\"section\">\n\t\t\t\t\t\t<div class=\"elementor-container elementor-column-gap-default\">\n\t\t\t\t\t<div class=\"elementor-column elementor-col-100 elementor-top-column elementor-element elementor-element-5d9db59\" data-id=\"5d9db59\" data-element_type=\"column\" data-e-type=\"column\">\n\t\t\t<div class=\"elementor-widget-wrap\">\n\t\t\t\t\t\t\t<\/div>\n\t\t<\/div>\n\t\t\t\t\t<\/div>\n\t\t<\/section>\n\t\t\t\t<section class=\"elementor-section elementor-top-section elementor-element elementor-element-26276fc elementor-section-boxed elementor-section-height-default elementor-section-height-default\" data-id=\"26276fc\" data-element_type=\"section\" data-e-type=\"section\">\n\t\t\t\t\t\t<div class=\"elementor-container elementor-column-gap-default\">\n\t\t\t\t\t<div class=\"elementor-column elementor-col-100 elementor-top-column elementor-element elementor-element-0cd5878\" data-id=\"0cd5878\" data-element_type=\"column\" data-e-type=\"column\">\n\t\t\t<div class=\"elementor-widget-wrap elementor-element-populated\">\n\t\t\t\t\t\t<div class=\"elementor-element elementor-element-0325c8c elementor-widget elementor-widget-heading\" data-id=\"0325c8c\" data-element_type=\"widget\" data-e-type=\"widget\" data-widget_type=\"heading.default\">\n\t\t\t\t<div class=\"elementor-widget-container\">\n\t\t\t\t\t<h2 class=\"elementor-heading-title elementor-size-default\">Dezember 2024<\/h2>\t\t\t\t<\/div>\n\t\t\t\t<\/div>\n\t\t\t\t\t<\/div>\n\t\t<\/div>\n\t\t\t\t\t<\/div>\n\t\t<\/section>\n\t\t\t\t<section class=\"elementor-section elementor-top-section elementor-element elementor-element-d3acf25 elementor-section-boxed elementor-section-height-default elementor-section-height-default\" data-id=\"d3acf25\" data-element_type=\"section\" data-e-type=\"section\">\n\t\t\t\t\t\t<div class=\"elementor-container elementor-column-gap-default\">\n\t\t\t\t\t<div class=\"elementor-column elementor-col-100 elementor-top-column elementor-element elementor-element-ad4dffc\" data-id=\"ad4dffc\" data-element_type=\"column\" data-e-type=\"column\">\n\t\t\t<div class=\"elementor-widget-wrap elementor-element-populated\">\n\t\t\t\t\t\t<div class=\"elementor-element elementor-element-0cd2acb elementor-widget__width-initial elementor-widget elementor-widget-image\" data-id=\"0cd2acb\" data-element_type=\"widget\" data-e-type=\"widget\" data-widget_type=\"image.default\">\n\t\t\t\t<div class=\"elementor-widget-container\">\n\t\t\t\t\t\t\t\t\t\t\t\t\t\t\t<img decoding=\"async\" src=\"https:\/\/wp.paulmoorschule-freren.de\/wp-content\/uploads\/2025\/01\/IMG_6431.jpg\" title=\"IMG_6431\" alt=\"IMG_6431\" loading=\"lazy\" \/>\t\t\t\t\t\t\t\t\t\t\t\t\t\t\t<\/div>\n\t\t\t\t<\/div>\n\t\t\t\t\t<\/div>\n\t\t<\/div>\n\t\t\t\t\t<\/div>\n\t\t<\/section>\n\t\t\t\t<section class=\"elementor-section elementor-top-section elementor-element elementor-element-55b0b57 elementor-section-boxed elementor-section-height-default elementor-section-height-default\" data-id=\"55b0b57\" data-element_type=\"section\" data-e-type=\"section\">\n\t\t\t\t\t\t<div class=\"elementor-container elementor-column-gap-default\">\n\t\t\t\t\t<div class=\"elementor-column elementor-col-100 elementor-top-column elementor-element elementor-element-e33a46f\" data-id=\"e33a46f\" data-element_type=\"column\" data-e-type=\"column\">\n\t\t\t<div class=\"elementor-widget-wrap elementor-element-populated\">\n\t\t\t\t\t\t<div class=\"elementor-element elementor-element-d04791f elementor-widget elementor-widget-text-editor\" data-id=\"d04791f\" data-element_type=\"widget\" data-e-type=\"widget\" data-widget_type=\"text-editor.default\">\n\t\t\t\t<div class=\"elementor-widget-container\">\n\t\t\t\t\t\t\t\t\t<p><strong>Weihnachtsfeier am 20.12.24<\/strong><\/p><p>Bei der diesj\u00e4hrigen Weihnachtsfeier mit allen Klassen der Schule gab es ein besonders abwechslungsreiches Programm.<\/p><p>Die Klasse 8 startete mit einem alternativen Theaterst\u00fcck namens \u201eAschenputtel\u201c, welches f\u00fcr viele Lacher sorgte. Es folgte ein g\u00e4nzlich unerwarteter Gast: Frau Boyer hatte es doch tats\u00e4chlich geschafft, den Grinch davon zu \u00fcberzeugen, an der PMS ein weihnachtliches Keyboardst\u00fcck vorzuspielen. Herzlichen Dank daf\u00fcr, lieber Grinch! Anschlie\u00dfend begeisterte die Klasse 5 mit einigen Zaubertricks.<\/p><p>F\u00fcr das leibliche Wohl sorgte die Klasse 9 und verteilte, passend zum Lied \u201eIn der Weihnachtsb\u00e4ckerei\u201c, einige Kekse und Kuchenteile. Nach der St\u00e4rkung folgten dann eine Modenschau, ein plattdeutsches Gedicht und ein Weihnachtsquiz. F\u00fcr besinnliche, musikalische Stimmung sorgte Klasse 6 dann mit ihren Boomwhackers. Es folgten ein kleiner Sketch der Klasse 7, bei dem der Weihnachtsmann an einem Schluckauf litt, und ein Krippenspiel, wo \u00e4u\u00dferst \u00fcberzeugend noch einmal die Weihnachtsgeschichte erz\u00e4hlt wurde.<\/p><p>Im Finale der Weihnachtsfeier gab es noch einen spannenden Seilsprungwettbewerb. Die SiegerInnen wurden anschlie\u00dfend von Herrn Budde und Frau Tholemeyer geehrt.<\/p><p>Beseelt und gut gelaunt ging es dann in die Weihnachtsferien.<\/p>\t\t\t\t\t\t\t\t<\/div>\n\t\t\t\t<\/div>\n\t\t\t\t\t<\/div>\n\t\t<\/div>\n\t\t\t\t\t<\/div>\n\t\t<\/section>\n\t\t\t\t<section class=\"elementor-section elementor-top-section elementor-element elementor-element-a1024d4 elementor-section-boxed elementor-section-height-default elementor-section-height-default\" data-id=\"a1024d4\" data-element_type=\"section\" data-e-type=\"section\">\n\t\t\t\t\t\t<div class=\"elementor-container elementor-column-gap-default\">\n\t\t\t\t\t<div class=\"elementor-column elementor-col-100 elementor-top-column elementor-element elementor-element-fdb3ea1\" data-id=\"fdb3ea1\" data-element_type=\"column\" data-e-type=\"column\">\n\t\t\t<div class=\"elementor-widget-wrap elementor-element-populated\">\n\t\t\t\t\t\t<div class=\"elementor-element elementor-element-bc48ae6 elementor-widget elementor-widget-image\" data-id=\"bc48ae6\" data-element_type=\"widget\" data-e-type=\"widget\" data-widget_type=\"image.default\">\n\t\t\t\t<div class=\"elementor-widget-container\">\n\t\t\t\t\t\t\t\t\t\t\t\t\t\t\t<img loading=\"lazy\" decoding=\"async\" width=\"840\" height=\"83\" src=\"https:\/\/wp.paulmoorschule-freren.de\/wp-content\/uploads\/2025\/01\/Balken-HP-1024x101.png\" class=\"attachment-large size-large wp-image-1049\" alt=\"\" srcset=\"https:\/\/wp.paulmoorschule-freren.de\/wp-content\/uploads\/2025\/01\/Balken-HP-1024x101.png 1024w, https:\/\/wp.paulmoorschule-freren.de\/wp-content\/uploads\/2025\/01\/Balken-HP-300x30.png 300w, https:\/\/wp.paulmoorschule-freren.de\/wp-content\/uploads\/2025\/01\/Balken-HP-768x76.png 768w, https:\/\/wp.paulmoorschule-freren.de\/wp-content\/uploads\/2025\/01\/Balken-HP.png 1141w\" sizes=\"(max-width: 709px) 85vw, (max-width: 909px) 67vw, (max-width: 1362px) 62vw, 840px\" \/>\t\t\t\t\t\t\t\t\t\t\t\t\t\t\t<\/div>\n\t\t\t\t<\/div>\n\t\t\t\t\t<\/div>\n\t\t<\/div>\n\t\t\t\t\t<\/div>\n\t\t<\/section>\n\t\t\t\t<section class=\"elementor-section elementor-top-section elementor-element elementor-element-141eec7 elementor-section-boxed elementor-section-height-default elementor-section-height-default\" data-id=\"141eec7\" data-element_type=\"section\" data-e-type=\"section\">\n\t\t\t\t\t\t<div class=\"elementor-container elementor-column-gap-default\">\n\t\t\t\t\t<div class=\"elementor-column elementor-col-100 elementor-top-column elementor-element elementor-element-00a4d17\" data-id=\"00a4d17\" data-element_type=\"column\" data-e-type=\"column\">\n\t\t\t<div class=\"elementor-widget-wrap elementor-element-populated\">\n\t\t\t\t\t\t<div class=\"elementor-element elementor-element-af6bc62 elementor-widget elementor-widget-text-editor\" data-id=\"af6bc62\" data-element_type=\"widget\" data-e-type=\"widget\" data-widget_type=\"text-editor.default\">\n\t\t\t\t<div class=\"elementor-widget-container\">\n\t\t\t\t\t\t\t\t\t<p><strong>Ein paar Eindr\u00fccke von unserem diesj\u00e4hrigen Weihnachtsbaum<\/strong><\/p><p>Jeder Sch\u00fcler\/ jede Sch\u00fclerin durfte einen Baumschmuck basteln, s\u00e4gen oder gestalten. So entstand der kreative PMS-Weihnachtsbaum.<\/p><p>Die Paul-Moor-Schule w\u00fcnscht frohe Weihnachten und einen guten Rutsch ins neue Jahr!<\/p>\t\t\t\t\t\t\t\t<\/div>\n\t\t\t\t<\/div>\n\t\t\t\t\t<\/div>\n\t\t<\/div>\n\t\t\t\t\t<\/div>\n\t\t<\/section>\n\t\t\t\t<section class=\"elementor-section elementor-top-section elementor-element elementor-element-59016ce elementor-section-boxed elementor-section-height-default elementor-section-height-default\" data-id=\"59016ce\" data-element_type=\"section\" data-e-type=\"section\">\n\t\t\t\t\t\t<div class=\"elementor-container elementor-column-gap-default\">\n\t\t\t\t\t<div class=\"elementor-column elementor-col-100 elementor-top-column elementor-element elementor-element-6429afa\" data-id=\"6429afa\" data-element_type=\"column\" data-e-type=\"column\">\n\t\t\t<div class=\"elementor-widget-wrap elementor-element-populated\">\n\t\t\t\t\t\t<div class=\"elementor-element elementor-element-4fecf80 elementor-widget elementor-widget-image-gallery\" data-id=\"4fecf80\" data-element_type=\"widget\" data-e-type=\"widget\" data-widget_type=\"image-gallery.default\">\n\t\t\t\t<div class=\"elementor-widget-container\">\n\t\t\t\t\t\t\t<div class=\"elementor-image-gallery\">\n\t\t\t<div id='gallery-5' class='gallery galleryid-1209 gallery-columns-4 gallery-size-thumbnail'><figure class='gallery-item'>\n\t\t\t<div class='gallery-icon portrait'>\n\t\t\t\t<a data-elementor-open-lightbox=\"yes\" data-elementor-lightbox-slideshow=\"4fecf80\" data-elementor-lightbox-title=\"20241217_132244\" data-e-action-hash=\"#elementor-action%3Aaction%3Dlightbox%26settings%3DeyJpZCI6MTAxMywidXJsIjoiaHR0cHM6XC9cL3dwLnBhdWxtb29yc2NodWxlLWZyZXJlbi5kZVwvd3AtY29udGVudFwvdXBsb2Fkc1wvMjAyNFwvMTJcLzIwMjQxMjE3XzEzMjI0NC1zY2FsZWQuanBnIiwic2xpZGVzaG93IjoiNGZlY2Y4MCJ9\" href='https:\/\/wp.paulmoorschule-freren.de\/wp-content\/uploads\/2024\/12\/20241217_132244-scaled.jpg'><img loading=\"lazy\" decoding=\"async\" width=\"150\" height=\"150\" src=\"https:\/\/wp.paulmoorschule-freren.de\/wp-content\/uploads\/2024\/12\/20241217_132244-150x150.jpg\" class=\"attachment-thumbnail size-thumbnail\" alt=\"\" \/><\/a>\n\t\t\t<\/div><\/figure><figure class='gallery-item'>\n\t\t\t<div class='gallery-icon landscape'>\n\t\t\t\t<a data-elementor-open-lightbox=\"yes\" data-elementor-lightbox-slideshow=\"4fecf80\" data-elementor-lightbox-title=\"20241217_132443\" data-e-action-hash=\"#elementor-action%3Aaction%3Dlightbox%26settings%3DeyJpZCI6MTAyMSwidXJsIjoiaHR0cHM6XC9cL3dwLnBhdWxtb29yc2NodWxlLWZyZXJlbi5kZVwvd3AtY29udGVudFwvdXBsb2Fkc1wvMjAyNFwvMTJcLzIwMjQxMjE3XzEzMjQ0My1zY2FsZWQuanBnIiwic2xpZGVzaG93IjoiNGZlY2Y4MCJ9\" href='https:\/\/wp.paulmoorschule-freren.de\/wp-content\/uploads\/2024\/12\/20241217_132443-scaled.jpg'><img loading=\"lazy\" decoding=\"async\" width=\"150\" height=\"150\" src=\"https:\/\/wp.paulmoorschule-freren.de\/wp-content\/uploads\/2024\/12\/20241217_132443-150x150.jpg\" class=\"attachment-thumbnail size-thumbnail\" alt=\"\" \/><\/a>\n\t\t\t<\/div><\/figure><figure class='gallery-item'>\n\t\t\t<div class='gallery-icon portrait'>\n\t\t\t\t<a data-elementor-open-lightbox=\"yes\" data-elementor-lightbox-slideshow=\"4fecf80\" data-elementor-lightbox-title=\"20241217_132406\" data-e-action-hash=\"#elementor-action%3Aaction%3Dlightbox%26settings%3DeyJpZCI6MTAxOCwidXJsIjoiaHR0cHM6XC9cL3dwLnBhdWxtb29yc2NodWxlLWZyZXJlbi5kZVwvd3AtY29udGVudFwvdXBsb2Fkc1wvMjAyNFwvMTJcLzIwMjQxMjE3XzEzMjQwNi1zY2FsZWQuanBnIiwic2xpZGVzaG93IjoiNGZlY2Y4MCJ9\" href='https:\/\/wp.paulmoorschule-freren.de\/wp-content\/uploads\/2024\/12\/20241217_132406-scaled.jpg'><img loading=\"lazy\" decoding=\"async\" width=\"150\" height=\"150\" src=\"https:\/\/wp.paulmoorschule-freren.de\/wp-content\/uploads\/2024\/12\/20241217_132406-150x150.jpg\" class=\"attachment-thumbnail size-thumbnail\" alt=\"\" \/><\/a>\n\t\t\t<\/div><\/figure><figure class='gallery-item'>\n\t\t\t<div class='gallery-icon portrait'>\n\t\t\t\t<a data-elementor-open-lightbox=\"yes\" data-elementor-lightbox-slideshow=\"4fecf80\" data-elementor-lightbox-title=\"20241217_132334\" data-e-action-hash=\"#elementor-action%3Aaction%3Dlightbox%26settings%3DeyJpZCI6MTAxNywidXJsIjoiaHR0cHM6XC9cL3dwLnBhdWxtb29yc2NodWxlLWZyZXJlbi5kZVwvd3AtY29udGVudFwvdXBsb2Fkc1wvMjAyNFwvMTJcLzIwMjQxMjE3XzEzMjMzNC1zY2FsZWQuanBnIiwic2xpZGVzaG93IjoiNGZlY2Y4MCJ9\" href='https:\/\/wp.paulmoorschule-freren.de\/wp-content\/uploads\/2024\/12\/20241217_132334-scaled.jpg'><img loading=\"lazy\" decoding=\"async\" width=\"150\" height=\"150\" src=\"https:\/\/wp.paulmoorschule-freren.de\/wp-content\/uploads\/2024\/12\/20241217_132334-150x150.jpg\" class=\"attachment-thumbnail size-thumbnail\" alt=\"\" \/><\/a>\n\t\t\t<\/div><\/figure><figure class='gallery-item'>\n\t\t\t<div class='gallery-icon portrait'>\n\t\t\t\t<a data-elementor-open-lightbox=\"yes\" data-elementor-lightbox-slideshow=\"4fecf80\" data-elementor-lightbox-title=\"20241217_132427\" data-e-action-hash=\"#elementor-action%3Aaction%3Dlightbox%26settings%3DeyJpZCI6MTAyMCwidXJsIjoiaHR0cHM6XC9cL3dwLnBhdWxtb29yc2NodWxlLWZyZXJlbi5kZVwvd3AtY29udGVudFwvdXBsb2Fkc1wvMjAyNFwvMTJcLzIwMjQxMjE3XzEzMjQyNy1zY2FsZWQuanBnIiwic2xpZGVzaG93IjoiNGZlY2Y4MCJ9\" href='https:\/\/wp.paulmoorschule-freren.de\/wp-content\/uploads\/2024\/12\/20241217_132427-scaled.jpg'><img loading=\"lazy\" decoding=\"async\" width=\"150\" height=\"150\" src=\"https:\/\/wp.paulmoorschule-freren.de\/wp-content\/uploads\/2024\/12\/20241217_132427-150x150.jpg\" class=\"attachment-thumbnail size-thumbnail\" alt=\"\" \/><\/a>\n\t\t\t<\/div><\/figure><figure class='gallery-item'>\n\t\t\t<div class='gallery-icon landscape'>\n\t\t\t\t<a data-elementor-open-lightbox=\"yes\" data-elementor-lightbox-slideshow=\"4fecf80\" data-elementor-lightbox-title=\"20241217_132322\" data-e-action-hash=\"#elementor-action%3Aaction%3Dlightbox%26settings%3DeyJpZCI6MTAxNiwidXJsIjoiaHR0cHM6XC9cL3dwLnBhdWxtb29yc2NodWxlLWZyZXJlbi5kZVwvd3AtY29udGVudFwvdXBsb2Fkc1wvMjAyNFwvMTJcLzIwMjQxMjE3XzEzMjMyMi1zY2FsZWQuanBnIiwic2xpZGVzaG93IjoiNGZlY2Y4MCJ9\" href='https:\/\/wp.paulmoorschule-freren.de\/wp-content\/uploads\/2024\/12\/20241217_132322-scaled.jpg'><img loading=\"lazy\" decoding=\"async\" width=\"150\" height=\"150\" src=\"https:\/\/wp.paulmoorschule-freren.de\/wp-content\/uploads\/2024\/12\/20241217_132322-150x150.jpg\" class=\"attachment-thumbnail size-thumbnail\" alt=\"\" \/><\/a>\n\t\t\t<\/div><\/figure><figure class='gallery-item'>\n\t\t\t<div class='gallery-icon landscape'>\n\t\t\t\t<a data-elementor-open-lightbox=\"yes\" data-elementor-lightbox-slideshow=\"4fecf80\" data-elementor-lightbox-title=\"20241217_132318\" data-e-action-hash=\"#elementor-action%3Aaction%3Dlightbox%26settings%3DeyJpZCI6MTAxNSwidXJsIjoiaHR0cHM6XC9cL3dwLnBhdWxtb29yc2NodWxlLWZyZXJlbi5kZVwvd3AtY29udGVudFwvdXBsb2Fkc1wvMjAyNFwvMTJcLzIwMjQxMjE3XzEzMjMxOC1zY2FsZWQuanBnIiwic2xpZGVzaG93IjoiNGZlY2Y4MCJ9\" href='https:\/\/wp.paulmoorschule-freren.de\/wp-content\/uploads\/2024\/12\/20241217_132318-scaled.jpg'><img loading=\"lazy\" decoding=\"async\" width=\"150\" height=\"150\" src=\"https:\/\/wp.paulmoorschule-freren.de\/wp-content\/uploads\/2024\/12\/20241217_132318-150x150.jpg\" class=\"attachment-thumbnail size-thumbnail\" alt=\"\" \/><\/a>\n\t\t\t<\/div><\/figure><figure class='gallery-item'>\n\t\t\t<div class='gallery-icon portrait'>\n\t\t\t\t<a data-elementor-open-lightbox=\"yes\" data-elementor-lightbox-slideshow=\"4fecf80\" data-elementor-lightbox-title=\"20241217_132314\" data-e-action-hash=\"#elementor-action%3Aaction%3Dlightbox%26settings%3DeyJpZCI6MTAxNCwidXJsIjoiaHR0cHM6XC9cL3dwLnBhdWxtb29yc2NodWxlLWZyZXJlbi5kZVwvd3AtY29udGVudFwvdXBsb2Fkc1wvMjAyNFwvMTJcLzIwMjQxMjE3XzEzMjMxNC1zY2FsZWQuanBnIiwic2xpZGVzaG93IjoiNGZlY2Y4MCJ9\" href='https:\/\/wp.paulmoorschule-freren.de\/wp-content\/uploads\/2024\/12\/20241217_132314-scaled.jpg'><img loading=\"lazy\" decoding=\"async\" width=\"150\" height=\"150\" src=\"https:\/\/wp.paulmoorschule-freren.de\/wp-content\/uploads\/2024\/12\/20241217_132314-150x150.jpg\" class=\"attachment-thumbnail size-thumbnail\" alt=\"\" \/><\/a>\n\t\t\t<\/div><\/figure>\n\t\t<\/div>\n\t\t<\/div>\n\t\t\t\t\t\t<\/div>\n\t\t\t\t<\/div>\n\t\t\t\t\t<\/div>\n\t\t<\/div>\n\t\t\t\t\t<\/div>\n\t\t<\/section>\n\t\t\t\t<section class=\"elementor-section elementor-top-section elementor-element elementor-element-e560b9e elementor-section-boxed elementor-section-height-default elementor-section-height-default\" data-id=\"e560b9e\" data-element_type=\"section\" data-e-type=\"section\">\n\t\t\t\t\t\t<div class=\"elementor-container elementor-column-gap-default\">\n\t\t\t\t\t<div class=\"elementor-column elementor-col-100 elementor-top-column elementor-element elementor-element-468210c\" data-id=\"468210c\" data-element_type=\"column\" data-e-type=\"column\">\n\t\t\t<div class=\"elementor-widget-wrap elementor-element-populated\">\n\t\t\t\t\t\t<div class=\"elementor-element elementor-element-8f95299 elementor-widget elementor-widget-heading\" data-id=\"8f95299\" data-element_type=\"widget\" data-e-type=\"widget\" data-widget_type=\"heading.default\">\n\t\t\t\t<div class=\"elementor-widget-container\">\n\t\t\t\t\t<h2 class=\"elementor-heading-title elementor-size-default\">November 2024<\/h2>\t\t\t\t<\/div>\n\t\t\t\t<\/div>\n\t\t\t\t\t<\/div>\n\t\t<\/div>\n\t\t\t\t\t<\/div>\n\t\t<\/section>\n\t\t\t\t<section class=\"elementor-section elementor-top-section elementor-element elementor-element-41eddb2 elementor-section-boxed elementor-section-height-default elementor-section-height-default\" data-id=\"41eddb2\" data-element_type=\"section\" data-e-type=\"section\">\n\t\t\t\t\t\t<div class=\"elementor-container elementor-column-gap-default\">\n\t\t\t\t\t<div class=\"elementor-column elementor-col-100 elementor-top-column elementor-element elementor-element-3a82c38\" data-id=\"3a82c38\" data-element_type=\"column\" data-e-type=\"column\">\n\t\t\t<div class=\"elementor-widget-wrap elementor-element-populated\">\n\t\t\t\t\t\t<div class=\"elementor-element elementor-element-95a36be elementor-widget elementor-widget-text-editor\" data-id=\"95a36be\" data-element_type=\"widget\" data-e-type=\"widget\" data-widget_type=\"text-editor.default\">\n\t\t\t\t<div class=\"elementor-widget-container\">\n\t\t\t\t\t\t\t\t\t<p><strong>Besuch in der Kunstschule SpuK in Freren<\/strong><\/p><p>Am 27.11.24 durften sich die Gewinnerinnen und Gewinner des Kuh-Malwettbewerbs zwei Stunden kreativ in der Kunstschule in Freren ausleben.<\/p><p>Wir danken Frau Prekel herzlich f\u00fcr ihre tolle Unterst\u00fctzung!<\/p>\t\t\t\t\t\t\t\t<\/div>\n\t\t\t\t<\/div>\n\t\t\t\t\t<\/div>\n\t\t<\/div>\n\t\t\t\t\t<\/div>\n\t\t<\/section>\n\t\t\t\t<section class=\"elementor-section elementor-top-section elementor-element elementor-element-2970806 elementor-section-boxed elementor-section-height-default elementor-section-height-default\" data-id=\"2970806\" data-element_type=\"section\" data-e-type=\"section\">\n\t\t\t\t\t\t<div class=\"elementor-container elementor-column-gap-default\">\n\t\t\t\t\t<div class=\"elementor-column elementor-col-100 elementor-top-column elementor-element elementor-element-2b8b7a6\" data-id=\"2b8b7a6\" data-element_type=\"column\" data-e-type=\"column\">\n\t\t\t<div class=\"elementor-widget-wrap elementor-element-populated\">\n\t\t\t\t\t\t<div class=\"elementor-element elementor-element-cf02ce4 elementor-widget elementor-widget-image-gallery\" data-id=\"cf02ce4\" data-element_type=\"widget\" data-e-type=\"widget\" data-widget_type=\"image-gallery.default\">\n\t\t\t\t<div class=\"elementor-widget-container\">\n\t\t\t\t\t\t\t<div class=\"elementor-image-gallery\">\n\t\t\t<div id='gallery-6' class='gallery galleryid-1209 gallery-columns-4 gallery-size-thumbnail'><figure class='gallery-item'>\n\t\t\t<div class='gallery-icon portrait'>\n\t\t\t\t<a data-elementor-open-lightbox=\"yes\" data-elementor-lightbox-slideshow=\"cf02ce4\" data-elementor-lightbox-title=\"Starsigns\" data-e-action-hash=\"#elementor-action%3Aaction%3Dlightbox%26settings%3DeyJpZCI6OTc2LCJ1cmwiOiJodHRwczpcL1wvd3AucGF1bG1vb3JzY2h1bGUtZnJlcmVuLmRlXC93cC1jb250ZW50XC91cGxvYWRzXC8yMDI0XC8xMlwvU3RhcnNpZ25zLXNjYWxlZC5qcGciLCJzbGlkZXNob3ciOiJjZjAyY2U0In0%3D\" href='https:\/\/wp.paulmoorschule-freren.de\/wp-content\/uploads\/2024\/12\/Starsigns-scaled.jpg'><img loading=\"lazy\" decoding=\"async\" width=\"150\" height=\"150\" src=\"https:\/\/wp.paulmoorschule-freren.de\/wp-content\/uploads\/2024\/12\/Starsigns-150x150.jpg\" class=\"attachment-thumbnail size-thumbnail\" alt=\"\" \/><\/a>\n\t\t\t<\/div><\/figure><figure class='gallery-item'>\n\t\t\t<div class='gallery-icon portrait'>\n\t\t\t\t<a data-elementor-open-lightbox=\"yes\" data-elementor-lightbox-slideshow=\"cf02ce4\" data-elementor-lightbox-title=\"Superman\" data-e-action-hash=\"#elementor-action%3Aaction%3Dlightbox%26settings%3DeyJpZCI6OTc3LCJ1cmwiOiJodHRwczpcL1wvd3AucGF1bG1vb3JzY2h1bGUtZnJlcmVuLmRlXC93cC1jb250ZW50XC91cGxvYWRzXC8yMDI0XC8xMlwvU3VwZXJtYW4tc2NhbGVkLmpwZyIsInNsaWRlc2hvdyI6ImNmMDJjZTQifQ%3D%3D\" href='https:\/\/wp.paulmoorschule-freren.de\/wp-content\/uploads\/2024\/12\/Superman-scaled.jpg'><img loading=\"lazy\" decoding=\"async\" width=\"150\" height=\"150\" src=\"https:\/\/wp.paulmoorschule-freren.de\/wp-content\/uploads\/2024\/12\/Superman-150x150.jpg\" class=\"attachment-thumbnail size-thumbnail\" alt=\"\" \/><\/a>\n\t\t\t<\/div><\/figure><figure class='gallery-item'>\n\t\t\t<div class='gallery-icon portrait'>\n\t\t\t\t<a data-elementor-open-lightbox=\"yes\" data-elementor-lightbox-slideshow=\"cf02ce4\" data-elementor-lightbox-title=\"Baum\" data-e-action-hash=\"#elementor-action%3Aaction%3Dlightbox%26settings%3DeyJpZCI6OTc4LCJ1cmwiOiJodHRwczpcL1wvd3AucGF1bG1vb3JzY2h1bGUtZnJlcmVuLmRlXC93cC1jb250ZW50XC91cGxvYWRzXC8yMDI0XC8xMlwvQmF1bS1zY2FsZWQuanBnIiwic2xpZGVzaG93IjoiY2YwMmNlNCJ9\" href='https:\/\/wp.paulmoorschule-freren.de\/wp-content\/uploads\/2024\/12\/Baum-scaled.jpg'><img loading=\"lazy\" decoding=\"async\" width=\"150\" height=\"150\" src=\"https:\/\/wp.paulmoorschule-freren.de\/wp-content\/uploads\/2024\/12\/Baum-150x150.jpg\" class=\"attachment-thumbnail size-thumbnail\" alt=\"\" \/><\/a>\n\t\t\t<\/div><\/figure><figure class='gallery-item'>\n\t\t\t<div class='gallery-icon portrait'>\n\t\t\t\t<a data-elementor-open-lightbox=\"yes\" data-elementor-lightbox-slideshow=\"cf02ce4\" data-elementor-lightbox-title=\"Astronaut\" data-e-action-hash=\"#elementor-action%3Aaction%3Dlightbox%26settings%3DeyJpZCI6OTc5LCJ1cmwiOiJodHRwczpcL1wvd3AucGF1bG1vb3JzY2h1bGUtZnJlcmVuLmRlXC93cC1jb250ZW50XC91cGxvYWRzXC8yMDI0XC8xMlwvQXN0cm9uYXV0LXNjYWxlZC5qcGciLCJzbGlkZXNob3ciOiJjZjAyY2U0In0%3D\" href='https:\/\/wp.paulmoorschule-freren.de\/wp-content\/uploads\/2024\/12\/Astronaut-scaled.jpg'><img loading=\"lazy\" decoding=\"async\" width=\"150\" height=\"150\" src=\"https:\/\/wp.paulmoorschule-freren.de\/wp-content\/uploads\/2024\/12\/Astronaut-150x150.jpg\" class=\"attachment-thumbnail size-thumbnail\" alt=\"\" \/><\/a>\n\t\t\t<\/div><\/figure><figure class='gallery-item'>\n\t\t\t<div class='gallery-icon landscape'>\n\t\t\t\t<a data-elementor-open-lightbox=\"yes\" data-elementor-lightbox-slideshow=\"cf02ce4\" data-elementor-lightbox-title=\"Kranz\" data-e-action-hash=\"#elementor-action%3Aaction%3Dlightbox%26settings%3DeyJpZCI6OTgwLCJ1cmwiOiJodHRwczpcL1wvd3AucGF1bG1vb3JzY2h1bGUtZnJlcmVuLmRlXC93cC1jb250ZW50XC91cGxvYWRzXC8yMDI0XC8xMlwvS3JhbnouanBnIiwic2xpZGVzaG93IjoiY2YwMmNlNCJ9\" href='https:\/\/wp.paulmoorschule-freren.de\/wp-content\/uploads\/2024\/12\/Kranz.jpg'><img loading=\"lazy\" decoding=\"async\" width=\"150\" height=\"150\" src=\"https:\/\/wp.paulmoorschule-freren.de\/wp-content\/uploads\/2024\/12\/Kranz-150x150.jpg\" class=\"attachment-thumbnail size-thumbnail\" alt=\"\" \/><\/a>\n\t\t\t<\/div><\/figure><figure class='gallery-item'>\n\t\t\t<div class='gallery-icon landscape'>\n\t\t\t\t<a data-elementor-open-lightbox=\"yes\" data-elementor-lightbox-slideshow=\"cf02ce4\" data-elementor-lightbox-title=\"Baum2\" data-e-action-hash=\"#elementor-action%3Aaction%3Dlightbox%26settings%3DeyJpZCI6OTgyLCJ1cmwiOiJodHRwczpcL1wvd3AucGF1bG1vb3JzY2h1bGUtZnJlcmVuLmRlXC93cC1jb250ZW50XC91cGxvYWRzXC8yMDI0XC8xMlwvQmF1bTIuanBnIiwic2xpZGVzaG93IjoiY2YwMmNlNCJ9\" href='https:\/\/wp.paulmoorschule-freren.de\/wp-content\/uploads\/2024\/12\/Baum2.jpg'><img loading=\"lazy\" decoding=\"async\" width=\"150\" height=\"150\" src=\"https:\/\/wp.paulmoorschule-freren.de\/wp-content\/uploads\/2024\/12\/Baum2-150x150.jpg\" class=\"attachment-thumbnail size-thumbnail\" alt=\"\" \/><\/a>\n\t\t\t<\/div><\/figure><figure class='gallery-item'>\n\t\t\t<div class='gallery-icon landscape'>\n\t\t\t\t<a data-elementor-open-lightbox=\"yes\" data-elementor-lightbox-slideshow=\"cf02ce4\" data-elementor-lightbox-title=\"Nasa\" data-e-action-hash=\"#elementor-action%3Aaction%3Dlightbox%26settings%3DeyJpZCI6OTgzLCJ1cmwiOiJodHRwczpcL1wvd3AucGF1bG1vb3JzY2h1bGUtZnJlcmVuLmRlXC93cC1jb250ZW50XC91cGxvYWRzXC8yMDI0XC8xMlwvTmFzYS1zY2FsZWQuanBnIiwic2xpZGVzaG93IjoiY2YwMmNlNCJ9\" href='https:\/\/wp.paulmoorschule-freren.de\/wp-content\/uploads\/2024\/12\/Nasa-scaled.jpg'><img loading=\"lazy\" decoding=\"async\" width=\"150\" height=\"150\" src=\"https:\/\/wp.paulmoorschule-freren.de\/wp-content\/uploads\/2024\/12\/Nasa-150x150.jpg\" class=\"attachment-thumbnail size-thumbnail\" alt=\"\" \/><\/a>\n\t\t\t<\/div><\/figure><figure class='gallery-item'>\n\t\t\t<div class='gallery-icon portrait'>\n\t\t\t\t<a data-elementor-open-lightbox=\"yes\" data-elementor-lightbox-slideshow=\"cf02ce4\" data-elementor-lightbox-title=\"Superman2\" data-e-action-hash=\"#elementor-action%3Aaction%3Dlightbox%26settings%3DeyJpZCI6OTg0LCJ1cmwiOiJodHRwczpcL1wvd3AucGF1bG1vb3JzY2h1bGUtZnJlcmVuLmRlXC93cC1jb250ZW50XC91cGxvYWRzXC8yMDI0XC8xMlwvU3VwZXJtYW4yLXNjYWxlZC5qcGciLCJzbGlkZXNob3ciOiJjZjAyY2U0In0%3D\" href='https:\/\/wp.paulmoorschule-freren.de\/wp-content\/uploads\/2024\/12\/Superman2-scaled.jpg'><img loading=\"lazy\" decoding=\"async\" width=\"150\" height=\"150\" src=\"https:\/\/wp.paulmoorschule-freren.de\/wp-content\/uploads\/2024\/12\/Superman2-150x150.jpg\" class=\"attachment-thumbnail size-thumbnail\" alt=\"\" \/><\/a>\n\t\t\t<\/div><\/figure>\n\t\t<\/div>\n\t\t<\/div>\n\t\t\t\t\t\t<\/div>\n\t\t\t\t<\/div>\n\t\t\t\t\t<\/div>\n\t\t<\/div>\n\t\t\t\t\t<\/div>\n\t\t<\/section>\n\t\t\t\t<section class=\"elementor-section elementor-top-section elementor-element elementor-element-2cdbc11 elementor-section-boxed elementor-section-height-default elementor-section-height-default\" data-id=\"2cdbc11\" data-element_type=\"section\" data-e-type=\"section\">\n\t\t\t\t\t\t<div class=\"elementor-container elementor-column-gap-default\">\n\t\t\t\t\t<div class=\"elementor-column elementor-col-100 elementor-top-column elementor-element elementor-element-93d2513\" data-id=\"93d2513\" data-element_type=\"column\" data-e-type=\"column\">\n\t\t\t<div class=\"elementor-widget-wrap elementor-element-populated\">\n\t\t\t\t\t\t<div class=\"elementor-element elementor-element-707ae5b elementor-widget elementor-widget-heading\" data-id=\"707ae5b\" data-element_type=\"widget\" data-e-type=\"widget\" data-widget_type=\"heading.default\">\n\t\t\t\t<div class=\"elementor-widget-container\">\n\t\t\t\t\t<h2 class=\"elementor-heading-title elementor-size-default\">Oktober 2024<\/h2>\t\t\t\t<\/div>\n\t\t\t\t<\/div>\n\t\t\t\t\t<\/div>\n\t\t<\/div>\n\t\t\t\t\t<\/div>\n\t\t<\/section>\n\t\t\t\t<section class=\"elementor-section elementor-top-section elementor-element elementor-element-f27ce35 elementor-section-boxed elementor-section-height-default elementor-section-height-default\" data-id=\"f27ce35\" data-element_type=\"section\" data-e-type=\"section\">\n\t\t\t\t\t\t<div class=\"elementor-container elementor-column-gap-default\">\n\t\t\t\t\t<div class=\"elementor-column elementor-col-100 elementor-top-column elementor-element elementor-element-dabb408\" data-id=\"dabb408\" data-element_type=\"column\" data-e-type=\"column\">\n\t\t\t<div class=\"elementor-widget-wrap elementor-element-populated\">\n\t\t\t\t\t\t<div class=\"elementor-element elementor-element-b368d05 elementor-widget elementor-widget-text-editor\" data-id=\"b368d05\" data-element_type=\"widget\" data-e-type=\"widget\" data-widget_type=\"text-editor.default\">\n\t\t\t\t<div class=\"elementor-widget-container\">\n\t\t\t\t\t\t\t\t\t<p><strong>0<\/strong><b>2.10.24: Malwettbewerb und V\u00f6lkerballturnier vor den Herbstferien<\/b><\/p><p>&#8222;Gestalte die Milka-Kuh neu!&#8220; So lautete der Auftrag des spontan organisierten Malwettbewerbs vor den Herbstferien. Die Ergebnisse sprechen f\u00fcr sich! F\u00fcnf Gewinnerinnen und Gewinner des Malwettbewerbs d\u00fcrfen nach den Ferien f\u00fcr zwei Stunden einen Workshop in der Kunstschule SpuK in Freren besuchen.<\/p><p>Neben den Gewinnern des Malwettbewerbs wurden auch wieder die Siegerinnen und Sieger des diesj\u00e4hrigen V\u00f6lkerballturniers feierlich ausgezeichnet.<\/p>\t\t\t\t\t\t\t\t<\/div>\n\t\t\t\t<\/div>\n\t\t\t\t\t<\/div>\n\t\t<\/div>\n\t\t\t\t\t<\/div>\n\t\t<\/section>\n\t\t\t\t<section class=\"elementor-section elementor-top-section elementor-element elementor-element-7f353d4 elementor-section-boxed elementor-section-height-default elementor-section-height-default\" data-id=\"7f353d4\" data-element_type=\"section\" data-e-type=\"section\">\n\t\t\t\t\t\t<div class=\"elementor-container elementor-column-gap-default\">\n\t\t\t\t\t<div class=\"elementor-column elementor-col-100 elementor-top-column elementor-element elementor-element-b4e5995\" data-id=\"b4e5995\" data-element_type=\"column\" data-e-type=\"column\">\n\t\t\t<div class=\"elementor-widget-wrap elementor-element-populated\">\n\t\t\t\t\t\t<div class=\"elementor-element elementor-element-682f371 elementor-widget elementor-widget-text-editor\" data-id=\"682f371\" data-element_type=\"widget\" data-e-type=\"widget\" data-widget_type=\"text-editor.default\">\n\t\t\t\t<div class=\"elementor-widget-container\">\n\t\t\t\t\t\t\t\t\t<p><div id='gallery-1' class='gallery galleryid-1209 gallery-columns-3 gallery-size-thumbnail'><figure class='gallery-item'>\n\t\t\t<div class='gallery-icon landscape'>\n\t\t\t\t<a href='https:\/\/wp.paulmoorschule-freren.de\/wp-content\/uploads\/2024\/10\/20240930_133804-scaled.jpg'><img loading=\"lazy\" decoding=\"async\" width=\"150\" height=\"150\" src=\"https:\/\/wp.paulmoorschule-freren.de\/wp-content\/uploads\/2024\/10\/20240930_133804-150x150.jpg\" class=\"attachment-thumbnail size-thumbnail\" alt=\"\" \/><\/a>\n\t\t\t<\/div><\/figure><figure class='gallery-item'>\n\t\t\t<div class='gallery-icon landscape'>\n\t\t\t\t<a href='https:\/\/wp.paulmoorschule-freren.de\/wp-content\/uploads\/2024\/10\/20240927_115049-scaled.jpg'><img loading=\"lazy\" decoding=\"async\" width=\"150\" height=\"150\" src=\"https:\/\/wp.paulmoorschule-freren.de\/wp-content\/uploads\/2024\/10\/20240927_115049-150x150.jpg\" class=\"attachment-thumbnail size-thumbnail\" alt=\"\" \/><\/a>\n\t\t\t<\/div><\/figure><figure class='gallery-item'>\n\t\t\t<div class='gallery-icon landscape'>\n\t\t\t\t<a href='https:\/\/wp.paulmoorschule-freren.de\/wp-content\/uploads\/2024\/10\/20241002_132502-scaled.jpg'><img loading=\"lazy\" decoding=\"async\" width=\"150\" height=\"150\" src=\"https:\/\/wp.paulmoorschule-freren.de\/wp-content\/uploads\/2024\/10\/20241002_132502-150x150.jpg\" class=\"attachment-thumbnail size-thumbnail\" alt=\"\" \/><\/a>\n\t\t\t<\/div><\/figure><figure class='gallery-item'>\n\t\t\t<div class='gallery-icon landscape'>\n\t\t\t\t<a href='https:\/\/wp.paulmoorschule-freren.de\/wp-content\/uploads\/2024\/10\/20240927_115105-scaled.jpg'><img loading=\"lazy\" decoding=\"async\" width=\"150\" height=\"150\" src=\"https:\/\/wp.paulmoorschule-freren.de\/wp-content\/uploads\/2024\/10\/20240927_115105-150x150.jpg\" class=\"attachment-thumbnail size-thumbnail\" alt=\"\" \/><\/a>\n\t\t\t<\/div><\/figure><figure class='gallery-item'>\n\t\t\t<div class='gallery-icon landscape'>\n\t\t\t\t<a href='https:\/\/wp.paulmoorschule-freren.de\/wp-content\/uploads\/2024\/10\/20240927_115108-scaled.jpg'><img loading=\"lazy\" decoding=\"async\" width=\"150\" height=\"150\" src=\"https:\/\/wp.paulmoorschule-freren.de\/wp-content\/uploads\/2024\/10\/20240927_115108-150x150.jpg\" class=\"attachment-thumbnail size-thumbnail\" alt=\"\" \/><\/a>\n\t\t\t<\/div><\/figure><figure class='gallery-item'>\n\t\t\t<div class='gallery-icon landscape'>\n\t\t\t\t<a href='https:\/\/wp.paulmoorschule-freren.de\/wp-content\/uploads\/2024\/10\/20240930_133711.jpg'><img loading=\"lazy\" decoding=\"async\" width=\"150\" height=\"150\" src=\"https:\/\/wp.paulmoorschule-freren.de\/wp-content\/uploads\/2024\/10\/20240930_133711-150x150.jpg\" class=\"attachment-thumbnail size-thumbnail\" alt=\"\" \/><\/a>\n\t\t\t<\/div><\/figure><figure class='gallery-item'>\n\t\t\t<div class='gallery-icon landscape'>\n\t\t\t\t<a href='https:\/\/wp.paulmoorschule-freren.de\/wp-content\/uploads\/2024\/10\/20240927_115052-scaled.jpg'><img loading=\"lazy\" decoding=\"async\" width=\"150\" height=\"150\" src=\"https:\/\/wp.paulmoorschule-freren.de\/wp-content\/uploads\/2024\/10\/20240927_115052-150x150.jpg\" class=\"attachment-thumbnail size-thumbnail\" alt=\"\" \/><\/a>\n\t\t\t<\/div><\/figure><figure class='gallery-item'>\n\t\t\t<div class='gallery-icon landscape'>\n\t\t\t\t<a href='https:\/\/wp.paulmoorschule-freren.de\/wp-content\/uploads\/2024\/10\/20240927_115055-scaled.jpg'><img loading=\"lazy\" decoding=\"async\" width=\"150\" height=\"150\" src=\"https:\/\/wp.paulmoorschule-freren.de\/wp-content\/uploads\/2024\/10\/20240927_115055-150x150.jpg\" class=\"attachment-thumbnail size-thumbnail\" alt=\"\" \/><\/a>\n\t\t\t<\/div><\/figure><figure class='gallery-item'>\n\t\t\t<div class='gallery-icon landscape'>\n\t\t\t\t<a href='https:\/\/wp.paulmoorschule-freren.de\/wp-content\/uploads\/2024\/10\/20240927_115058-scaled.jpg'><img loading=\"lazy\" decoding=\"async\" width=\"150\" height=\"150\" src=\"https:\/\/wp.paulmoorschule-freren.de\/wp-content\/uploads\/2024\/10\/20240927_115058-150x150.jpg\" class=\"attachment-thumbnail size-thumbnail\" alt=\"\" \/><\/a>\n\t\t\t<\/div><\/figure><figure class='gallery-item'>\n\t\t\t<div class='gallery-icon landscape'>\n\t\t\t\t<a href='https:\/\/wp.paulmoorschule-freren.de\/wp-content\/uploads\/2024\/10\/20240927_115102-scaled.jpg'><img loading=\"lazy\" decoding=\"async\" width=\"150\" height=\"150\" src=\"https:\/\/wp.paulmoorschule-freren.de\/wp-content\/uploads\/2024\/10\/20240927_115102-150x150.jpg\" class=\"attachment-thumbnail size-thumbnail\" alt=\"\" \/><\/a>\n\t\t\t<\/div><\/figure><figure class='gallery-item'>\n\t\t\t<div class='gallery-icon landscape'>\n\t\t\t\t<a href='https:\/\/wp.paulmoorschule-freren.de\/wp-content\/uploads\/2024\/10\/20240927_115112-scaled.jpg'><img loading=\"lazy\" decoding=\"async\" width=\"150\" height=\"150\" src=\"https:\/\/wp.paulmoorschule-freren.de\/wp-content\/uploads\/2024\/10\/20240927_115112-150x150.jpg\" class=\"attachment-thumbnail size-thumbnail\" alt=\"\" \/><\/a>\n\t\t\t<\/div><\/figure><figure class='gallery-item'>\n\t\t\t<div class='gallery-icon landscape'>\n\t\t\t\t<a href='https:\/\/wp.paulmoorschule-freren.de\/wp-content\/uploads\/2024\/10\/20240927_115119-scaled.jpg'><img loading=\"lazy\" decoding=\"async\" width=\"150\" height=\"150\" src=\"https:\/\/wp.paulmoorschule-freren.de\/wp-content\/uploads\/2024\/10\/20240927_115119-150x150.jpg\" class=\"attachment-thumbnail size-thumbnail\" alt=\"\" \/><\/a>\n\t\t\t<\/div><\/figure><figure class='gallery-item'>\n\t\t\t<div class='gallery-icon landscape'>\n\t\t\t\t<a href='https:\/\/wp.paulmoorschule-freren.de\/wp-content\/uploads\/2024\/10\/20240927_115127-scaled.jpg'><img loading=\"lazy\" decoding=\"async\" width=\"150\" height=\"150\" src=\"https:\/\/wp.paulmoorschule-freren.de\/wp-content\/uploads\/2024\/10\/20240927_115127-150x150.jpg\" class=\"attachment-thumbnail size-thumbnail\" alt=\"\" \/><\/a>\n\t\t\t<\/div><\/figure><figure class='gallery-item'>\n\t\t\t<div class='gallery-icon landscape'>\n\t\t\t\t<a href='https:\/\/wp.paulmoorschule-freren.de\/wp-content\/uploads\/2024\/10\/20240927_115130-scaled.jpg'><img loading=\"lazy\" decoding=\"async\" width=\"150\" height=\"150\" src=\"https:\/\/wp.paulmoorschule-freren.de\/wp-content\/uploads\/2024\/10\/20240927_115130-150x150.jpg\" class=\"attachment-thumbnail size-thumbnail\" alt=\"\" \/><\/a>\n\t\t\t<\/div><\/figure><figure class='gallery-item'>\n\t\t\t<div class='gallery-icon landscape'>\n\t\t\t\t<a href='https:\/\/wp.paulmoorschule-freren.de\/wp-content\/uploads\/2024\/10\/20240927_120649.jpg'><img loading=\"lazy\" decoding=\"async\" width=\"150\" height=\"150\" src=\"https:\/\/wp.paulmoorschule-freren.de\/wp-content\/uploads\/2024\/10\/20240927_120649-150x150.jpg\" class=\"attachment-thumbnail size-thumbnail\" alt=\"\" \/><\/a>\n\t\t\t<\/div><\/figure><figure class='gallery-item'>\n\t\t\t<div class='gallery-icon landscape'>\n\t\t\t\t<a href='https:\/\/wp.paulmoorschule-freren.de\/wp-content\/uploads\/2024\/10\/20240927_120700-scaled.jpg'><img loading=\"lazy\" decoding=\"async\" width=\"150\" height=\"150\" src=\"https:\/\/wp.paulmoorschule-freren.de\/wp-content\/uploads\/2024\/10\/20240927_120700-150x150.jpg\" class=\"attachment-thumbnail size-thumbnail\" alt=\"\" \/><\/a>\n\t\t\t<\/div><\/figure><figure class='gallery-item'>\n\t\t\t<div class='gallery-icon landscape'>\n\t\t\t\t<a href='https:\/\/wp.paulmoorschule-freren.de\/wp-content\/uploads\/2024\/10\/20240927_120705-scaled.jpg'><img loading=\"lazy\" decoding=\"async\" width=\"150\" height=\"150\" src=\"https:\/\/wp.paulmoorschule-freren.de\/wp-content\/uploads\/2024\/10\/20240927_120705-150x150.jpg\" class=\"attachment-thumbnail size-thumbnail\" alt=\"\" \/><\/a>\n\t\t\t<\/div><\/figure><figure class='gallery-item'>\n\t\t\t<div class='gallery-icon landscape'>\n\t\t\t\t<a href='https:\/\/wp.paulmoorschule-freren.de\/wp-content\/uploads\/2024\/10\/20240930_133718-scaled.jpg'><img loading=\"lazy\" decoding=\"async\" width=\"150\" height=\"150\" src=\"https:\/\/wp.paulmoorschule-freren.de\/wp-content\/uploads\/2024\/10\/20240930_133718-150x150.jpg\" class=\"attachment-thumbnail size-thumbnail\" alt=\"\" \/><\/a>\n\t\t\t<\/div><\/figure><figure class='gallery-item'>\n\t\t\t<div class='gallery-icon landscape'>\n\t\t\t\t<a href='https:\/\/wp.paulmoorschule-freren.de\/wp-content\/uploads\/2024\/10\/20240930_133734-scaled.jpg'><img loading=\"lazy\" decoding=\"async\" width=\"150\" height=\"150\" src=\"https:\/\/wp.paulmoorschule-freren.de\/wp-content\/uploads\/2024\/10\/20240930_133734-150x150.jpg\" class=\"attachment-thumbnail size-thumbnail\" alt=\"\" \/><\/a>\n\t\t\t<\/div><\/figure><figure class='gallery-item'>\n\t\t\t<div class='gallery-icon landscape'>\n\t\t\t\t<a href='https:\/\/wp.paulmoorschule-freren.de\/wp-content\/uploads\/2024\/10\/20241002_132416-scaled.jpg'><img loading=\"lazy\" decoding=\"async\" width=\"150\" height=\"150\" src=\"https:\/\/wp.paulmoorschule-freren.de\/wp-content\/uploads\/2024\/10\/20241002_132416-150x150.jpg\" class=\"attachment-thumbnail size-thumbnail\" alt=\"\" \/><\/a>\n\t\t\t<\/div><\/figure>\n\t\t<\/div>\n<\/p>\t\t\t\t\t\t\t\t<\/div>\n\t\t\t\t<\/div>\n\t\t\t\t\t<\/div>\n\t\t<\/div>\n\t\t\t\t\t<\/div>\n\t\t<\/section>\n\t\t\t\t<\/div>\n\t\t","protected":false},"excerpt":{"rendered":"<p>Juli 2025 Traditionell fand am Montag vor den Sommerferien nun schon zum 20. Mal der Laufabzeichenwettbewerb statt. Zwischen 15 und 90 Minuten lang sind die Sch\u00fclerinnen und Sch\u00fcler gewalkt oder gejoggt. Auch zum besonderen Jubil\u00e4um teilten Herr Budde und Frau Tholemeyer wieder einige Urkunden und Medaillen aus. Den Klassenpokal holte in diesem Jahr die Klasse &hellip; <a href=\"https:\/\/wp.paulmoorschule-freren.de\/?page_id=1209\" class=\"more-link\"><span class=\"screen-reader-text\">\u201eSchuljahr 2024\/2025\u201c <\/span>weiterlesen<\/a><\/p>\n","protected":false},"author":1,"featured_media":0,"parent":0,"menu_order":0,"comment_status":"closed","ping_status":"closed","template":"","meta":{"footnotes":""},"class_list":["post-1209","page","type-page","status-publish","hentry"],"_links":{"self":[{"href":"https:\/\/wp.paulmoorschule-freren.de\/index.php?rest_route=\/wp\/v2\/pages\/1209","targetHints":{"allow":["GET"]}}],"collection":[{"href":"https:\/\/wp.paulmoorschule-freren.de\/index.php?rest_route=\/wp\/v2\/pages"}],"about":[{"href":"https:\/\/wp.paulmoorschule-freren.de\/index.php?rest_route=\/wp\/v2\/types\/page"}],"author":[{"embeddable":true,"href":"https:\/\/wp.paulmoorschule-freren.de\/index.php?rest_route=\/wp\/v2\/users\/1"}],"replies":[{"embeddable":true,"href":"https:\/\/wp.paulmoorschule-freren.de\/index.php?rest_route=%2Fwp%2Fv2%2Fcomments&post=1209"}],"version-history":[{"count":14,"href":"https:\/\/wp.paulmoorschule-freren.de\/index.php?rest_route=\/wp\/v2\/pages\/1209\/revisions"}],"predecessor-version":[{"id":1238,"href":"https:\/\/wp.paulmoorschule-freren.de\/index.php?rest_route=\/wp\/v2\/pages\/1209\/revisions\/1238"}],"wp:attachment":[{"href":"https:\/\/wp.paulmoorschule-freren.de\/index.php?rest_route=%2Fwp%2Fv2%2Fmedia&parent=1209"}],"curies":[{"name":"wp","href":"https:\/\/api.w.org\/{rel}","templated":true}]}}