{"id":11,"date":"2019-01-12T17:57:55","date_gmt":"2019-01-12T17:57:55","guid":{"rendered":"http:\/\/wp.paulmoorschule-freren.de\/?page_id=11"},"modified":"2026-03-18T16:56:59","modified_gmt":"2026-03-18T16:56:59","slug":"home","status":"publish","type":"page","link":"https:\/\/wp.paulmoorschule-freren.de\/","title":{"rendered":"Aktuelles"},"content":{"rendered":"\t\t<div data-elementor-type=\"wp-post\" data-elementor-id=\"11\" class=\"elementor elementor-11\">\n\t\t\t\t\t\t<section class=\"elementor-section elementor-top-section elementor-element elementor-element-cf6779a elementor-section-boxed elementor-section-height-default elementor-section-height-default\" data-id=\"cf6779a\" data-element_type=\"section\" data-e-type=\"section\">\n\t\t\t\t\t\t<div class=\"elementor-container elementor-column-gap-default\">\n\t\t\t\t\t<div class=\"elementor-column elementor-col-100 elementor-top-column elementor-element elementor-element-18b48ba\" data-id=\"18b48ba\" data-element_type=\"column\" data-e-type=\"column\">\n\t\t\t<div class=\"elementor-widget-wrap elementor-element-populated\">\n\t\t\t\t\t\t<div class=\"elementor-element elementor-element-5ce1af1 elementor-widget elementor-widget-spacer\" data-id=\"5ce1af1\" data-element_type=\"widget\" data-e-type=\"widget\" data-widget_type=\"spacer.default\">\n\t\t\t\t<div class=\"elementor-widget-container\">\n\t\t\t\t\t\t\t<div class=\"elementor-spacer\">\n\t\t\t<div class=\"elementor-spacer-inner\"><\/div>\n\t\t<\/div>\n\t\t\t\t\t\t<\/div>\n\t\t\t\t<\/div>\n\t\t\t\t<div class=\"elementor-element elementor-element-4675460 elementor-button-success elementor-align-left elementor-widget elementor-widget-button\" data-id=\"4675460\" data-element_type=\"widget\" data-e-type=\"widget\" data-widget_type=\"button.default\">\n\t\t\t\t<div class=\"elementor-widget-container\">\n\t\t\t\t\t\t\t\t\t<div class=\"elementor-button-wrapper\">\n\t\t\t\t\t<a class=\"elementor-button elementor-button-link elementor-size-xs\" href=\"https:\/\/pms-freren.com\">\n\t\t\t\t\t\t<span class=\"elementor-button-content-wrapper\">\n\t\t\t\t\t\t\t\t\t<span class=\"elementor-button-text\">IServ-Anmeldung<\/span>\n\t\t\t\t\t<\/span>\n\t\t\t\t\t<\/a>\n\t\t\t\t<\/div>\n\t\t\t\t\t\t\t\t<\/div>\n\t\t\t\t<\/div>\n\t\t\t\t<div class=\"elementor-element elementor-element-5e7b288 elementor-widget elementor-widget-text-editor\" data-id=\"5e7b288\" data-element_type=\"widget\" data-e-type=\"widget\" data-widget_type=\"text-editor.default\">\n\t\t\t\t<div class=\"elementor-widget-container\">\n\t\t\t\t\t\t\t\t\t<p><strong>Herzlich Willkommen auf der Homepage der Paul-Moor-Schule!<\/strong><\/p><p>Schulanmeldungen k\u00f6nnen Sie zu den unten angegebenen Zeiten und nach telefonischer Absprache unter der Rufnummer 05902\/5770 vornehmen.<\/p><p style=\"text-align: center;\">\u00a0 montags von 8.30 Uhr &#8211; 12.30 Uhr und<\/p><p style=\"text-align: center;\">mittwochs von 8.30 Uhr &#8211; 14.00 Uhr<\/p>\t\t\t\t\t\t\t\t<\/div>\n\t\t\t\t<\/div>\n\t\t\t\t<div class=\"elementor-element elementor-element-5a6c6c8 elementor-widget elementor-widget-spacer\" data-id=\"5a6c6c8\" data-element_type=\"widget\" data-e-type=\"widget\" data-widget_type=\"spacer.default\">\n\t\t\t\t<div class=\"elementor-widget-container\">\n\t\t\t\t\t\t\t<div class=\"elementor-spacer\">\n\t\t\t<div class=\"elementor-spacer-inner\"><\/div>\n\t\t<\/div>\n\t\t\t\t\t\t<\/div>\n\t\t\t\t<\/div>\n\t\t\t\t\t<\/div>\n\t\t<\/div>\n\t\t\t\t\t<\/div>\n\t\t<\/section>\n\t\t\t\t<section class=\"elementor-section elementor-top-section elementor-element elementor-element-038c5fd elementor-section-boxed elementor-section-height-default elementor-section-height-default\" data-id=\"038c5fd\" data-element_type=\"section\" data-e-type=\"section\">\n\t\t\t\t\t\t<div class=\"elementor-container elementor-column-gap-default\">\n\t\t\t\t\t<div class=\"elementor-column elementor-col-100 elementor-top-column elementor-element elementor-element-7106dac\" data-id=\"7106dac\" data-element_type=\"column\" data-e-type=\"column\">\n\t\t\t<div class=\"elementor-widget-wrap elementor-element-populated\">\n\t\t\t\t\t\t<div class=\"elementor-element elementor-element-634ddd3 elementor-widget elementor-widget-heading\" data-id=\"634ddd3\" data-element_type=\"widget\" data-e-type=\"widget\" data-widget_type=\"heading.default\">\n\t\t\t\t<div class=\"elementor-widget-container\">\n\t\t\t\t\t<h2 class=\"elementor-heading-title elementor-size-default\">M\u00e4rz 2026<\/h2>\t\t\t\t<\/div>\n\t\t\t\t<\/div>\n\t\t\t\t\t<\/div>\n\t\t<\/div>\n\t\t\t\t\t<\/div>\n\t\t<\/section>\n\t\t\t\t<section class=\"elementor-section elementor-top-section elementor-element elementor-element-819d018 elementor-section-boxed elementor-section-height-default elementor-section-height-default\" data-id=\"819d018\" data-element_type=\"section\" data-e-type=\"section\">\n\t\t\t\t\t\t<div class=\"elementor-container elementor-column-gap-default\">\n\t\t\t\t\t<div class=\"elementor-column elementor-col-100 elementor-top-column elementor-element elementor-element-817c103\" data-id=\"817c103\" data-element_type=\"column\" data-e-type=\"column\">\n\t\t\t<div class=\"elementor-widget-wrap elementor-element-populated\">\n\t\t\t\t\t\t<div class=\"elementor-element elementor-element-e6d33eb elementor-widget elementor-widget-text-editor\" data-id=\"e6d33eb\" data-element_type=\"widget\" data-e-type=\"widget\" data-widget_type=\"text-editor.default\">\n\t\t\t\t<div class=\"elementor-widget-container\">\n\t\t\t\t\t\t\t\t\t<p><strong>Schwimmmarathon vor den Osterferien<\/strong><\/p><p>Beim diesj\u00e4hrigen Schwimmmarathon konnten unsere Sch\u00fclerinnen und Sch\u00fcler wieder einen neuen Schulrekord aufstellen. In diesem Jahr sind 29 Teilnehmerinnen und Teilnehmer 1164 Bahnen geschwommen. Umgerechnet sind das 19,4km! Zum Vergleich: Im letzten Schuljahr waren es noch 16,36km. Herr Budde und Frau Tholemeyer verteilten diesmal 4 Bronzemedaillen, 8 Silbermedaillen und 17 Goldmedaillen.<\/p>\t\t\t\t\t\t\t\t<\/div>\n\t\t\t\t<\/div>\n\t\t\t\t\t<\/div>\n\t\t<\/div>\n\t\t\t\t\t<\/div>\n\t\t<\/section>\n\t\t\t\t<section class=\"elementor-section elementor-top-section elementor-element elementor-element-958fb76 elementor-section-boxed elementor-section-height-default elementor-section-height-default\" data-id=\"958fb76\" data-element_type=\"section\" data-e-type=\"section\">\n\t\t\t\t\t\t<div class=\"elementor-container elementor-column-gap-default\">\n\t\t\t\t\t<div class=\"elementor-column elementor-col-100 elementor-top-column elementor-element elementor-element-00c6db4\" data-id=\"00c6db4\" data-element_type=\"column\" data-e-type=\"column\">\n\t\t\t<div class=\"elementor-widget-wrap elementor-element-populated\">\n\t\t\t\t\t\t<div class=\"elementor-element elementor-element-2ec8474 elementor-widget elementor-widget-text-editor\" data-id=\"2ec8474\" data-element_type=\"widget\" data-e-type=\"widget\" data-widget_type=\"text-editor.default\">\n\t\t\t\t<div class=\"elementor-widget-container\">\n\t\t\t\t\t\t\t\t\t<p>Vor den Ferien gibt es au\u00dferdem wieder einen neuen <strong>Elternbrief<\/strong> der nieders\u00e4chsischen Kultusministerin. Zum Lesen\/ Herunterladen bitte <a href=\"https:\/\/wp.paulmoorschule-freren.de\/wp-content\/uploads\/2026\/03\/2026-03-18-Osterbrief-Eltern-und-Erziehungsberechtigte.pdf\">hier<\/a> klicken.<\/p>\t\t\t\t\t\t\t\t<\/div>\n\t\t\t\t<\/div>\n\t\t\t\t\t<\/div>\n\t\t<\/div>\n\t\t\t\t\t<\/div>\n\t\t<\/section>\n\t\t\t\t<section class=\"elementor-section elementor-top-section elementor-element elementor-element-1e3d756 elementor-section-boxed elementor-section-height-default elementor-section-height-default\" data-id=\"1e3d756\" data-element_type=\"section\" data-e-type=\"section\">\n\t\t\t\t\t\t<div class=\"elementor-container elementor-column-gap-default\">\n\t\t\t\t\t<div class=\"elementor-column elementor-col-100 elementor-top-column elementor-element elementor-element-ab86412\" data-id=\"ab86412\" data-element_type=\"column\" data-e-type=\"column\">\n\t\t\t<div class=\"elementor-widget-wrap elementor-element-populated\">\n\t\t\t\t\t\t<div class=\"elementor-element elementor-element-3fc3b63 elementor-widget elementor-widget-heading\" data-id=\"3fc3b63\" data-element_type=\"widget\" data-e-type=\"widget\" data-widget_type=\"heading.default\">\n\t\t\t\t<div class=\"elementor-widget-container\">\n\t\t\t\t\t<h2 class=\"elementor-heading-title elementor-size-default\">Februar 2026<\/h2>\t\t\t\t<\/div>\n\t\t\t\t<\/div>\n\t\t\t\t\t<\/div>\n\t\t<\/div>\n\t\t\t\t\t<\/div>\n\t\t<\/section>\n\t\t\t\t<section class=\"elementor-section elementor-top-section elementor-element elementor-element-5094401 elementor-section-boxed elementor-section-height-default elementor-section-height-default\" data-id=\"5094401\" data-element_type=\"section\" data-e-type=\"section\">\n\t\t\t\t\t\t<div class=\"elementor-container elementor-column-gap-default\">\n\t\t\t\t\t<div class=\"elementor-column elementor-col-100 elementor-top-column elementor-element elementor-element-7b2232a\" data-id=\"7b2232a\" data-element_type=\"column\" data-e-type=\"column\">\n\t\t\t<div class=\"elementor-widget-wrap elementor-element-populated\">\n\t\t\t\t\t\t<div class=\"elementor-element elementor-element-cfc78d7 elementor-widget elementor-widget-text-editor\" data-id=\"cfc78d7\" data-element_type=\"widget\" data-e-type=\"widget\" data-widget_type=\"text-editor.default\">\n\t\t\t\t<div class=\"elementor-widget-container\">\n\t\t\t\t\t\t\t\t\t<p><strong>1<\/strong><b>1.02.26: Neuer Brief der Kultusministerin<\/b><\/p><p><a href=\"https:\/\/wp.paulmoorschule-freren.de\/wp-content\/uploads\/2026\/02\/2026-02-04-Eltern-und-Erziehungsberechtigte-1.pdf\">Hier<\/a> finden Sie wieder den aktuellen Elternbrief der Kultusministerin Julia Willie Hamburg.<\/p>\t\t\t\t\t\t\t\t<\/div>\n\t\t\t\t<\/div>\n\t\t\t\t\t<\/div>\n\t\t<\/div>\n\t\t\t\t\t<\/div>\n\t\t<\/section>\n\t\t\t\t<section class=\"elementor-section elementor-top-section elementor-element elementor-element-9a90ed3 elementor-section-boxed elementor-section-height-default elementor-section-height-default\" data-id=\"9a90ed3\" data-element_type=\"section\" data-e-type=\"section\">\n\t\t\t\t\t\t<div class=\"elementor-container elementor-column-gap-default\">\n\t\t\t\t\t<div class=\"elementor-column elementor-col-100 elementor-top-column elementor-element elementor-element-016bc11\" data-id=\"016bc11\" data-element_type=\"column\" data-e-type=\"column\">\n\t\t\t<div class=\"elementor-widget-wrap elementor-element-populated\">\n\t\t\t\t\t\t<div class=\"elementor-element elementor-element-9faa1b2 elementor-widget elementor-widget-text-editor\" data-id=\"9faa1b2\" data-element_type=\"widget\" data-e-type=\"widget\" data-widget_type=\"text-editor.default\">\n\t\t\t\t<div class=\"elementor-widget-container\">\n\t\t\t\t\t\t\t\t\t<p><strong>04.02.26: Digitaler Elternabend <\/strong><\/p><p>Informationsveranstaltung zu den &#8222;gr\u00fcnen Berufen&#8220; des Bundesinformationszentrums Landwirtschaft (zum Vergr\u00f6\u00dfern bitte anklicken oder <a href=\"https:\/\/wp.paulmoorschule-freren.de\/wp-content\/uploads\/2026\/02\/DigitalerElternabend_A4_2025_v3.pdf\">hier<\/a> tippen)<\/p>\t\t\t\t\t\t\t\t<\/div>\n\t\t\t\t<\/div>\n\t\t\t\t<div class=\"elementor-element elementor-element-c645339 elementor-widget elementor-widget-image-gallery\" data-id=\"c645339\" data-element_type=\"widget\" data-e-type=\"widget\" data-widget_type=\"image-gallery.default\">\n\t\t\t\t<div class=\"elementor-widget-container\">\n\t\t\t\t\t\t\t<div class=\"elementor-image-gallery\">\n\t\t\t<div id='gallery-1' class='gallery galleryid-11 gallery-columns-1 gallery-size-thumbnail'><figure class='gallery-item'>\n\t\t\t<div class='gallery-icon portrait'>\n\t\t\t\t<a data-elementor-open-lightbox=\"no\" href='https:\/\/wp.paulmoorschule-freren.de\/wp-content\/uploads\/2026\/02\/DigitalerElternabend_A4_2025_v3-1.jpg'><img decoding=\"async\" width=\"150\" height=\"150\" src=\"https:\/\/wp.paulmoorschule-freren.de\/wp-content\/uploads\/2026\/02\/DigitalerElternabend_A4_2025_v3-1-150x150.jpg\" class=\"attachment-thumbnail size-thumbnail\" alt=\"\" \/><\/a>\n\t\t\t<\/div><\/figure>\n\t\t<\/div>\n\t\t<\/div>\n\t\t\t\t\t\t<\/div>\n\t\t\t\t<\/div>\n\t\t\t\t\t<\/div>\n\t\t<\/div>\n\t\t\t\t\t<\/div>\n\t\t<\/section>\n\t\t\t\t<section class=\"elementor-section elementor-top-section elementor-element elementor-element-eb6dbdf elementor-section-boxed elementor-section-height-default elementor-section-height-default\" data-id=\"eb6dbdf\" data-element_type=\"section\" data-e-type=\"section\">\n\t\t\t\t\t\t<div class=\"elementor-container elementor-column-gap-default\">\n\t\t\t\t\t<div class=\"elementor-column elementor-col-100 elementor-top-column elementor-element elementor-element-96eb285\" data-id=\"96eb285\" data-element_type=\"column\" data-e-type=\"column\">\n\t\t\t<div class=\"elementor-widget-wrap elementor-element-populated\">\n\t\t\t\t\t\t<div class=\"elementor-element elementor-element-a708633 elementor-widget elementor-widget-text-editor\" data-id=\"a708633\" data-element_type=\"widget\" data-e-type=\"widget\" data-widget_type=\"text-editor.default\">\n\t\t\t\t<div class=\"elementor-widget-container\">\n\t\t\t\t\t\t\t\t\t<p><strong>Eltern- und Sch\u00fclerbriefe des Landkreises vor Karneval<\/strong><\/p><p>Da bald wieder Karneval vor der T\u00fcr steht, gibt der Landkreis Emsland Hinweise zum verantwortungsvollen Umgang mit Alkohol und (E-)Zigaretten.<\/p><p><a href=\"https:\/\/wp.paulmoorschule-freren.de\/wp-content\/uploads\/2026\/02\/2026-Elternbrief-Karneval.pdf\">Hier<\/a> finden Sie den Elternbrief.\u00a0<\/p><p>Und auch f\u00fcr Sch\u00fclerInnen gibt es <a href=\"https:\/\/wp.paulmoorschule-freren.de\/wp-content\/uploads\/2026\/02\/2026-Schuelerinfo-Karneval.pdf\">hier<\/a> eine Information.<\/p>\t\t\t\t\t\t\t\t<\/div>\n\t\t\t\t<\/div>\n\t\t\t\t\t<\/div>\n\t\t<\/div>\n\t\t\t\t\t<\/div>\n\t\t<\/section>\n\t\t\t\t<section class=\"elementor-section elementor-top-section elementor-element elementor-element-0902bec elementor-section-boxed elementor-section-height-default elementor-section-height-default\" data-id=\"0902bec\" data-element_type=\"section\" data-e-type=\"section\">\n\t\t\t\t\t\t<div class=\"elementor-container elementor-column-gap-default\">\n\t\t\t\t\t<div class=\"elementor-column elementor-col-100 elementor-top-column elementor-element elementor-element-477fc5d\" data-id=\"477fc5d\" data-element_type=\"column\" data-e-type=\"column\">\n\t\t\t<div class=\"elementor-widget-wrap elementor-element-populated\">\n\t\t\t\t\t\t<div class=\"elementor-element elementor-element-23943cc elementor-widget elementor-widget-heading\" data-id=\"23943cc\" data-element_type=\"widget\" data-e-type=\"widget\" data-widget_type=\"heading.default\">\n\t\t\t\t<div class=\"elementor-widget-container\">\n\t\t\t\t\t<h2 class=\"elementor-heading-title elementor-size-default\">Dezember 2025<\/h2>\t\t\t\t<\/div>\n\t\t\t\t<\/div>\n\t\t\t\t\t<\/div>\n\t\t<\/div>\n\t\t\t\t\t<\/div>\n\t\t<\/section>\n\t\t\t\t<section class=\"elementor-section elementor-top-section elementor-element elementor-element-c6d8f0d elementor-section-boxed elementor-section-height-default elementor-section-height-default\" data-id=\"c6d8f0d\" data-element_type=\"section\" data-e-type=\"section\">\n\t\t\t\t\t\t<div class=\"elementor-container elementor-column-gap-default\">\n\t\t\t\t\t<div class=\"elementor-column elementor-col-100 elementor-top-column elementor-element elementor-element-b5004e9\" data-id=\"b5004e9\" data-element_type=\"column\" data-e-type=\"column\">\n\t\t\t<div class=\"elementor-widget-wrap elementor-element-populated\">\n\t\t\t\t\t\t<div class=\"elementor-element elementor-element-276fd07 elementor-widget elementor-widget-image-gallery\" data-id=\"276fd07\" data-element_type=\"widget\" data-e-type=\"widget\" data-widget_type=\"image-gallery.default\">\n\t\t\t\t<div class=\"elementor-widget-container\">\n\t\t\t\t\t\t\t<div class=\"elementor-image-gallery\">\n\t\t\t<div id='gallery-2' class='gallery galleryid-11 gallery-columns-4 gallery-size-full'><figure class='gallery-item'>\n\t\t\t<div class='gallery-icon landscape'>\n\t\t\t\t<a data-elementor-open-lightbox=\"yes\" data-elementor-lightbox-slideshow=\"276fd07\" data-elementor-lightbox-title=\"Weihnachtsfeier\" data-e-action-hash=\"#elementor-action%3Aaction%3Dlightbox%26settings%3DeyJpZCI6MTMxNiwidXJsIjoiaHR0cHM6XC9cL3dwLnBhdWxtb29yc2NodWxlLWZyZXJlbi5kZVwvd3AtY29udGVudFwvdXBsb2Fkc1wvMjAyNlwvMDFcL1dlaWhuYWNodHNmZWllcjIucG5nIiwic2xpZGVzaG93IjoiMjc2ZmQwNyJ9\" href='https:\/\/wp.paulmoorschule-freren.de\/wp-content\/uploads\/2026\/01\/Weihnachtsfeier2.png'><img fetchpriority=\"high\" decoding=\"async\" width=\"985\" height=\"936\" src=\"https:\/\/wp.paulmoorschule-freren.de\/wp-content\/uploads\/2026\/01\/Weihnachtsfeier2.png\" class=\"attachment-full size-full\" alt=\"\" srcset=\"https:\/\/wp.paulmoorschule-freren.de\/wp-content\/uploads\/2026\/01\/Weihnachtsfeier2.png 985w, https:\/\/wp.paulmoorschule-freren.de\/wp-content\/uploads\/2026\/01\/Weihnachtsfeier2-300x285.png 300w, https:\/\/wp.paulmoorschule-freren.de\/wp-content\/uploads\/2026\/01\/Weihnachtsfeier2-768x730.png 768w\" sizes=\"(max-width: 709px) 85vw, (max-width: 909px) 67vw, (max-width: 1362px) 62vw, 840px\" \/><\/a>\n\t\t\t<\/div><\/figure><figure class='gallery-item'>\n\t\t\t<div class='gallery-icon portrait'>\n\t\t\t\t<a data-elementor-open-lightbox=\"yes\" data-elementor-lightbox-slideshow=\"276fd07\" data-elementor-lightbox-title=\"Grinch\" data-e-action-hash=\"#elementor-action%3Aaction%3Dlightbox%26settings%3DeyJpZCI6MTMyNCwidXJsIjoiaHR0cHM6XC9cL3dwLnBhdWxtb29yc2NodWxlLWZyZXJlbi5kZVwvd3AtY29udGVudFwvdXBsb2Fkc1wvMjAyNlwvMDFcL0dyaW5jaC5wbmciLCJzbGlkZXNob3ciOiIyNzZmZDA3In0%3D\" href='https:\/\/wp.paulmoorschule-freren.de\/wp-content\/uploads\/2026\/01\/Grinch.png'><img decoding=\"async\" width=\"280\" height=\"397\" src=\"https:\/\/wp.paulmoorschule-freren.de\/wp-content\/uploads\/2026\/01\/Grinch.png\" class=\"attachment-full size-full\" alt=\"\" srcset=\"https:\/\/wp.paulmoorschule-freren.de\/wp-content\/uploads\/2026\/01\/Grinch.png 280w, https:\/\/wp.paulmoorschule-freren.de\/wp-content\/uploads\/2026\/01\/Grinch-212x300.png 212w\" sizes=\"(max-width: 280px) 85vw, 280px\" \/><\/a>\n\t\t\t<\/div><\/figure>\n\t\t<\/div>\n\t\t<\/div>\n\t\t\t\t\t\t<\/div>\n\t\t\t\t<\/div>\n\t\t\t\t\t<\/div>\n\t\t<\/div>\n\t\t\t\t\t<\/div>\n\t\t<\/section>\n\t\t\t\t<section class=\"elementor-section elementor-top-section elementor-element elementor-element-8a23d9d elementor-section-boxed elementor-section-height-default elementor-section-height-default\" data-id=\"8a23d9d\" data-element_type=\"section\" data-e-type=\"section\">\n\t\t\t\t\t\t<div class=\"elementor-container elementor-column-gap-default\">\n\t\t\t\t\t<div class=\"elementor-column elementor-col-100 elementor-top-column elementor-element elementor-element-d7fdf51\" data-id=\"d7fdf51\" data-element_type=\"column\" data-e-type=\"column\">\n\t\t\t<div class=\"elementor-widget-wrap elementor-element-populated\">\n\t\t\t\t\t\t<div class=\"elementor-element elementor-element-ca323f1 elementor-widget elementor-widget-text-editor\" data-id=\"ca323f1\" data-element_type=\"widget\" data-e-type=\"widget\" data-widget_type=\"text-editor.default\">\n\t\t\t\t<div class=\"elementor-widget-container\">\n\t\t\t\t\t\t\t\t\t<p><strong>Weihnachtsfeier am 19.12.25<\/strong><\/p><p>Auch dieses Jahr gab es am letzten Schultag vor den Ferien wieder eine kleine Weihnachtsfeier. Jede Klasse trug etwas dazu bei.<\/p><p>Klasse 9 (siehe oben) begeisterte mit einem Wichteltanz. Die Klasse 8L trug ein Weihnachtsgedicht in Jugendsprache vor und bei der Klasse 8E gab es das traditionelle Weihnachtsquiz, bei dem wieder Schoko-Weihnachtsm\u00e4nner gewonnen werden konnten. Klasse 7 gab eine runde Weihnachtskekse aus und die Klassen 5 und 6 trugen verschiedene Gedichte vor. Auch der Grinch kam dieses Jahr wieder zu Besuch.<\/p>\t\t\t\t\t\t\t\t<\/div>\n\t\t\t\t<\/div>\n\t\t\t\t\t<\/div>\n\t\t<\/div>\n\t\t\t\t\t<\/div>\n\t\t<\/section>\n\t\t\t\t<section class=\"elementor-section elementor-top-section elementor-element elementor-element-ad7d6d9 elementor-section-boxed elementor-section-height-default elementor-section-height-default\" data-id=\"ad7d6d9\" data-element_type=\"section\" data-e-type=\"section\">\n\t\t\t\t\t\t<div class=\"elementor-container elementor-column-gap-default\">\n\t\t\t\t\t<div class=\"elementor-column elementor-col-100 elementor-top-column elementor-element elementor-element-2fbff52\" data-id=\"2fbff52\" data-element_type=\"column\" data-e-type=\"column\">\n\t\t\t<div class=\"elementor-widget-wrap elementor-element-populated\">\n\t\t\t\t\t\t<div class=\"elementor-element elementor-element-56cb783 elementor-widget elementor-widget-image\" data-id=\"56cb783\" data-element_type=\"widget\" data-e-type=\"widget\" data-widget_type=\"image.default\">\n\t\t\t\t<div class=\"elementor-widget-container\">\n\t\t\t\t\t\t\t\t\t\t\t\t\t\t\t<img loading=\"lazy\" decoding=\"async\" width=\"840\" height=\"30\" src=\"https:\/\/wp.paulmoorschule-freren.de\/wp-content\/uploads\/2026\/03\/Trenner.png\" class=\"attachment-large size-large wp-image-1399\" alt=\"\" srcset=\"https:\/\/wp.paulmoorschule-freren.de\/wp-content\/uploads\/2026\/03\/Trenner.png 873w, https:\/\/wp.paulmoorschule-freren.de\/wp-content\/uploads\/2026\/03\/Trenner-300x11.png 300w, https:\/\/wp.paulmoorschule-freren.de\/wp-content\/uploads\/2026\/03\/Trenner-768x27.png 768w\" sizes=\"(max-width: 709px) 85vw, (max-width: 909px) 67vw, (max-width: 1362px) 62vw, 840px\" \/>\t\t\t\t\t\t\t\t\t\t\t\t\t\t\t<\/div>\n\t\t\t\t<\/div>\n\t\t\t\t\t<\/div>\n\t\t<\/div>\n\t\t\t\t\t<\/div>\n\t\t<\/section>\n\t\t\t\t<section class=\"elementor-section elementor-top-section elementor-element elementor-element-e8c9b0e elementor-section-boxed elementor-section-height-default elementor-section-height-default\" data-id=\"e8c9b0e\" data-element_type=\"section\" data-e-type=\"section\">\n\t\t\t\t\t\t<div class=\"elementor-container elementor-column-gap-default\">\n\t\t\t\t\t<div class=\"elementor-column elementor-col-100 elementor-top-column elementor-element elementor-element-6ae722f\" data-id=\"6ae722f\" data-element_type=\"column\" data-e-type=\"column\">\n\t\t\t<div class=\"elementor-widget-wrap elementor-element-populated\">\n\t\t\t\t\t\t<div class=\"elementor-element elementor-element-fe44d0f elementor-widget elementor-widget-text-editor\" data-id=\"fe44d0f\" data-element_type=\"widget\" data-e-type=\"widget\" data-widget_type=\"text-editor.default\">\n\t\t\t\t<div class=\"elementor-widget-container\">\n\t\t\t\t\t\t\t\t\t<p>Es folgt ein Beitrag aus der aktuellen (Weihnachts-)Ausgabe unserer Sch\u00fclerzeitung.<\/p>\t\t\t\t\t\t\t\t<\/div>\n\t\t\t\t<\/div>\n\t\t\t\t\t<\/div>\n\t\t<\/div>\n\t\t\t\t\t<\/div>\n\t\t<\/section>\n\t\t\t\t<section class=\"elementor-section elementor-top-section elementor-element elementor-element-9a6e273 elementor-section-boxed elementor-section-height-default elementor-section-height-default\" data-id=\"9a6e273\" data-element_type=\"section\" data-e-type=\"section\">\n\t\t\t\t\t\t<div class=\"elementor-container elementor-column-gap-default\">\n\t\t\t\t\t<div class=\"elementor-column elementor-col-100 elementor-top-column elementor-element elementor-element-2963f02\" data-id=\"2963f02\" data-element_type=\"column\" data-e-type=\"column\">\n\t\t\t<div class=\"elementor-widget-wrap elementor-element-populated\">\n\t\t\t\t\t\t<div class=\"elementor-element elementor-element-8a4628f elementor-widget elementor-widget-image\" data-id=\"8a4628f\" data-element_type=\"widget\" data-e-type=\"widget\" data-widget_type=\"image.default\">\n\t\t\t\t<div class=\"elementor-widget-container\">\n\t\t\t\t\t\t\t\t\t\t\t\t\t\t\t<img loading=\"lazy\" decoding=\"async\" width=\"724\" height=\"1024\" src=\"https:\/\/wp.paulmoorschule-freren.de\/wp-content\/uploads\/2026\/01\/Schuelerzeitung-Vogelhaeuschen-1-724x1024.jpg\" class=\"attachment-large size-large wp-image-1330\" alt=\"\" srcset=\"https:\/\/wp.paulmoorschule-freren.de\/wp-content\/uploads\/2026\/01\/Schuelerzeitung-Vogelhaeuschen-1-724x1024.jpg 724w, https:\/\/wp.paulmoorschule-freren.de\/wp-content\/uploads\/2026\/01\/Schuelerzeitung-Vogelhaeuschen-1-212x300.jpg 212w, https:\/\/wp.paulmoorschule-freren.de\/wp-content\/uploads\/2026\/01\/Schuelerzeitung-Vogelhaeuschen-1-768x1086.jpg 768w, https:\/\/wp.paulmoorschule-freren.de\/wp-content\/uploads\/2026\/01\/Schuelerzeitung-Vogelhaeuschen-1-1086x1536.jpg 1086w, https:\/\/wp.paulmoorschule-freren.de\/wp-content\/uploads\/2026\/01\/Schuelerzeitung-Vogelhaeuschen-1.jpg 1191w\" sizes=\"(max-width: 724px) 85vw, 724px\" \/>\t\t\t\t\t\t\t\t\t\t\t\t\t\t\t<\/div>\n\t\t\t\t<\/div>\n\t\t\t\t\t<\/div>\n\t\t<\/div>\n\t\t\t\t\t<\/div>\n\t\t<\/section>\n\t\t\t\t<section class=\"elementor-section elementor-top-section elementor-element elementor-element-c26759f elementor-section-boxed elementor-section-height-default elementor-section-height-default\" data-id=\"c26759f\" data-element_type=\"section\" data-e-type=\"section\">\n\t\t\t\t\t\t<div class=\"elementor-container elementor-column-gap-default\">\n\t\t\t\t\t<div class=\"elementor-column elementor-col-100 elementor-top-column elementor-element elementor-element-801202a\" data-id=\"801202a\" data-element_type=\"column\" data-e-type=\"column\">\n\t\t\t<div class=\"elementor-widget-wrap elementor-element-populated\">\n\t\t\t\t\t\t<div class=\"elementor-element elementor-element-698da95 elementor-widget elementor-widget-heading\" data-id=\"698da95\" data-element_type=\"widget\" data-e-type=\"widget\" data-widget_type=\"heading.default\">\n\t\t\t\t<div class=\"elementor-widget-container\">\n\t\t\t\t\t<h2 class=\"elementor-heading-title elementor-size-default\">Oktober 2025<\/h2>\t\t\t\t<\/div>\n\t\t\t\t<\/div>\n\t\t\t\t\t<\/div>\n\t\t<\/div>\n\t\t\t\t\t<\/div>\n\t\t<\/section>\n\t\t\t\t<section class=\"elementor-section elementor-top-section elementor-element elementor-element-887abd7 elementor-section-boxed elementor-section-height-default elementor-section-height-default\" data-id=\"887abd7\" data-element_type=\"section\" data-e-type=\"section\">\n\t\t\t\t\t\t<div class=\"elementor-container elementor-column-gap-default\">\n\t\t\t\t\t<div class=\"elementor-column elementor-col-100 elementor-top-column elementor-element elementor-element-611e35b\" data-id=\"611e35b\" data-element_type=\"column\" data-e-type=\"column\">\n\t\t\t<div class=\"elementor-widget-wrap elementor-element-populated\">\n\t\t\t\t\t\t<div class=\"elementor-element elementor-element-b2af714 elementor-widget elementor-widget-image\" data-id=\"b2af714\" data-element_type=\"widget\" data-e-type=\"widget\" data-widget_type=\"image.default\">\n\t\t\t\t<div class=\"elementor-widget-container\">\n\t\t\t\t\t\t\t\t\t\t\t\t<figure class=\"wp-caption\">\n\t\t\t\t\t\t\t\t\t\t<img decoding=\"async\" src=\"https:\/\/www.emsvechtewelle.de\/wp-content\/uploads\/2025\/10\/Einweihung-Soccerfeld-2048x1536.jpeg\" title=\"\" alt=\"\" loading=\"lazy\" \/>\t\t\t\t\t\t\t\t\t\t\t<figcaption class=\"widget-image-caption wp-caption-text\">Foto \u00a9 Paul-Moor-Schule\/ Landkreis Emsland<\/figcaption>\n\t\t\t\t\t\t\t\t\t\t<\/figure>\n\t\t\t\t\t\t\t\t\t<\/div>\n\t\t\t\t<\/div>\n\t\t\t\t\t<\/div>\n\t\t<\/div>\n\t\t\t\t\t<\/div>\n\t\t<\/section>\n\t\t\t\t<section class=\"elementor-section elementor-top-section elementor-element elementor-element-17667a9 elementor-section-boxed elementor-section-height-default elementor-section-height-default\" data-id=\"17667a9\" data-element_type=\"section\" data-e-type=\"section\">\n\t\t\t\t\t\t<div class=\"elementor-container elementor-column-gap-default\">\n\t\t\t\t\t<div class=\"elementor-column elementor-col-100 elementor-top-column elementor-element elementor-element-5dd2bd9\" data-id=\"5dd2bd9\" data-element_type=\"column\" data-e-type=\"column\">\n\t\t\t<div class=\"elementor-widget-wrap elementor-element-populated\">\n\t\t\t\t\t\t<div class=\"elementor-element elementor-element-d2a04ac elementor-widget elementor-widget-text-editor\" data-id=\"d2a04ac\" data-element_type=\"widget\" data-e-type=\"widget\" data-widget_type=\"text-editor.default\">\n\t\t\t\t<div class=\"elementor-widget-container\">\n\t\t\t\t\t\t\t\t\t<p><strong>Besuch vom SV Meppen am 10.10.25<\/strong><\/p>\n<p>Anl\u00e4sslich unseres neuen Soccerfeldes hatten wir am letzten Schultag vor den Herbstferien prominenten Besuch durch den SV Meppen &#8211; organisiert von unserem Sportlehrer Herrn Budde.&nbsp;<\/p>\n<p>Die besten Spieler der Paul-Moor-Schule durften im Spiel mit und gegen Mika Herrmann und Lasse Zumdieck zeigen, wie toll sie spielen k\u00f6nnen. Am Ende beendete Herr Budde das Spiel mit einem Unentschieden. Lukas Beniermann, der Trainer des SV Meppen, dr\u00fcckte seine Anerkennung aus.<\/p>\n<p><a href=\"https:\/\/www.emsvechtewelle.de\/neue-multifunktionsanlage-an-der-paul-moor-schule-in-freren\/\" target=\"_blank\" rel=\"noopener\">Hier<\/a> finden Sie den Artikel der Ems-Vechte-Welle.<\/p>\t\t\t\t\t\t\t\t<\/div>\n\t\t\t\t<\/div>\n\t\t\t\t\t<\/div>\n\t\t<\/div>\n\t\t\t\t\t<\/div>\n\t\t<\/section>\n\t\t\t\t<section class=\"elementor-section elementor-top-section elementor-element elementor-element-fb7cbb2 elementor-section-boxed elementor-section-height-default elementor-section-height-default\" data-id=\"fb7cbb2\" data-element_type=\"section\" data-e-type=\"section\">\n\t\t\t\t\t\t<div class=\"elementor-container elementor-column-gap-default\">\n\t\t\t\t\t<div class=\"elementor-column elementor-col-100 elementor-top-column elementor-element elementor-element-e2d49c7\" data-id=\"e2d49c7\" data-element_type=\"column\" data-e-type=\"column\">\n\t\t\t<div class=\"elementor-widget-wrap elementor-element-populated\">\n\t\t\t\t\t\t<div class=\"elementor-element elementor-element-b37f762 elementor-widget elementor-widget-image\" data-id=\"b37f762\" data-element_type=\"widget\" data-e-type=\"widget\" data-widget_type=\"image.default\">\n\t\t\t\t<div class=\"elementor-widget-container\">\n\t\t\t\t\t\t\t\t\t\t\t\t\t\t\t<img loading=\"lazy\" decoding=\"async\" width=\"777\" height=\"1024\" src=\"https:\/\/wp.paulmoorschule-freren.de\/wp-content\/uploads\/2025\/10\/Erntedank-777x1024.jpg\" class=\"attachment-large size-large wp-image-1290\" alt=\"\" srcset=\"https:\/\/wp.paulmoorschule-freren.de\/wp-content\/uploads\/2025\/10\/Erntedank-777x1024.jpg 777w, https:\/\/wp.paulmoorschule-freren.de\/wp-content\/uploads\/2025\/10\/Erntedank-228x300.jpg 228w, https:\/\/wp.paulmoorschule-freren.de\/wp-content\/uploads\/2025\/10\/Erntedank-768x1012.jpg 768w, https:\/\/wp.paulmoorschule-freren.de\/wp-content\/uploads\/2025\/10\/Erntedank-1166x1536.jpg 1166w, https:\/\/wp.paulmoorschule-freren.de\/wp-content\/uploads\/2025\/10\/Erntedank-1554x2048.jpg 1554w, https:\/\/wp.paulmoorschule-freren.de\/wp-content\/uploads\/2025\/10\/Erntedank-1200x1581.jpg 1200w, https:\/\/wp.paulmoorschule-freren.de\/wp-content\/uploads\/2025\/10\/Erntedank-scaled.jpg 1943w\" sizes=\"(max-width: 777px) 85vw, 777px\" \/>\t\t\t\t\t\t\t\t\t\t\t\t\t\t\t<\/div>\n\t\t\t\t<\/div>\n\t\t\t\t\t<\/div>\n\t\t<\/div>\n\t\t\t\t\t<\/div>\n\t\t<\/section>\n\t\t\t\t<section class=\"elementor-section elementor-top-section elementor-element elementor-element-32ce39d elementor-section-boxed elementor-section-height-default elementor-section-height-default\" data-id=\"32ce39d\" data-element_type=\"section\" data-e-type=\"section\">\n\t\t\t\t\t\t<div class=\"elementor-container elementor-column-gap-default\">\n\t\t\t\t\t<div class=\"elementor-column elementor-col-100 elementor-top-column elementor-element elementor-element-f0c59b2\" data-id=\"f0c59b2\" data-element_type=\"column\" data-e-type=\"column\">\n\t\t\t<div class=\"elementor-widget-wrap elementor-element-populated\">\n\t\t\t\t\t\t<div class=\"elementor-element elementor-element-18f1c4e elementor-widget elementor-widget-text-editor\" data-id=\"18f1c4e\" data-element_type=\"widget\" data-e-type=\"widget\" data-widget_type=\"text-editor.default\">\n\t\t\t\t<div class=\"elementor-widget-container\">\n\t\t\t\t\t\t\t\t\t<p><strong>Erntedank im Unterricht der Klasse 6<\/strong><br \/>In der vergangenen Woche haben sich die Sch\u00fcler der Klasse 6 mit dem Thema &#8222;Erntedank&#8220; besch\u00e4ftigt. Dazu hat jede*r Sch\u00fcler*in eine Erntegabe mitgebracht. Au\u00dferdem konnten sich die Sch\u00fcler*innen mit einer Traumreise in das Thema einstimmen. Es ging vor allem um die Dankbarkeit gegen\u00fcber der F\u00fclle der Lebensmittel in unseren K\u00fchlschr\u00e4nken. Au\u00dferdem wurde die Herkunft und die Verarbeitung der verschiedenen Lebensmittel besprochen.<br \/>Das Highlight war das gemeinsame Apfelmus kochen.<\/p>\t\t\t\t\t\t\t\t<\/div>\n\t\t\t\t<\/div>\n\t\t\t\t\t<\/div>\n\t\t<\/div>\n\t\t\t\t\t<\/div>\n\t\t<\/section>\n\t\t\t\t<section class=\"elementor-section elementor-top-section elementor-element elementor-element-271d11e elementor-section-boxed elementor-section-height-default elementor-section-height-default\" data-id=\"271d11e\" data-element_type=\"section\" data-e-type=\"section\">\n\t\t\t\t\t\t<div class=\"elementor-container elementor-column-gap-default\">\n\t\t\t\t\t<div class=\"elementor-column elementor-col-100 elementor-top-column elementor-element elementor-element-e8de653\" data-id=\"e8de653\" data-element_type=\"column\" data-e-type=\"column\">\n\t\t\t<div class=\"elementor-widget-wrap elementor-element-populated\">\n\t\t\t\t\t\t<div class=\"elementor-element elementor-element-0fed1ab elementor-widget elementor-widget-heading\" data-id=\"0fed1ab\" data-element_type=\"widget\" data-e-type=\"widget\" data-widget_type=\"heading.default\">\n\t\t\t\t<div class=\"elementor-widget-container\">\n\t\t\t\t\t<h2 class=\"elementor-heading-title elementor-size-default\">September 2025<\/h2>\t\t\t\t<\/div>\n\t\t\t\t<\/div>\n\t\t\t\t\t<\/div>\n\t\t<\/div>\n\t\t\t\t\t<\/div>\n\t\t<\/section>\n\t\t\t\t<section class=\"elementor-section elementor-top-section elementor-element elementor-element-a3a0939 elementor-section-boxed elementor-section-height-default elementor-section-height-default\" data-id=\"a3a0939\" data-element_type=\"section\" data-e-type=\"section\">\n\t\t\t\t\t\t<div class=\"elementor-container elementor-column-gap-default\">\n\t\t\t\t\t<div class=\"elementor-column elementor-col-100 elementor-top-column elementor-element elementor-element-da8e895\" data-id=\"da8e895\" data-element_type=\"column\" data-e-type=\"column\">\n\t\t\t<div class=\"elementor-widget-wrap elementor-element-populated\">\n\t\t\t\t\t\t<div class=\"elementor-element elementor-element-e518d1b elementor-widget elementor-widget-text-editor\" data-id=\"e518d1b\" data-element_type=\"widget\" data-e-type=\"widget\" data-widget_type=\"text-editor.default\">\n\t\t\t\t<div class=\"elementor-widget-container\">\n\t\t\t\t\t\t\t\t\t<p>Ein Beitrag aus unserer neuen Sch\u00fclerzeitung &#8222;PMS aktuell&#8220; zum Er\u00f6ffnungsspiel auf dem neuen Soccerfeld (12.09.25).<\/p>\t\t\t\t\t\t\t\t<\/div>\n\t\t\t\t<\/div>\n\t\t\t\t\t<\/div>\n\t\t<\/div>\n\t\t\t\t\t<\/div>\n\t\t<\/section>\n\t\t\t\t<section class=\"elementor-section elementor-top-section elementor-element elementor-element-5bbac30 elementor-section-boxed elementor-section-height-default elementor-section-height-default\" data-id=\"5bbac30\" data-element_type=\"section\" data-e-type=\"section\">\n\t\t\t\t\t\t<div class=\"elementor-container elementor-column-gap-default\">\n\t\t\t\t\t<div class=\"elementor-column elementor-col-100 elementor-top-column elementor-element elementor-element-dc8170c\" data-id=\"dc8170c\" data-element_type=\"column\" data-e-type=\"column\">\n\t\t\t<div class=\"elementor-widget-wrap elementor-element-populated\">\n\t\t\t\t\t\t<div class=\"elementor-element elementor-element-b9baebf elementor-widget elementor-widget-image\" data-id=\"b9baebf\" data-element_type=\"widget\" data-e-type=\"widget\" data-widget_type=\"image.default\">\n\t\t\t\t<div class=\"elementor-widget-container\">\n\t\t\t\t\t\t\t\t\t\t\t\t\t\t\t<img loading=\"lazy\" decoding=\"async\" width=\"724\" height=\"1024\" src=\"https:\/\/wp.paulmoorschule-freren.de\/wp-content\/uploads\/2025\/10\/Eroeffnungsspiel-724x1024.jpg\" class=\"attachment-large size-large wp-image-1295\" alt=\"\" srcset=\"https:\/\/wp.paulmoorschule-freren.de\/wp-content\/uploads\/2025\/10\/Eroeffnungsspiel-724x1024.jpg 724w, https:\/\/wp.paulmoorschule-freren.de\/wp-content\/uploads\/2025\/10\/Eroeffnungsspiel-212x300.jpg 212w, https:\/\/wp.paulmoorschule-freren.de\/wp-content\/uploads\/2025\/10\/Eroeffnungsspiel-768x1086.jpg 768w, https:\/\/wp.paulmoorschule-freren.de\/wp-content\/uploads\/2025\/10\/Eroeffnungsspiel-1086x1536.jpg 1086w, https:\/\/wp.paulmoorschule-freren.de\/wp-content\/uploads\/2025\/10\/Eroeffnungsspiel-1200x1697.jpg 1200w, https:\/\/wp.paulmoorschule-freren.de\/wp-content\/uploads\/2025\/10\/Eroeffnungsspiel.jpg 1241w\" sizes=\"(max-width: 724px) 85vw, 724px\" \/>\t\t\t\t\t\t\t\t\t\t\t\t\t\t\t<\/div>\n\t\t\t\t<\/div>\n\t\t\t\t\t<\/div>\n\t\t<\/div>\n\t\t\t\t\t<\/div>\n\t\t<\/section>\n\t\t\t\t<section class=\"elementor-section elementor-top-section elementor-element elementor-element-98b942b elementor-section-boxed elementor-section-height-default elementor-section-height-default\" data-id=\"98b942b\" data-element_type=\"section\" data-e-type=\"section\">\n\t\t\t\t\t\t<div class=\"elementor-container elementor-column-gap-default\">\n\t\t\t\t\t<div class=\"elementor-column elementor-col-100 elementor-top-column elementor-element elementor-element-cb05952\" data-id=\"cb05952\" data-element_type=\"column\" data-e-type=\"column\">\n\t\t\t<div class=\"elementor-widget-wrap elementor-element-populated\">\n\t\t\t\t\t\t<div class=\"elementor-element elementor-element-6686239 elementor-widget elementor-widget-image\" data-id=\"6686239\" data-element_type=\"widget\" data-e-type=\"widget\" data-widget_type=\"image.default\">\n\t\t\t\t<div class=\"elementor-widget-container\">\n\t\t\t\t\t\t\t\t\t\t\t\t\t\t\t<img loading=\"lazy\" decoding=\"async\" width=\"840\" height=\"30\" src=\"https:\/\/wp.paulmoorschule-freren.de\/wp-content\/uploads\/2026\/03\/Trenner.png\" class=\"attachment-large size-large wp-image-1399\" alt=\"\" srcset=\"https:\/\/wp.paulmoorschule-freren.de\/wp-content\/uploads\/2026\/03\/Trenner.png 873w, https:\/\/wp.paulmoorschule-freren.de\/wp-content\/uploads\/2026\/03\/Trenner-300x11.png 300w, https:\/\/wp.paulmoorschule-freren.de\/wp-content\/uploads\/2026\/03\/Trenner-768x27.png 768w\" sizes=\"(max-width: 709px) 85vw, (max-width: 909px) 67vw, (max-width: 1362px) 62vw, 840px\" \/>\t\t\t\t\t\t\t\t\t\t\t\t\t\t\t<\/div>\n\t\t\t\t<\/div>\n\t\t\t\t\t<\/div>\n\t\t<\/div>\n\t\t\t\t\t<\/div>\n\t\t<\/section>\n\t\t\t\t<section class=\"elementor-section elementor-top-section elementor-element elementor-element-53b53f9 elementor-section-boxed elementor-section-height-default elementor-section-height-default\" data-id=\"53b53f9\" data-element_type=\"section\" data-e-type=\"section\">\n\t\t\t\t\t\t<div class=\"elementor-container elementor-column-gap-default\">\n\t\t\t\t\t<div class=\"elementor-column elementor-col-100 elementor-top-column elementor-element elementor-element-ef99bf9\" data-id=\"ef99bf9\" data-element_type=\"column\" data-e-type=\"column\">\n\t\t\t<div class=\"elementor-widget-wrap elementor-element-populated\">\n\t\t\t\t\t\t<div class=\"elementor-element elementor-element-3b759c8 elementor-widget elementor-widget-text-editor\" data-id=\"3b759c8\" data-element_type=\"widget\" data-e-type=\"widget\" data-widget_type=\"text-editor.default\">\n\t\t\t\t<div class=\"elementor-widget-container\">\n\t\t\t\t\t\t\t\t\t<p><strong>Feierliche Er\u00f6ffnung unseres neuen Schulhofs<\/strong><\/p><p>Bagger auf den Parkpl\u00e4tzen, Absperrb\u00e4nder auf dem Schulhof, nur ein kleines Feld zum Spielen\u00a0 &#8211; lange mussten die Klassen 5 und 6 sich bei den Umbauarbeiten gedulden. Doch zu Beginn des neuen Schuljahres hatte das Warten endlich ein Ende: Feierlich wurde der neue Schulhof er\u00f6ffnet!<\/p><p>Frau Tholemeyer hielt eine kleine Rede und schnitt gemeinsam mit den Sch\u00fclerinnen und Sch\u00fclern das Band zur Er\u00f6ffnung durch. Um sich richtig auf die neuen Spielger\u00e4te einzustimmen, durften die Sch\u00fclerinnen und Sch\u00fcler dann kleine Stationen daran absolvieren.<\/p><p>Bei der neuen Schaukel war Geschicklichkeit und Zielgenauigkeit gefragt: Hier mussten beim Schaukeln mit verschiedenen Wurfgeschossen drei verschiedene Ringe getroffen werden. Beim Kletterger\u00fcst ging es um Schnelligkeit &#8211; wer am schnellsten den Parkour bew\u00e4ltigte, hat gewonnen. Auf dem gro\u00dfen Schachfeld mussten die Sch\u00fclerinnen und Sch\u00fcler \u00fcber die Felder springen und dabei Gegenst\u00e4nde her\u00fcber tragen.\u00a0<\/p><p>Das machte sehr viel Spa\u00df! Wir danken unseren Referendarinnen Frau Heeke und Frau Berger f\u00fcr die Organisation.<\/p><p>Doch nicht nur f\u00fcr die j\u00fcngeren Sch\u00fclerinnen und Sch\u00fcler gibt es etwas Neues &#8211; auch die \u00e4lteren sollen nicht zu kurz kommen. F\u00fcr sie gibt es ein brandneues Soccerfeld.\u00a0<\/p><p>Einige Eindr\u00fccke sehen Sie hier in der Galerie:<\/p>\t\t\t\t\t\t\t\t<\/div>\n\t\t\t\t<\/div>\n\t\t\t\t\t<\/div>\n\t\t<\/div>\n\t\t\t\t\t<\/div>\n\t\t<\/section>\n\t\t\t\t<section class=\"elementor-section elementor-top-section elementor-element elementor-element-bfc9c98 elementor-section-boxed elementor-section-height-default elementor-section-height-default\" data-id=\"bfc9c98\" data-element_type=\"section\" data-e-type=\"section\">\n\t\t\t\t\t\t<div class=\"elementor-container elementor-column-gap-default\">\n\t\t\t\t\t<div class=\"elementor-column elementor-col-100 elementor-top-column elementor-element elementor-element-ecae08e\" data-id=\"ecae08e\" data-element_type=\"column\" data-e-type=\"column\">\n\t\t\t<div class=\"elementor-widget-wrap elementor-element-populated\">\n\t\t\t\t\t\t<div class=\"elementor-element elementor-element-6c797e3 elementor-arrows-position-inside elementor-pagination-position-outside elementor-widget elementor-widget-image-carousel\" data-id=\"6c797e3\" data-element_type=\"widget\" data-e-type=\"widget\" data-settings=\"{&quot;navigation&quot;:&quot;both&quot;,&quot;autoplay&quot;:&quot;yes&quot;,&quot;pause_on_hover&quot;:&quot;yes&quot;,&quot;pause_on_interaction&quot;:&quot;yes&quot;,&quot;autoplay_speed&quot;:5000,&quot;infinite&quot;:&quot;yes&quot;,&quot;speed&quot;:500}\" data-widget_type=\"image-carousel.default\">\n\t\t\t\t<div class=\"elementor-widget-container\">\n\t\t\t\t\t\t\t<div class=\"elementor-image-carousel-wrapper swiper\" role=\"region\" aria-roledescription=\"carousel\" aria-label=\"Schulhof\" dir=\"ltr\">\n\t\t\t<div class=\"elementor-image-carousel swiper-wrapper\" aria-live=\"off\">\n\t\t\t\t\t\t\t\t<div class=\"swiper-slide\" role=\"group\" aria-roledescription=\"slide\" aria-label=\"1 von 9\"><a data-elementor-open-lightbox=\"yes\" data-elementor-lightbox-slideshow=\"6c797e3\" data-elementor-lightbox-title=\"Schulhof1\" data-e-action-hash=\"#elementor-action%3Aaction%3Dlightbox%26settings%3DeyJpZCI6MTI2OSwidXJsIjoiaHR0cHM6XC9cL3dwLnBhdWxtb29yc2NodWxlLWZyZXJlbi5kZVwvd3AtY29udGVudFwvdXBsb2Fkc1wvMjAyNVwvMDlcL1NjaHVsaG9mMS5qcGciLCJzbGlkZXNob3ciOiI2Yzc5N2UzIn0%3D\" href=\"https:\/\/wp.paulmoorschule-freren.de\/wp-content\/uploads\/2025\/09\/Schulhof1.jpg\"><figure class=\"swiper-slide-inner\"><img decoding=\"async\" class=\"swiper-slide-image\" src=\"https:\/\/wp.paulmoorschule-freren.de\/wp-content\/uploads\/2025\/09\/Schulhof1-150x150.jpg\" alt=\"Schulhof1\" \/><\/figure><\/a><\/div><div class=\"swiper-slide\" role=\"group\" aria-roledescription=\"slide\" aria-label=\"2 von 9\"><a data-elementor-open-lightbox=\"yes\" data-elementor-lightbox-slideshow=\"6c797e3\" data-elementor-lightbox-title=\"Schulhof2\" data-e-action-hash=\"#elementor-action%3Aaction%3Dlightbox%26settings%3DeyJpZCI6MTI3MCwidXJsIjoiaHR0cHM6XC9cL3dwLnBhdWxtb29yc2NodWxlLWZyZXJlbi5kZVwvd3AtY29udGVudFwvdXBsb2Fkc1wvMjAyNVwvMDlcL1NjaHVsaG9mMi5qcGciLCJzbGlkZXNob3ciOiI2Yzc5N2UzIn0%3D\" href=\"https:\/\/wp.paulmoorschule-freren.de\/wp-content\/uploads\/2025\/09\/Schulhof2.jpg\"><figure class=\"swiper-slide-inner\"><img decoding=\"async\" class=\"swiper-slide-image\" src=\"https:\/\/wp.paulmoorschule-freren.de\/wp-content\/uploads\/2025\/09\/Schulhof2-150x150.jpg\" alt=\"Schulhof2\" \/><\/figure><\/a><\/div><div class=\"swiper-slide\" role=\"group\" aria-roledescription=\"slide\" aria-label=\"3 von 9\"><a data-elementor-open-lightbox=\"yes\" data-elementor-lightbox-slideshow=\"6c797e3\" data-elementor-lightbox-title=\"Schaukel\" data-e-action-hash=\"#elementor-action%3Aaction%3Dlightbox%26settings%3DeyJpZCI6MTI2OCwidXJsIjoiaHR0cHM6XC9cL3dwLnBhdWxtb29yc2NodWxlLWZyZXJlbi5kZVwvd3AtY29udGVudFwvdXBsb2Fkc1wvMjAyNVwvMDlcL1NjaGF1a2VsLmpwZyIsInNsaWRlc2hvdyI6IjZjNzk3ZTMifQ%3D%3D\" href=\"https:\/\/wp.paulmoorschule-freren.de\/wp-content\/uploads\/2025\/09\/Schaukel.jpg\"><figure class=\"swiper-slide-inner\"><img decoding=\"async\" class=\"swiper-slide-image\" src=\"https:\/\/wp.paulmoorschule-freren.de\/wp-content\/uploads\/2025\/09\/Schaukel-150x150.jpg\" alt=\"Schaukel\" \/><\/figure><\/a><\/div><div class=\"swiper-slide\" role=\"group\" aria-roledescription=\"slide\" aria-label=\"4 von 9\"><a data-elementor-open-lightbox=\"yes\" data-elementor-lightbox-slideshow=\"6c797e3\" data-elementor-lightbox-title=\"Kletterger\u00fcst\" data-e-action-hash=\"#elementor-action%3Aaction%3Dlightbox%26settings%3DeyJpZCI6MTI2MywidXJsIjoiaHR0cHM6XC9cL3dwLnBhdWxtb29yc2NodWxlLWZyZXJlbi5kZVwvd3AtY29udGVudFwvdXBsb2Fkc1wvMjAyNVwvMDlcL0tsZXR0ZXJnZXJ1ZXN0LmpwZyIsInNsaWRlc2hvdyI6IjZjNzk3ZTMifQ%3D%3D\" href=\"https:\/\/wp.paulmoorschule-freren.de\/wp-content\/uploads\/2025\/09\/Klettergeruest.jpg\"><figure class=\"swiper-slide-inner\"><img decoding=\"async\" class=\"swiper-slide-image\" src=\"https:\/\/wp.paulmoorschule-freren.de\/wp-content\/uploads\/2025\/09\/Klettergeruest-150x150.jpg\" alt=\"Kletterger\u00fcst\" \/><\/figure><\/a><\/div><div class=\"swiper-slide\" role=\"group\" aria-roledescription=\"slide\" aria-label=\"5 von 9\"><a data-elementor-open-lightbox=\"yes\" data-elementor-lightbox-slideshow=\"6c797e3\" data-elementor-lightbox-title=\"Sitzecke\" data-e-action-hash=\"#elementor-action%3Aaction%3Dlightbox%26settings%3DeyJpZCI6MTI3MSwidXJsIjoiaHR0cHM6XC9cL3dwLnBhdWxtb29yc2NodWxlLWZyZXJlbi5kZVwvd3AtY29udGVudFwvdXBsb2Fkc1wvMjAyNVwvMDlcL1NpdHplY2tlLmpwZyIsInNsaWRlc2hvdyI6IjZjNzk3ZTMifQ%3D%3D\" href=\"https:\/\/wp.paulmoorschule-freren.de\/wp-content\/uploads\/2025\/09\/Sitzecke.jpg\"><figure class=\"swiper-slide-inner\"><img decoding=\"async\" class=\"swiper-slide-image\" src=\"https:\/\/wp.paulmoorschule-freren.de\/wp-content\/uploads\/2025\/09\/Sitzecke-150x150.jpg\" alt=\"Sitzecke\" \/><\/figure><\/a><\/div><div class=\"swiper-slide\" role=\"group\" aria-roledescription=\"slide\" aria-label=\"6 von 9\"><a data-elementor-open-lightbox=\"yes\" data-elementor-lightbox-slideshow=\"6c797e3\" data-elementor-lightbox-title=\"Sandkasten\" data-e-action-hash=\"#elementor-action%3Aaction%3Dlightbox%26settings%3DeyJpZCI6MTI2NCwidXJsIjoiaHR0cHM6XC9cL3dwLnBhdWxtb29yc2NodWxlLWZyZXJlbi5kZVwvd3AtY29udGVudFwvdXBsb2Fkc1wvMjAyNVwvMDlcL1NhbmRrYXN0ZW4uanBnIiwic2xpZGVzaG93IjoiNmM3OTdlMyJ9\" href=\"https:\/\/wp.paulmoorschule-freren.de\/wp-content\/uploads\/2025\/09\/Sandkasten.jpg\"><figure class=\"swiper-slide-inner\"><img decoding=\"async\" class=\"swiper-slide-image\" src=\"https:\/\/wp.paulmoorschule-freren.de\/wp-content\/uploads\/2025\/09\/Sandkasten-150x150.jpg\" alt=\"Sandkasten\" \/><\/figure><\/a><\/div><div class=\"swiper-slide\" role=\"group\" aria-roledescription=\"slide\" aria-label=\"7 von 9\"><a data-elementor-open-lightbox=\"yes\" data-elementor-lightbox-slideshow=\"6c797e3\" data-elementor-lightbox-title=\"Schachfeld\" data-e-action-hash=\"#elementor-action%3Aaction%3Dlightbox%26settings%3DeyJpZCI6MTI2NSwidXJsIjoiaHR0cHM6XC9cL3dwLnBhdWxtb29yc2NodWxlLWZyZXJlbi5kZVwvd3AtY29udGVudFwvdXBsb2Fkc1wvMjAyNVwvMDlcL1NjaGFjaGZlbGQuanBnIiwic2xpZGVzaG93IjoiNmM3OTdlMyJ9\" href=\"https:\/\/wp.paulmoorschule-freren.de\/wp-content\/uploads\/2025\/09\/Schachfeld.jpg\"><figure class=\"swiper-slide-inner\"><img decoding=\"async\" class=\"swiper-slide-image\" src=\"https:\/\/wp.paulmoorschule-freren.de\/wp-content\/uploads\/2025\/09\/Schachfeld-150x150.jpg\" alt=\"Schachfeld\" \/><\/figure><\/a><\/div><div class=\"swiper-slide\" role=\"group\" aria-roledescription=\"slide\" aria-label=\"8 von 9\"><a data-elementor-open-lightbox=\"yes\" data-elementor-lightbox-slideshow=\"6c797e3\" data-elementor-lightbox-title=\"Schachfiguren\" data-e-action-hash=\"#elementor-action%3Aaction%3Dlightbox%26settings%3DeyJpZCI6MTI2NywidXJsIjoiaHR0cHM6XC9cL3dwLnBhdWxtb29yc2NodWxlLWZyZXJlbi5kZVwvd3AtY29udGVudFwvdXBsb2Fkc1wvMjAyNVwvMDlcL1NjaGFjaGZpZ3VyZW4uanBnIiwic2xpZGVzaG93IjoiNmM3OTdlMyJ9\" href=\"https:\/\/wp.paulmoorschule-freren.de\/wp-content\/uploads\/2025\/09\/Schachfiguren.jpg\"><figure class=\"swiper-slide-inner\"><img decoding=\"async\" class=\"swiper-slide-image\" src=\"https:\/\/wp.paulmoorschule-freren.de\/wp-content\/uploads\/2025\/09\/Schachfiguren-150x150.jpg\" alt=\"Schachfiguren\" \/><\/figure><\/a><\/div><div class=\"swiper-slide\" role=\"group\" aria-roledescription=\"slide\" aria-label=\"9 von 9\"><a data-elementor-open-lightbox=\"yes\" data-elementor-lightbox-slideshow=\"6c797e3\" data-elementor-lightbox-title=\"Soccerfeld\" data-e-action-hash=\"#elementor-action%3Aaction%3Dlightbox%26settings%3DeyJpZCI6MTI3MiwidXJsIjoiaHR0cHM6XC9cL3dwLnBhdWxtb29yc2NodWxlLWZyZXJlbi5kZVwvd3AtY29udGVudFwvdXBsb2Fkc1wvMjAyNVwvMDlcL1NvY2NlcmZlbGQuanBnIiwic2xpZGVzaG93IjoiNmM3OTdlMyJ9\" href=\"https:\/\/wp.paulmoorschule-freren.de\/wp-content\/uploads\/2025\/09\/Soccerfeld.jpg\"><figure class=\"swiper-slide-inner\"><img decoding=\"async\" class=\"swiper-slide-image\" src=\"https:\/\/wp.paulmoorschule-freren.de\/wp-content\/uploads\/2025\/09\/Soccerfeld-150x150.jpg\" alt=\"Soccerfeld\" \/><\/figure><\/a><\/div>\t\t\t<\/div>\n\t\t\t\t\t\t\t\t\t\t\t\t<div class=\"elementor-swiper-button elementor-swiper-button-prev\" role=\"button\" tabindex=\"0\">\n\t\t\t\t\t\t<i aria-hidden=\"true\" class=\"eicon-chevron-left\"><\/i>\t\t\t\t\t<\/div>\n\t\t\t\t\t<div class=\"elementor-swiper-button elementor-swiper-button-next\" role=\"button\" tabindex=\"0\">\n\t\t\t\t\t\t<i aria-hidden=\"true\" class=\"eicon-chevron-right\"><\/i>\t\t\t\t\t<\/div>\n\t\t\t\t\n\t\t\t\t\t\t\t\t\t<div class=\"swiper-pagination\"><\/div>\n\t\t\t\t\t\t\t\t\t<\/div>\n\t\t\t\t\t\t<\/div>\n\t\t\t\t<\/div>\n\t\t\t\t\t<\/div>\n\t\t<\/div>\n\t\t\t\t\t<\/div>\n\t\t<\/section>\n\t\t\t\t<section class=\"elementor-section elementor-top-section elementor-element elementor-element-07f1ab2 elementor-section-boxed elementor-section-height-default elementor-section-height-default\" data-id=\"07f1ab2\" data-element_type=\"section\" data-e-type=\"section\">\n\t\t\t\t\t\t<div class=\"elementor-container elementor-column-gap-default\">\n\t\t\t\t\t<div class=\"elementor-column elementor-col-100 elementor-top-column elementor-element elementor-element-4025ae1\" data-id=\"4025ae1\" data-element_type=\"column\" data-e-type=\"column\">\n\t\t\t<div class=\"elementor-widget-wrap elementor-element-populated\">\n\t\t\t\t\t\t<div class=\"elementor-element elementor-element-336ed8c elementor-widget elementor-widget-image\" data-id=\"336ed8c\" data-element_type=\"widget\" data-e-type=\"widget\" data-widget_type=\"image.default\">\n\t\t\t\t<div class=\"elementor-widget-container\">\n\t\t\t\t\t\t\t\t\t\t\t\t\t\t\t<img loading=\"lazy\" decoding=\"async\" width=\"840\" height=\"30\" src=\"https:\/\/wp.paulmoorschule-freren.de\/wp-content\/uploads\/2026\/03\/Trenner.png\" class=\"attachment-large size-large wp-image-1399\" alt=\"\" srcset=\"https:\/\/wp.paulmoorschule-freren.de\/wp-content\/uploads\/2026\/03\/Trenner.png 873w, https:\/\/wp.paulmoorschule-freren.de\/wp-content\/uploads\/2026\/03\/Trenner-300x11.png 300w, https:\/\/wp.paulmoorschule-freren.de\/wp-content\/uploads\/2026\/03\/Trenner-768x27.png 768w\" sizes=\"(max-width: 709px) 85vw, (max-width: 909px) 67vw, (max-width: 1362px) 62vw, 840px\" \/>\t\t\t\t\t\t\t\t\t\t\t\t\t\t\t<\/div>\n\t\t\t\t<\/div>\n\t\t\t\t\t<\/div>\n\t\t<\/div>\n\t\t\t\t\t<\/div>\n\t\t<\/section>\n\t\t\t\t<section class=\"elementor-section elementor-top-section elementor-element elementor-element-c8bb3b1 elementor-section-boxed elementor-section-height-default elementor-section-height-default\" data-id=\"c8bb3b1\" data-element_type=\"section\" data-e-type=\"section\">\n\t\t\t\t\t\t<div class=\"elementor-container elementor-column-gap-default\">\n\t\t\t\t\t<div class=\"elementor-column elementor-col-100 elementor-top-column elementor-element elementor-element-9a0144e\" data-id=\"9a0144e\" data-element_type=\"column\" data-e-type=\"column\">\n\t\t\t<div class=\"elementor-widget-wrap elementor-element-populated\">\n\t\t\t\t\t\t<div class=\"elementor-element elementor-element-6895727 elementor-widget elementor-widget-text-editor\" data-id=\"6895727\" data-element_type=\"widget\" data-e-type=\"widget\" data-widget_type=\"text-editor.default\">\n\t\t\t\t<div class=\"elementor-widget-container\">\n\t\t\t\t\t\t\t\t\t<p>Zum Schuljahresanfang finden Sie hier den Brief der nieders\u00e4chsischen Kultusministerin Julia Willie Hamburg (bitte anklicken und vergr\u00f6\u00dfern).<\/p>\t\t\t\t\t\t\t\t<\/div>\n\t\t\t\t<\/div>\n\t\t\t\t\t<\/div>\n\t\t<\/div>\n\t\t\t\t\t<\/div>\n\t\t<\/section>\n\t\t\t\t<section class=\"elementor-section elementor-top-section elementor-element elementor-element-e72b7e1 elementor-section-boxed elementor-section-height-default elementor-section-height-default\" data-id=\"e72b7e1\" data-element_type=\"section\" data-e-type=\"section\">\n\t\t\t\t\t\t<div class=\"elementor-container elementor-column-gap-default\">\n\t\t\t\t\t<div class=\"elementor-column elementor-col-100 elementor-top-column elementor-element elementor-element-3614fff\" data-id=\"3614fff\" data-element_type=\"column\" data-e-type=\"column\">\n\t\t\t<div class=\"elementor-widget-wrap elementor-element-populated\">\n\t\t\t\t\t\t<div class=\"elementor-element elementor-element-552835f elementor-widget elementor-widget-image-gallery\" data-id=\"552835f\" data-element_type=\"widget\" data-e-type=\"widget\" data-widget_type=\"image-gallery.default\">\n\t\t\t\t<div class=\"elementor-widget-container\">\n\t\t\t\t\t\t\t<div class=\"elementor-image-gallery\">\n\t\t\t<div id='gallery-3' class='gallery galleryid-11 gallery-columns-4 gallery-size-thumbnail'><figure class='gallery-item'>\n\t\t\t<div class='gallery-icon portrait'>\n\t\t\t\t<a data-elementor-open-lightbox=\"yes\" data-elementor-lightbox-slideshow=\"552835f\" data-elementor-lightbox-title=\"Brief Erziehungsberechtige-001\" data-e-action-hash=\"#elementor-action%3Aaction%3Dlightbox%26settings%3DeyJpZCI6MTIyMiwidXJsIjoiaHR0cHM6XC9cL3dwLnBhdWxtb29yc2NodWxlLWZyZXJlbi5kZVwvd3AtY29udGVudFwvdXBsb2Fkc1wvMjAyNVwvMDlcL0JyaWVmLUVyemllaHVuZ3NiZXJlY2h0aWdlLTAwMS5qcGciLCJzbGlkZXNob3ciOiI1NTI4MzVmIn0%3D\" href='https:\/\/wp.paulmoorschule-freren.de\/wp-content\/uploads\/2025\/09\/Brief-Erziehungsberechtige-001.jpg'><img loading=\"lazy\" decoding=\"async\" width=\"150\" height=\"150\" src=\"https:\/\/wp.paulmoorschule-freren.de\/wp-content\/uploads\/2025\/09\/Brief-Erziehungsberechtige-001-150x150.jpg\" class=\"attachment-thumbnail size-thumbnail\" alt=\"\" \/><\/a>\n\t\t\t<\/div><\/figure><figure class='gallery-item'>\n\t\t\t<div class='gallery-icon portrait'>\n\t\t\t\t<a data-elementor-open-lightbox=\"yes\" data-elementor-lightbox-slideshow=\"552835f\" data-elementor-lightbox-title=\"Brief Erziehungsberechtige-002\" data-e-action-hash=\"#elementor-action%3Aaction%3Dlightbox%26settings%3DeyJpZCI6MTIyMywidXJsIjoiaHR0cHM6XC9cL3dwLnBhdWxtb29yc2NodWxlLWZyZXJlbi5kZVwvd3AtY29udGVudFwvdXBsb2Fkc1wvMjAyNVwvMDlcL0JyaWVmLUVyemllaHVuZ3NiZXJlY2h0aWdlLTAwMi5qcGciLCJzbGlkZXNob3ciOiI1NTI4MzVmIn0%3D\" href='https:\/\/wp.paulmoorschule-freren.de\/wp-content\/uploads\/2025\/09\/Brief-Erziehungsberechtige-002.jpg'><img loading=\"lazy\" decoding=\"async\" width=\"150\" height=\"150\" src=\"https:\/\/wp.paulmoorschule-freren.de\/wp-content\/uploads\/2025\/09\/Brief-Erziehungsberechtige-002-150x150.jpg\" class=\"attachment-thumbnail size-thumbnail\" alt=\"\" \/><\/a>\n\t\t\t<\/div><\/figure>\n\t\t<\/div>\n\t\t<\/div>\n\t\t\t\t\t\t<\/div>\n\t\t\t\t<\/div>\n\t\t\t\t\t<\/div>\n\t\t<\/div>\n\t\t\t\t\t<\/div>\n\t\t<\/section>\n\t\t\t\t<section class=\"elementor-section elementor-top-section elementor-element elementor-element-ab8ee94 elementor-section-boxed elementor-section-height-default elementor-section-height-default\" data-id=\"ab8ee94\" data-element_type=\"section\" data-e-type=\"section\">\n\t\t\t\t\t\t<div class=\"elementor-container elementor-column-gap-default\">\n\t\t\t\t\t<div class=\"elementor-column elementor-col-100 elementor-top-column elementor-element elementor-element-759c7de\" data-id=\"759c7de\" data-element_type=\"column\" data-e-type=\"column\">\n\t\t\t<div class=\"elementor-widget-wrap elementor-element-populated\">\n\t\t\t\t\t\t<div class=\"elementor-element elementor-element-7967617 elementor-widget elementor-widget-html\" data-id=\"7967617\" data-element_type=\"widget\" data-e-type=\"widget\" data-widget_type=\"html.default\">\n\t\t\t\t<div class=\"elementor-widget-container\">\n\t\t\t\t\t\n <a href=\"https:\/\/www.mk.niedersachsen.de\/download\/220878\/2025-09-02_Schuljahresauftaktschreiben_Erziehungsberechtigte.pdf.pdf\">Brief als PDF hier herunterladen<\/a>\n\t\t\t\t<\/div>\n\t\t\t\t<\/div>\n\t\t\t\t<div class=\"elementor-element elementor-element-18784b2 elementor-widget elementor-widget-spacer\" data-id=\"18784b2\" data-element_type=\"widget\" data-e-type=\"widget\" data-widget_type=\"spacer.default\">\n\t\t\t\t<div class=\"elementor-widget-container\">\n\t\t\t\t\t\t\t<div class=\"elementor-spacer\">\n\t\t\t<div class=\"elementor-spacer-inner\"><\/div>\n\t\t<\/div>\n\t\t\t\t\t\t<\/div>\n\t\t\t\t<\/div>\n\t\t\t\t\t<\/div>\n\t\t<\/div>\n\t\t\t\t\t<\/div>\n\t\t<\/section>\n\t\t\t\t<section class=\"elementor-section elementor-top-section elementor-element elementor-element-da76438 elementor-section-boxed elementor-section-height-default elementor-section-height-default\" data-id=\"da76438\" data-element_type=\"section\" data-e-type=\"section\">\n\t\t\t\t\t\t<div class=\"elementor-container elementor-column-gap-default\">\n\t\t\t\t\t<div class=\"elementor-column elementor-col-100 elementor-top-column elementor-element elementor-element-183d3e3\" data-id=\"183d3e3\" data-element_type=\"column\" data-e-type=\"column\">\n\t\t\t<div class=\"elementor-widget-wrap elementor-element-populated\">\n\t\t\t\t\t\t<div class=\"elementor-element elementor-element-0324d8a elementor-widget elementor-widget-heading\" data-id=\"0324d8a\" data-element_type=\"widget\" data-e-type=\"widget\" data-widget_type=\"heading.default\">\n\t\t\t\t<div class=\"elementor-widget-container\">\n\t\t\t\t\t<h2 class=\"elementor-heading-title elementor-size-default\">Eindr\u00fccke zu den Aktionen der letzten Schuljahre finden Sie unter dem Men\u00fcpunkt \"Schulleben\".\n<\/h2>\t\t\t\t<\/div>\n\t\t\t\t<\/div>\n\t\t\t\t\t<\/div>\n\t\t<\/div>\n\t\t\t\t\t<\/div>\n\t\t<\/section>\n\t\t\t\t<\/div>\n\t\t","protected":false},"excerpt":{"rendered":"<p>IServ-Anmeldung Herzlich Willkommen auf der Homepage der Paul-Moor-Schule! Schulanmeldungen k\u00f6nnen Sie zu den unten angegebenen Zeiten und nach telefonischer Absprache unter der Rufnummer 05902\/5770 vornehmen. \u00a0 montags von 8.30 Uhr &#8211; 12.30 Uhr und mittwochs von 8.30 Uhr &#8211; 14.00 Uhr M\u00e4rz 2026 Schwimmmarathon vor den Osterferien Beim diesj\u00e4hrigen Schwimmmarathon konnten unsere Sch\u00fclerinnen und Sch\u00fcler &hellip; <a href=\"https:\/\/wp.paulmoorschule-freren.de\/\" class=\"more-link\"><span class=\"screen-reader-text\">\u201eAktuelles\u201c <\/span>weiterlesen<\/a><\/p>\n","protected":false},"author":1,"featured_media":0,"parent":0,"menu_order":0,"comment_status":"closed","ping_status":"closed","template":"","meta":{"footnotes":""},"class_list":["post-11","page","type-page","status-publish","hentry"],"_links":{"self":[{"href":"https:\/\/wp.paulmoorschule-freren.de\/index.php?rest_route=\/wp\/v2\/pages\/11","targetHints":{"allow":["GET"]}}],"collection":[{"href":"https:\/\/wp.paulmoorschule-freren.de\/index.php?rest_route=\/wp\/v2\/pages"}],"about":[{"href":"https:\/\/wp.paulmoorschule-freren.de\/index.php?rest_route=\/wp\/v2\/types\/page"}],"author":[{"embeddable":true,"href":"https:\/\/wp.paulmoorschule-freren.de\/index.php?rest_route=\/wp\/v2\/users\/1"}],"replies":[{"embeddable":true,"href":"https:\/\/wp.paulmoorschule-freren.de\/index.php?rest_route=%2Fwp%2Fv2%2Fcomments&post=11"}],"version-history":[{"count":430,"href":"https:\/\/wp.paulmoorschule-freren.de\/index.php?rest_route=\/wp\/v2\/pages\/11\/revisions"}],"predecessor-version":[{"id":1417,"href":"https:\/\/wp.paulmoorschule-freren.de\/index.php?rest_route=\/wp\/v2\/pages\/11\/revisions\/1417"}],"wp:attachment":[{"href":"https:\/\/wp.paulmoorschule-freren.de\/index.php?rest_route=%2Fwp%2Fv2%2Fmedia&parent=11"}],"curies":[{"name":"wp","href":"https:\/\/api.w.org\/{rel}","templated":true}]}}